{"id":7,"date":"2016-03-23T17:57:27","date_gmt":"2016-03-23T17:57:27","guid":{"rendered":"https:\/\/fortaleza.wordcamp.org\/2016\/schedule\/"},"modified":"2016-08-05T08:24:35","modified_gmt":"2016-08-05T11:24:35","slug":"programacao","status":"publish","type":"page","link":"https:\/\/fortaleza.wordcamp.org\/2016\/programacao\/","title":{"rendered":"Programa\u00e7\u00e3o"},"content":{"rendered":"<p>Aqui esta a programa\u00e7\u00e3o completa do WordCamp Fortaleza 2016.<strong> Por gentileza percebam que hor\u00e1rios e sess\u00f5es podem ser modificadas a qualquer instante.<\/strong> Para programa\u00e7\u00e3o atualizada visite essa p\u00e1gina regularmente. Siga nossa <a href=\"https:\/\/www.facebook.com\/wpfortaleza\/\">p\u00e1gina no Facebook <\/a>e perfil do <a href=\"https:\/\/twitter.com\/WordcampFOR\">Twitter<\/a> para saber de eventuais altera\u00e7\u00f5es.<\/p>\n<p>Se voc\u00ea quiser <a href=\"https:\/\/fortaleza.wordcamp.org\/2016\/files\/2016\/08\/WordCamp-Fortaleza-2016-Programa-Oficial-15072016.pdf\">pode baixar e imprimir a programa\u00e7\u00e3o em PDF aqui<\/a>\u00a0(mas lembre-se de verificar nessa p\u00e1gina as atualiza\u00e7\u00f5es).<\/p>\n<h1>S\u00e1bado, 13 de Agosto<\/h1>\n<table class=\"wcpt-schedule\" border=\"0\"><thead><tr><th class=\"wcpt-col-time\">Hora<\/th><th class=\"wcpt-col-track\"> <span class=\"wcpt-track-name\">Drag\u00e3o do Mar<\/span> <span class=\"wcpt-track-description\"><\/span> <\/th><th class=\"wcpt-col-track\"> <span class=\"wcpt-track-name\">Jos\u00e9 de Alencar<\/span> <span class=\"wcpt-track-description\"><\/span> <\/th><th class=\"wcpt-col-track\"> <span class=\"wcpt-track-name\">Mercado Central<\/span> <span class=\"wcpt-track-description\"><\/span> <\/th><\/tr><\/thead><tbody><tr class=\"wcpt-time-800am global-session credenciamento-entrega-de-camisas-e-crachs\"><td class=\"wcpt-time\">8:00&nbsp;am<\/td><td colspan=\"3\" class=\"wcb-track-dragao-do-mar wcb-track-jose-de-alencar wcb-track-mercado-central wcpt-session-type-custom wcb-session-credenciamento-entrega-de-camisas-e-crachas\" data-track-title=\"Drag\u00e3o do Mar, Jos\u00e9 de Alencar, Mercado Central\" data-session-id=\"660\"><div class=\"wcb-session-cell-content\"><span class=\"wcpt-session-title\">Credenciamento, Entrega de Camisas e Crach\u00e1s<\/span><\/div><\/td><\/tr><tr class=\"wcpt-time-900am global-session abertura-1o-dia\"><td class=\"wcpt-time\">9:00&nbsp;am<\/td><td colspan=\"3\" class=\"wcb-track-dragao-do-mar wcb-track-jose-de-alencar wcb-track-mercado-central wcpt-session-type-custom wcb-session-abertura-1o-dia\" data-track-title=\"Drag\u00e3o do Mar, Jos\u00e9 de Alencar, Mercado Central\" data-session-id=\"662\"><div class=\"wcb-session-cell-content\"><span class=\"wcpt-session-title\">Abertura 1o Dia<\/span><\/div><\/td><\/tr><tr class=\"wcpt-time-915am\"><td class=\"wcpt-time\">9:15&nbsp;am<\/td><td colspan=\"1\" class=\"wcb-speaker-tiago-pires wcb-track-dragao-do-mar wcpt-session-type-session wcb-session-superando-barreiras-com-o-wordpress\" data-track-title=\"Drag\u00e3o do Mar\" data-session-id=\"541\"><div class=\"wcb-session-cell-content\"><a class=\"wcpt-session-title\" href=\"https:\/\/fortaleza.wordcamp.org\/2016\/session\/superando-barreiras-com-o-wordpress\/\">Superando Barreiras com o WordPress<\/a> <span class=\"wcpt-session-speakers\"><a href=\"https:\/\/fortaleza.wordcamp.org\/2016\/palestrantes\/#wcorg-speaker-tiago-pires\">Tiago Pires<\/a><\/span><\/div><div class=\"wcb-session-favourite-icon\"><a href=\"#\" role=\"button\" class=\"fav-session-button\" aria-pressed=\"false\"><span class=\"screen-reader-text\">Palestra favorita: Superando Barreiras com o WordPress<\/span><span class=\"dashicons dashicons-star-filled\"><\/span><\/a><\/div><\/td><td colspan=\"1\" class=\"wcb-speaker-rafael-funchal wcb-track-jose-de-alencar wcpt-session-type-session wcb-session-empregos-com-wordpress\" data-track-title=\"Jos\u00e9 de Alencar\" data-session-id=\"409\"><div class=\"wcb-session-cell-content\"><a class=\"wcpt-session-title\" href=\"https:\/\/fortaleza.wordcamp.org\/2016\/session\/empregos-com-wordpress\/\">Empregos com WordPress<\/a> <span class=\"wcpt-session-speakers\"><a href=\"https:\/\/fortaleza.wordcamp.org\/2016\/palestrantes\/#wcorg-speaker-rafael-funchal\">Rafael Funchal<\/a><\/span><\/div><div class=\"wcb-session-favourite-icon\"><a href=\"#\" role=\"button\" class=\"fav-session-button\" aria-pressed=\"false\"><span class=\"screen-reader-text\">Palestra favorita: Empregos com WordPress<\/span><span class=\"dashicons dashicons-star-filled\"><\/span><\/a><\/div><\/td><td colspan=\"1\" class=\"wcb-speaker-claudio-sanches wcb-track-mercado-central wcpt-session-type-session wcb-session-workshop-aprenda-a-criar-lojas-virtuais-com-o-woocommerce\" data-track-title=\"Mercado Central\" data-session-id=\"413\"><div class=\"wcb-session-cell-content\"><a class=\"wcpt-session-title\" href=\"https:\/\/fortaleza.wordcamp.org\/2016\/session\/workshop-aprenda-a-criar-lojas-virtuais-com-o-woocommerce\/\">WorkShop: Aprenda a criar lojas virtuais com o WooCommerce.<\/a> <span class=\"wcpt-session-speakers\"><a href=\"https:\/\/fortaleza.wordcamp.org\/2016\/palestrantes\/#wcorg-speaker-claudio-sanches\">Claudio Sanches<\/a><\/span><\/div><div class=\"wcb-session-favourite-icon\"><a href=\"#\" role=\"button\" class=\"fav-session-button\" aria-pressed=\"false\"><span class=\"screen-reader-text\">Palestra favorita: WorkShop: Aprenda a criar lojas virtuais com o WooCommerce.<\/span><span class=\"dashicons dashicons-star-filled\"><\/span><\/a><\/div><\/td><\/tr><tr class=\"wcpt-time-1000am\"><td class=\"wcpt-time\">10:00&nbsp;am<\/td><td colspan=\"1\" class=\"wcb-speaker-maria-fernandes wcb-speaker-arenusa-goulart wcb-speaker-natercia-melo wcb-track-dragao-do-mar wcpt-session-type-session wcb-session-120-blogs-desafios-e-estrategias-do-o-povo-com-wordpress\" data-track-title=\"Drag\u00e3o do Mar\" data-session-id=\"621\"><div class=\"wcb-session-cell-content\"><a class=\"wcpt-session-title\" href=\"https:\/\/fortaleza.wordcamp.org\/2016\/session\/120-blogs-desafios-e-estrategias-do-o-povo-com-wordpress\/\">120 Blogs: desafios e estrat\u00e9gias do O  POVO com WordPress<\/a> <span class=\"wcpt-session-speakers\"><a href=\"https:\/\/fortaleza.wordcamp.org\/2016\/palestrantes\/#wcorg-speaker-maria-fernandes\">Maria Fernandes<\/a>, <a href=\"https:\/\/fortaleza.wordcamp.org\/2016\/palestrantes\/#wcorg-speaker-arenusa-goulart\">Arenusa Goulart<\/a>, <a href=\"https:\/\/fortaleza.wordcamp.org\/2016\/palestrantes\/#wcorg-speaker-natercia-melo\">Natercia Melo<\/a><\/span><\/div><div class=\"wcb-session-favourite-icon\"><a href=\"#\" role=\"button\" class=\"fav-session-button\" aria-pressed=\"false\"><span class=\"screen-reader-text\">Palestra favorita: 120 Blogs: desafios e estrat\u00e9gias do O  POVO com WordPress<\/span><span class=\"dashicons dashicons-star-filled\"><\/span><\/a><\/div><\/td><td colspan=\"1\" class=\"wcb-speaker-leo-baiano wcb-track-jose-de-alencar wcpt-session-type-session wcb-session-utilizando-o-customizer-e-widgets-para-criar-home-pages-vivas\" data-track-title=\"Jos\u00e9 de Alencar\" data-session-id=\"518\"><div class=\"wcb-session-cell-content\"><a class=\"wcpt-session-title\" href=\"https:\/\/fortaleza.wordcamp.org\/2016\/session\/utilizando-o-customizer-e-widgets-para-criar-home-pages-vivas\/\">Utilizando o customizer e widgets para criar home pages vivas<\/a> <span class=\"wcpt-session-speakers\"><a href=\"https:\/\/fortaleza.wordcamp.org\/2016\/palestrantes\/#wcorg-speaker-leo-baiano\">Leo Baiano<\/a><\/span><\/div><div class=\"wcb-session-favourite-icon\"><a href=\"#\" role=\"button\" class=\"fav-session-button\" aria-pressed=\"false\"><span class=\"screen-reader-text\">Palestra favorita: Utilizando o customizer e widgets para criar home pages vivas<\/span><span class=\"dashicons dashicons-star-filled\"><\/span><\/a><\/div><\/td><td colspan=\"1\" class=\"wcb-speaker-claudio-sanches wcb-track-mercado-central wcpt-session-type-session wcb-session-workshop-aprenda-a-criar-lojas-virtuais-com-o-woocommerce-3\" data-track-title=\"Mercado Central\" data-session-id=\"685\"><div class=\"wcb-session-cell-content\"><a class=\"wcpt-session-title\" href=\"https:\/\/fortaleza.wordcamp.org\/2016\/session\/workshop-aprenda-a-criar-lojas-virtuais-com-o-woocommerce-3\/\">WorkShop: Aprenda a criar lojas virtuais com o WooCommerce.<\/a> <span class=\"wcpt-session-speakers\"><a href=\"https:\/\/fortaleza.wordcamp.org\/2016\/palestrantes\/#wcorg-speaker-claudio-sanches\">Claudio Sanches<\/a><\/span><\/div><div class=\"wcb-session-favourite-icon\"><a href=\"#\" role=\"button\" class=\"fav-session-button\" aria-pressed=\"false\"><span class=\"screen-reader-text\">Palestra favorita: WorkShop: Aprenda a criar lojas virtuais com o WooCommerce.<\/span><span class=\"dashicons dashicons-star-filled\"><\/span><\/a><\/div><\/td><\/tr><tr class=\"wcpt-time-1045am global-session coffee-break\"><td class=\"wcpt-time\">10:45&nbsp;am<\/td><td colspan=\"3\" class=\"wcb-track-dragao-do-mar wcb-track-jose-de-alencar wcb-track-mercado-central wcpt-session-type-custom wcb-session-coffee-break\" data-track-title=\"Drag\u00e3o do Mar, Jos\u00e9 de Alencar, Mercado Central\" data-session-id=\"643\"><div class=\"wcb-session-cell-content\"><span class=\"wcpt-session-title\">Coffee Break<\/span><\/div><\/td><\/tr><tr class=\"wcpt-time-1100am\"><td class=\"wcpt-time\">11:00&nbsp;am<\/td><td colspan=\"1\" class=\"wcb-speaker-guga-alves wcb-track-dragao-do-mar wcpt-session-type-session wcb-session-como-ser-um-super-heroi-no-universo-wordpress\" data-track-title=\"Drag\u00e3o do Mar\" data-session-id=\"416\"><div class=\"wcb-session-cell-content\"><a class=\"wcpt-session-title\" href=\"https:\/\/fortaleza.wordcamp.org\/2016\/session\/como-ser-um-super-heroi-no-universo-wordpress\/\">Como ser um super her\u00f3i no  universo WordPress<\/a> <span class=\"wcpt-session-speakers\"><a href=\"https:\/\/fortaleza.wordcamp.org\/2016\/palestrantes\/#wcorg-speaker-guga-alves\">Guga Alves<\/a><\/span><\/div><div class=\"wcb-session-favourite-icon\"><a href=\"#\" role=\"button\" class=\"fav-session-button\" aria-pressed=\"false\"><span class=\"screen-reader-text\">Palestra favorita: Como ser um super her\u00f3i no  universo WordPress<\/span><span class=\"dashicons dashicons-star-filled\"><\/span><\/a><\/div><\/td><td colspan=\"1\" class=\"wcb-speaker-breno-alves wcb-track-jose-de-alencar wcpt-session-type-session wcb-session-por-que-devo-aprender-javascript\" data-track-title=\"Jos\u00e9 de Alencar\" data-session-id=\"570\"><div class=\"wcb-session-cell-content\"><a class=\"wcpt-session-title\" href=\"https:\/\/fortaleza.wordcamp.org\/2016\/session\/por-que-devo-aprender-javascript\/\">Por que devo aprender JavaScript?<\/a> <span class=\"wcpt-session-speakers\"><a href=\"https:\/\/fortaleza.wordcamp.org\/2016\/palestrantes\/#wcorg-speaker-breno-alves\">Breno Alves<\/a><\/span><\/div><div class=\"wcb-session-favourite-icon\"><a href=\"#\" role=\"button\" class=\"fav-session-button\" aria-pressed=\"false\"><span class=\"screen-reader-text\">Palestra favorita: Por que devo aprender JavaScript?<\/span><span class=\"dashicons dashicons-star-filled\"><\/span><\/a><\/div><\/td><td colspan=\"1\" class=\"wcb-speaker-claudio-sanches wcb-track-mercado-central wcpt-session-type-session wcb-session-workshop-aprenda-a-criar-lojas-virtuais-com-o-woocommerce-2\" data-track-title=\"Mercado Central\" data-session-id=\"673\"><div class=\"wcb-session-cell-content\"><a class=\"wcpt-session-title\" href=\"https:\/\/fortaleza.wordcamp.org\/2016\/session\/workshop-aprenda-a-criar-lojas-virtuais-com-o-woocommerce-2\/\">WorkShop: Aprenda a criar lojas virtuais com o WooCommerce.<\/a> <span class=\"wcpt-session-speakers\"><a href=\"https:\/\/fortaleza.wordcamp.org\/2016\/palestrantes\/#wcorg-speaker-claudio-sanches\">Claudio Sanches<\/a><\/span><\/div><div class=\"wcb-session-favourite-icon\"><a href=\"#\" role=\"button\" class=\"fav-session-button\" aria-pressed=\"false\"><span class=\"screen-reader-text\">Palestra favorita: WorkShop: Aprenda a criar lojas virtuais com o WooCommerce.<\/span><span class=\"dashicons dashicons-star-filled\"><\/span><\/a><\/div><\/td><\/tr><tr class=\"wcpt-time-1145am\"><td class=\"wcpt-time\">11:45&nbsp;am<\/td><td colspan=\"1\" class=\"wcb-speaker-camilinha-rodrigues wcb-track-dragao-do-mar wcpt-session-type-session wcb-session-como-utilizar-o-wordpress-como-ferramenta-de-marketing-e-divulgacao\" data-track-title=\"Drag\u00e3o do Mar\" data-session-id=\"627\"><div class=\"wcb-session-cell-content\"><a class=\"wcpt-session-title\" href=\"https:\/\/fortaleza.wordcamp.org\/2016\/session\/como-utilizar-o-wordpress-como-ferramenta-de-marketing-e-divulgacao\/\">Como utilizar o WordPress como ferramenta de marketing e divulga\u00e7\u00e3o?<\/a> <span class=\"wcpt-session-speakers\"><a href=\"https:\/\/fortaleza.wordcamp.org\/2016\/palestrantes\/#wcorg-speaker-camilinha-rodrigues\">Camilinha Rodrigues<\/a><\/span><\/div><div class=\"wcb-session-favourite-icon\"><a href=\"#\" role=\"button\" class=\"fav-session-button\" aria-pressed=\"false\"><span class=\"screen-reader-text\">Palestra favorita: Como utilizar o WordPress como ferramenta de marketing e divulga\u00e7\u00e3o?<\/span><span class=\"dashicons dashicons-star-filled\"><\/span><\/a><\/div><\/td><td colspan=\"1\" class=\"wcb-speaker-breno-alves wcb-track-jose-de-alencar wcpt-session-type-session wcb-session-sweet-child-o-themes\" data-track-title=\"Jos\u00e9 de Alencar\" data-session-id=\"568\"><div class=\"wcb-session-cell-content\"><a class=\"wcpt-session-title\" href=\"https:\/\/fortaleza.wordcamp.org\/2016\/session\/sweet-child-o-themes\/\">Sweet Child O\u2019 Themes<\/a> <span class=\"wcpt-session-speakers\"><a href=\"https:\/\/fortaleza.wordcamp.org\/2016\/palestrantes\/#wcorg-speaker-breno-alves\">Breno Alves<\/a><\/span><\/div><div class=\"wcb-session-favourite-icon\"><a href=\"#\" role=\"button\" class=\"fav-session-button\" aria-pressed=\"false\"><span class=\"screen-reader-text\">Palestra favorita: Sweet Child O\u2019 Themes<\/span><span class=\"dashicons dashicons-star-filled\"><\/span><\/a><\/div><\/td><td colspan=\"1\" class=\"wcb-speaker-claudio-sanches wcb-track-mercado-central wcpt-session-type-session wcb-session-workshop-aprenda-a-criar-lojas-virtuais-com-o-woocommerce-4\" data-track-title=\"Mercado Central\" data-session-id=\"687\"><div class=\"wcb-session-cell-content\"><a class=\"wcpt-session-title\" href=\"https:\/\/fortaleza.wordcamp.org\/2016\/session\/workshop-aprenda-a-criar-lojas-virtuais-com-o-woocommerce-4\/\">WorkShop: Aprenda a criar lojas virtuais com o WooCommerce.<\/a> <span class=\"wcpt-session-speakers\"><a href=\"https:\/\/fortaleza.wordcamp.org\/2016\/palestrantes\/#wcorg-speaker-claudio-sanches\">Claudio Sanches<\/a><\/span><\/div><div class=\"wcb-session-favourite-icon\"><a href=\"#\" role=\"button\" class=\"fav-session-button\" aria-pressed=\"false\"><span class=\"screen-reader-text\">Palestra favorita: WorkShop: Aprenda a criar lojas virtuais com o WooCommerce.<\/span><span class=\"dashicons dashicons-star-filled\"><\/span><\/a><\/div><\/td><\/tr><tr class=\"wcpt-time-1230pm global-session foto-oficial-wordcamp-fortaleza\"><td class=\"wcpt-time\">12:30&nbsp;pm<\/td><td colspan=\"3\" class=\"wcb-track-dragao-do-mar wcb-track-jose-de-alencar wcb-track-mercado-central wcpt-session-type-custom wcb-session-foto-oficial-wordcamp-fortaleza\" data-track-title=\"Drag\u00e3o do Mar, Jos\u00e9 de Alencar, Mercado Central\" data-session-id=\"896\"><div class=\"wcb-session-cell-content\"><span class=\"wcpt-session-title\">Foto Oficial WordCamp Fortaleza<\/span><\/div><\/td><\/tr><tr class=\"wcpt-time-1240pm global-session almoo\"><td class=\"wcpt-time\">12:40&nbsp;pm<\/td><td colspan=\"3\" class=\"wcb-track-dragao-do-mar wcb-track-jose-de-alencar wcb-track-mercado-central wcpt-session-type-custom wcb-session-almoco\" data-track-title=\"Drag\u00e3o do Mar, Jos\u00e9 de Alencar, Mercado Central\" data-session-id=\"649\"><div class=\"wcb-session-cell-content\"><span class=\"wcpt-session-title\">Almo\u00e7o<\/span><\/div><\/td><\/tr><tr class=\"wcpt-time-200pm\"><td class=\"wcpt-time\">2:00&nbsp;pm<\/td><td colspan=\"1\" class=\"wcb-speaker-diego-moreira wcb-track-dragao-do-mar wcpt-session-type-session wcb-session-papo-de-blogueiro-como-ter-um-blog-de-sucesso-e-por-que-usar-wordpress-e-um-dos-passos-pra-isso\" data-track-title=\"Drag\u00e3o do Mar\" data-session-id=\"464\"><div class=\"wcb-session-cell-content\"><a class=\"wcpt-session-title\" href=\"https:\/\/fortaleza.wordcamp.org\/2016\/session\/papo-de-blogueiro-como-ter-um-blog-de-sucesso-e-por-que-usar-wordpress-e-um-dos-passos-pra-isso\/\">Papo de blogueiro: como ter um blog de sucesso, e por que usar WordPress \u00e9 um dos passos pra isso.<\/a> <span class=\"wcpt-session-speakers\"><a href=\"https:\/\/fortaleza.wordcamp.org\/2016\/palestrantes\/#wcorg-speaker-diego-moreira\">Diego Moreira<\/a><\/span><\/div><div class=\"wcb-session-favourite-icon\"><a href=\"#\" role=\"button\" class=\"fav-session-button\" aria-pressed=\"false\"><span class=\"screen-reader-text\">Palestra favorita: Papo de blogueiro: como ter um blog de sucesso, e por que usar WordPress \u00e9 um dos passos pra isso.<\/span><span class=\"dashicons dashicons-star-filled\"><\/span><\/a><\/div><\/td><td colspan=\"1\" class=\"wcb-speaker-thalita-monteiro wcb-speaker-paulo-henrique-holanda-do-amaral wcb-track-jose-de-alencar wcpt-session-type-session wcb-session-curtindo-os-freelas-adoidado\" data-track-title=\"Jos\u00e9 de Alencar\" data-session-id=\"538\"><div class=\"wcb-session-cell-content\"><a class=\"wcpt-session-title\" href=\"https:\/\/fortaleza.wordcamp.org\/2016\/session\/curtindo-os-freelas-adoidado\/\">Curtindo os freelas adoidado<\/a> <span class=\"wcpt-session-speakers\"><a href=\"https:\/\/fortaleza.wordcamp.org\/2016\/palestrantes\/#wcorg-speaker-thalita-monteiro\">Thalita Monteiro<\/a>, <a href=\"https:\/\/fortaleza.wordcamp.org\/2016\/palestrantes\/#wcorg-speaker-paulo-henrique-holanda-do-amaral\">Paulo Henrique Holanda do Amaral<\/a><\/span><\/div><div class=\"wcb-session-favourite-icon\"><a href=\"#\" role=\"button\" class=\"fav-session-button\" aria-pressed=\"false\"><span class=\"screen-reader-text\">Palestra favorita: Curtindo os freelas adoidado<\/span><span class=\"dashicons dashicons-star-filled\"><\/span><\/a><\/div><\/td><td colspan=\"1\" class=\"wcb-speaker-anyssa-ferreira wcb-track-mercado-central wcpt-session-type-session wcb-session-design-de-temas-para-woocommerce\" data-track-title=\"Mercado Central\" data-session-id=\"624\"><div class=\"wcb-session-cell-content\"><a class=\"wcpt-session-title\" href=\"https:\/\/fortaleza.wordcamp.org\/2016\/session\/design-de-temas-para-woocommerce\/\">Design de temas para WooCommerce<\/a> <span class=\"wcpt-session-speakers\"><a href=\"https:\/\/fortaleza.wordcamp.org\/2016\/palestrantes\/#wcorg-speaker-anyssa-ferreira\">Anyssa Ferreira<\/a><\/span><\/div><div class=\"wcb-session-favourite-icon\"><a href=\"#\" role=\"button\" class=\"fav-session-button\" aria-pressed=\"false\"><span class=\"screen-reader-text\">Palestra favorita: Design de temas para WooCommerce<\/span><span class=\"dashicons dashicons-star-filled\"><\/span><\/a><\/div><\/td><\/tr><tr class=\"wcpt-time-245pm\"><td class=\"wcpt-time\">2:45&nbsp;pm<\/td><td colspan=\"1\" class=\"wcb-speaker-erikakariris wcb-track-dragao-do-mar wcpt-session-type-session wcb-session-wordpress-na-vida-do-social-media\" data-track-title=\"Drag\u00e3o do Mar\" data-session-id=\"469\"><div class=\"wcb-session-cell-content\"><a class=\"wcpt-session-title\" href=\"https:\/\/fortaleza.wordcamp.org\/2016\/session\/wordpress-na-vida-do-social-media\/\">WordPress na vida do Social Media<\/a> <span class=\"wcpt-session-speakers\"><a href=\"https:\/\/fortaleza.wordcamp.org\/2016\/palestrantes\/#wcorg-speaker-erikakariris\">erikakariris<\/a><\/span><\/div><div class=\"wcb-session-favourite-icon\"><a href=\"#\" role=\"button\" class=\"fav-session-button\" aria-pressed=\"false\"><span class=\"screen-reader-text\">Palestra favorita: WordPress na vida do Social Media<\/span><span class=\"dashicons dashicons-star-filled\"><\/span><\/a><\/div><\/td><td colspan=\"1\" class=\"wcb-speaker-dorian-neto wcb-track-jose-de-alencar wcpt-session-type-session wcb-session-wordpress-e-php-7\" data-track-title=\"Jos\u00e9 de Alencar\" data-session-id=\"573\"><div class=\"wcb-session-cell-content\"><a class=\"wcpt-session-title\" href=\"https:\/\/fortaleza.wordcamp.org\/2016\/session\/wordpress-e-php-7\/\">WordPress e PHP 7<\/a> <span class=\"wcpt-session-speakers\"><a href=\"https:\/\/fortaleza.wordcamp.org\/2016\/palestrantes\/#wcorg-speaker-dorian-neto\">Dorian Neto<\/a><\/span><\/div><div class=\"wcb-session-favourite-icon\"><a href=\"#\" role=\"button\" class=\"fav-session-button\" aria-pressed=\"false\"><span class=\"screen-reader-text\">Palestra favorita: WordPress e PHP 7<\/span><span class=\"dashicons dashicons-star-filled\"><\/span><\/a><\/div><\/td><td colspan=\"1\" class=\"wcb-speaker-vini%c2%adcius-lourenco wcb-track-mercado-central wcpt-session-type-session wcb-session-tapioca-com-woocommerce\" data-track-title=\"Mercado Central\" data-session-id=\"521\"><div class=\"wcb-session-cell-content\"><a class=\"wcpt-session-title\" href=\"https:\/\/fortaleza.wordcamp.org\/2016\/session\/tapioca-com-woocommerce\/\">tAPIoca com WooCommerce!<\/a> <span class=\"wcpt-session-speakers\"><a href=\"https:\/\/fortaleza.wordcamp.org\/2016\/palestrantes\/#wcorg-speaker-vinicius-lourenco\">Vin\u00ed\u00adcius Louren\u00e7o<\/a><\/span><\/div><div class=\"wcb-session-favourite-icon\"><a href=\"#\" role=\"button\" class=\"fav-session-button\" aria-pressed=\"false\"><span class=\"screen-reader-text\">Palestra favorita: tAPIoca com WooCommerce!<\/span><span class=\"dashicons dashicons-star-filled\"><\/span><\/a><\/div><\/td><\/tr><tr class=\"wcpt-time-330pm global-session coffee-break\"><td class=\"wcpt-time\">3:30&nbsp;pm<\/td><td colspan=\"3\" class=\"wcb-track-dragao-do-mar wcb-track-jose-de-alencar wcb-track-mercado-central wcpt-session-type-custom wcb-session-coffee-break-2\" data-track-title=\"Drag\u00e3o do Mar, Jos\u00e9 de Alencar, Mercado Central\" data-session-id=\"653\"><div class=\"wcb-session-cell-content\"><span class=\"wcpt-session-title\">Coffee Break<\/span><\/div><\/td><\/tr><tr class=\"wcpt-time-345pm\"><td class=\"wcpt-time\">3:45&nbsp;pm<\/td><td colspan=\"1\" class=\"wcb-speaker-mario-valney wcb-track-dragao-do-mar wcpt-session-type-session wcb-session-criando-o-seu-produto-minimo-viavel-com-wordpress\" data-track-title=\"Drag\u00e3o do Mar\" data-session-id=\"396\"><div class=\"wcb-session-cell-content\"><a class=\"wcpt-session-title\" href=\"https:\/\/fortaleza.wordcamp.org\/2016\/session\/criando-o-seu-produto-minimo-viavel-com-wordpress\/\">Criando o seu &#8220;Produto Minimo Vi\u00e1vel&#8221; \/ Do front-end ao tema WordPress<\/a> <span class=\"wcpt-session-speakers\"><a href=\"https:\/\/fortaleza.wordcamp.org\/2016\/palestrantes\/#wcorg-speaker-mario-valney\">Mario Valney<\/a><\/span><\/div><div class=\"wcb-session-favourite-icon\"><a href=\"#\" role=\"button\" class=\"fav-session-button\" aria-pressed=\"false\"><span class=\"screen-reader-text\">Palestra favorita: Criando o seu &#8220;Produto Minimo Vi\u00e1vel&#8221; \/ Do front-end ao tema WordPress<\/span><span class=\"dashicons dashicons-star-filled\"><\/span><\/a><\/div><\/td><td colspan=\"1\" class=\"wcb-speaker-ted-k wcb-track-jose-de-alencar wcpt-session-type-session wcb-session-voce-realmente-sabe-desenvolver-seus-sites-em-wordpress\" data-track-title=\"Jos\u00e9 de Alencar\" data-session-id=\"527\"><div class=\"wcb-session-cell-content\"><a class=\"wcpt-session-title\" href=\"https:\/\/fortaleza.wordcamp.org\/2016\/session\/voce-realmente-sabe-desenvolver-seus-sites-em-wordpress\/\">Voc\u00ea realmente sabe desenvolver seus sites em WordPress?<\/a> <span class=\"wcpt-session-speakers\"><a href=\"https:\/\/fortaleza.wordcamp.org\/2016\/palestrantes\/#wcorg-speaker-ted-k\">Ted k&#8217;<\/a><\/span><\/div><div class=\"wcb-session-favourite-icon\"><a href=\"#\" role=\"button\" class=\"fav-session-button\" aria-pressed=\"false\"><span class=\"screen-reader-text\">Palestra favorita: Voc\u00ea realmente sabe desenvolver seus sites em WordPress?<\/span><span class=\"dashicons dashicons-star-filled\"><\/span><\/a><\/div><\/td><td colspan=\"1\" class=\"wcb-speaker-allyson-souza wcb-track-mercado-central wcpt-session-type-session wcb-session-desenvolvendo-plugins-para-woocommerce\" data-track-title=\"Mercado Central\" data-session-id=\"1010\"><div class=\"wcb-session-cell-content\"><a class=\"wcpt-session-title\" href=\"https:\/\/fortaleza.wordcamp.org\/2016\/session\/desenvolvendo-plugins-para-woocommerce\/\">Desenvolvendo Plugins para WooCommerce<\/a> <span class=\"wcpt-session-speakers\"><a href=\"https:\/\/fortaleza.wordcamp.org\/2016\/palestrantes\/#wcorg-speaker-allyson-souza\">Allyson Souza<\/a><\/span><\/div><div class=\"wcb-session-favourite-icon\"><a href=\"#\" role=\"button\" class=\"fav-session-button\" aria-pressed=\"false\"><span class=\"screen-reader-text\">Palestra favorita: Desenvolvendo Plugins para WooCommerce<\/span><span class=\"dashicons dashicons-star-filled\"><\/span><\/a><\/div><\/td><\/tr><tr class=\"wcpt-time-430pm\"><td class=\"wcpt-time\">4:30&nbsp;pm<\/td><td colspan=\"1\" class=\"wcb-speaker-emilio-moreno wcb-track-dragao-do-mar wcpt-session-type-session wcb-session-desafios-de-construir-um-conteudo-social-com-wordpress\" data-track-title=\"Drag\u00e3o do Mar\" data-session-id=\"546\"><div class=\"wcb-session-cell-content\"><a class=\"wcpt-session-title\" href=\"https:\/\/fortaleza.wordcamp.org\/2016\/session\/desafios-de-construir-um-conteudo-social-com-wordpress\/\">Desafios de construir um conte\u00fado social com WordPress<\/a> <span class=\"wcpt-session-speakers\"><a href=\"https:\/\/fortaleza.wordcamp.org\/2016\/palestrantes\/#wcorg-speaker-emilio-moreno\">Em\u00edlio Moreno<\/a><\/span><\/div><div class=\"wcb-session-favourite-icon\"><a href=\"#\" role=\"button\" class=\"fav-session-button\" aria-pressed=\"false\"><span class=\"screen-reader-text\">Palestra favorita: Desafios de construir um conte\u00fado social com WordPress<\/span><span class=\"dashicons dashicons-star-filled\"><\/span><\/a><\/div><\/td><td colspan=\"1\" class=\"wcb-speaker-danilo-nobre wcb-track-jose-de-alencar wcpt-session-type-session wcb-session-design-para-web-the-greatest-hits\" data-track-title=\"Jos\u00e9 de Alencar\" data-session-id=\"503\"><div class=\"wcb-session-cell-content\"><a class=\"wcpt-session-title\" href=\"https:\/\/fortaleza.wordcamp.org\/2016\/session\/design-para-web-the-greatest-hits\/\">Design para Web: The Greatest Hits<\/a> <span class=\"wcpt-session-speakers\"><a href=\"https:\/\/fortaleza.wordcamp.org\/2016\/palestrantes\/#wcorg-speaker-danilo-nobre\">Danilo Nobre<\/a><\/span><\/div><div class=\"wcb-session-favourite-icon\"><a href=\"#\" role=\"button\" class=\"fav-session-button\" aria-pressed=\"false\"><span class=\"screen-reader-text\">Palestra favorita: Design para Web: The Greatest Hits<\/span><span class=\"dashicons dashicons-star-filled\"><\/span><\/a><\/div><\/td><td colspan=\"1\" class=\"wcb-speaker-matheusgimenez wcb-track-mercado-central wcpt-session-type-session wcb-session-conheca-o-odin-framework\" data-track-title=\"Mercado Central\" data-session-id=\"473\"><div class=\"wcb-session-cell-content\"><a class=\"wcpt-session-title\" href=\"https:\/\/fortaleza.wordcamp.org\/2016\/session\/conheca-o-odin-framework\/\">Conhe\u00e7a o Odin Framework e o Kirki um Toolkit para a Customizer API<\/a> <span class=\"wcpt-session-speakers\"><a href=\"https:\/\/fortaleza.wordcamp.org\/2016\/palestrantes\/#wcorg-speaker-matheusgimenez\">MatheusGimenez<\/a><\/span><\/div><div class=\"wcb-session-favourite-icon\"><a href=\"#\" role=\"button\" class=\"fav-session-button\" aria-pressed=\"false\"><span class=\"screen-reader-text\">Palestra favorita: Conhe\u00e7a o Odin Framework e o Kirki um Toolkit para a Customizer API<\/span><span class=\"dashicons dashicons-star-filled\"><\/span><\/a><\/div><\/td><\/tr><tr class=\"wcpt-time-515pm global-session encerramento-1o-dia\"><td class=\"wcpt-time\">5:15&nbsp;pm<\/td><td colspan=\"3\" class=\"wcb-track-dragao-do-mar wcb-track-jose-de-alencar wcb-track-mercado-central wcpt-session-type-session wcb-session-encerramento-1o-dia\" data-track-title=\"Drag\u00e3o do Mar, Jos\u00e9 de Alencar, Mercado Central\" data-session-id=\"694\"><div class=\"wcb-session-cell-content\"><a class=\"wcpt-session-title\" href=\"https:\/\/fortaleza.wordcamp.org\/2016\/session\/encerramento-1o-dia\/\">Encerramento 1o Dia<\/a><\/div><div class=\"wcb-session-favourite-icon\"><a href=\"#\" role=\"button\" class=\"fav-session-button\" aria-pressed=\"false\"><span class=\"screen-reader-text\">Palestra favorita: Encerramento 1o Dia<\/span><span class=\"dashicons dashicons-star-filled\"><\/span><\/a><\/div><\/td><\/tr><tr class=\"wcpt-time-700pm global-session wordcana-after-party\"><td class=\"wcpt-time\">7:00&nbsp;pm<\/td><td colspan=\"3\" class=\"wcb-track-dragao-do-mar wcb-track-jose-de-alencar wcb-track-mercado-central wcpt-session-type-custom wcb-session-wordcana\" data-track-title=\"Drag\u00e3o do Mar, Jos\u00e9 de Alencar, Mercado Central\" data-session-id=\"706\"><div class=\"wcb-session-cell-content\"><span class=\"wcpt-session-title\">WORDCANA (AFTER PARTY)<\/span><\/div><\/td><\/tr><\/tbody><\/table>\n\t<div class=\"email-form fav-session-email-form-hide\">\n\t\t<!-- Tab links -->\n\t\t<div class=\"fav-session-share-tab\">\n\t\t\t\t\t\t\t<div class=\"fav-session-tablinks\" id=\"fav-session-btn-email\">\n\t\t\t\t\tE-mail\t\t\t\t<\/div>\n\t\t\t\n\t\t\t<div class=\"fav-session-tablinks\" id=\"fav-session-btn-link\">\n\t\t\t\tLink\t\t\t<\/div>\n\n\t\t\t<div class=\"fav-session-tablinks\" id=\"fav-session-btn-print\">\n\t\t\t\tImprimir\t\t\t<\/div>\n\t\t<\/div>\n\n\t\t<!-- Tab content -->\n\t\t\t\t\t<div id=\"fav-session-tab-email\" class=\"fav-session-share-tabcontent\">\n\t\t\t\t<div id=\"fav-session-email-form\">\n\t\t\t\t\tEnvie-me minhas sess\u00f5es favoritas:\n\t\t\t\t\t<form id=\"fav-sessions-form\">\n\t\t\t\t\t\t<input\n\t\t\t\t\t\t\ttype=\"text\"\n\t\t\t\t\t\t\tname=\"email_address\"\n\t\t\t\t\t\t\tid=\"fav-sessions-email-address\"\n\t\t\t\t\t\t\tplaceholder=\"me@protonmail.com\"\n\t\t\t\t\t\t\/>\n\t\t\t\t\t\t<input type=\"submit\" value=\"Enviar\" \/>\n\t\t\t\t\t<\/form>\n\t\t\t\t<\/div>\n\n\t\t\t\t<div class=\"fav-session-email-wait-spinner\"><\/div>\n\t\t\t\t<div class=\"fav-session-email-result\"><\/div>\n\t\t\t<\/div>\n\t\t\n\t\t<div id=\"fav-session-tab-link\" class=\"fav-session-share-tabcontent\">\n\t\t\tLink compartilh\u00e1vel:\t\t\t<br \/>\n\t\t\t<a id=\"fav-sessions-link\" href=\"\"><\/a>\n\t\t<\/div>\n\n\t\t<div id=\"fav-session-tab-print\" class=\"fav-session-share-tabcontent\">\n\t\t\t<button id=\"fav-session-print\">\n\t\t\t\tImprimir sess\u00f5es favoritas\t\t\t<\/button>\n\t\t<\/div>\n\t<\/div>\n\n\t<a class=\"show-email-form\" href=\"javascript:\">\n\t\t<span class=\"dashicons dashicons-star-filled\"><\/span>\n\t\t<span class=\"dashicons dashicons-email-alt\"><\/span>\n\t<\/a>\n\n\t\n<h1>Domingo, 14 de Agosto<\/h1>\n<table class=\"wcpt-schedule\" border=\"0\"><thead><tr><th class=\"wcpt-col-time\">Hora<\/th><th class=\"wcpt-col-track\"> <span class=\"wcpt-track-name\">Drag\u00e3o do Mar<\/span> <span class=\"wcpt-track-description\"><\/span> <\/th><th class=\"wcpt-col-track\"> <span class=\"wcpt-track-name\">Jos\u00e9 de Alencar<\/span> <span class=\"wcpt-track-description\"><\/span> <\/th><th class=\"wcpt-col-track\"> <span class=\"wcpt-track-name\">Mercado Central<\/span> <span class=\"wcpt-track-description\"><\/span> <\/th><\/tr><\/thead><tbody><tr class=\"wcpt-time-1000am global-session contributor-morning-retribua-para-o-wordpress-fazendo-tradues-documentao-videos-reportando-bugs-e-at-escrevendo-cdigo\"><td class=\"wcpt-time\">10:00&nbsp;am<\/td><td colspan=\"3\" class=\"wcb-speaker-allyson-souza wcb-speaker-mario-ernesto wcb-speaker-daniel-kossmann-ferraz wcb-speaker-rafael-funchal wcb-speaker-claudio-sanches wcb-speaker-matheus-martins wcb-speaker-vini%c2%adcius-lourenco wcb-speaker-breno-alves wcb-speaker-anyssa-ferreira wcb-speaker-emanuel-costa wcb-speaker-guga-alves wcb-track-dragao-do-mar wcb-track-jose-de-alencar wcb-track-mercado-central wcpt-session-type-session wcb-session-contributor-day-retribua-para-o-wordpress-fazendo-traducoes-documentacao-videos-reportando-bugs-e-ate-escrevendo-codigo\" data-track-title=\"Drag\u00e3o do Mar, Jos\u00e9 de Alencar, Mercado Central\" data-session-id=\"666\"><div class=\"wcb-session-cell-content\"><a class=\"wcpt-session-title\" href=\"https:\/\/fortaleza.wordcamp.org\/2016\/session\/contributor-day-retribua-para-o-wordpress-fazendo-traducoes-documentacao-videos-reportando-bugs-e-ate-escrevendo-codigo\/\">CONTRIBUTOR MORNING: Retribua para o WordPress fazendo tradu\u00e7\u00f5es, documenta\u00e7\u00e3o, videos, reportando bugs e at\u00e9 escrevendo c\u00f3digo.<\/a> <span class=\"wcpt-session-speakers\"><a href=\"https:\/\/fortaleza.wordcamp.org\/2016\/palestrantes\/#wcorg-speaker-allyson-souza\">Allyson Souza<\/a>, <a href=\"https:\/\/fortaleza.wordcamp.org\/2016\/palestrantes\/#wcorg-speaker-mario-ernesto\">Mario Ernesto<\/a>, <a href=\"https:\/\/fortaleza.wordcamp.org\/2016\/palestrantes\/#wcorg-speaker-daniel-kossmann-ferraz\">Daniel Kossmann Ferraz<\/a>, <a href=\"https:\/\/fortaleza.wordcamp.org\/2016\/palestrantes\/#wcorg-speaker-rafael-funchal\">Rafael Funchal<\/a>, <a href=\"https:\/\/fortaleza.wordcamp.org\/2016\/palestrantes\/#wcorg-speaker-claudio-sanches\">Claudio Sanches<\/a>, <a href=\"https:\/\/fortaleza.wordcamp.org\/2016\/palestrantes\/#wcorg-speaker-matheus-martins\">Matheus Martins<\/a>, <a href=\"https:\/\/fortaleza.wordcamp.org\/2016\/palestrantes\/#wcorg-speaker-vinicius-lourenco\">Vin\u00ed\u00adcius Louren\u00e7o<\/a>, <a href=\"https:\/\/fortaleza.wordcamp.org\/2016\/palestrantes\/#wcorg-speaker-breno-alves\">Breno Alves<\/a>, <a href=\"https:\/\/fortaleza.wordcamp.org\/2016\/palestrantes\/#wcorg-speaker-anyssa-ferreira\">Anyssa Ferreira<\/a>, <a href=\"https:\/\/fortaleza.wordcamp.org\/2016\/palestrantes\/#wcorg-speaker-emanuel-costa\">Emanuel Costa<\/a>, <a href=\"https:\/\/fortaleza.wordcamp.org\/2016\/palestrantes\/#wcorg-speaker-guga-alves\">Guga Alves<\/a><\/span><\/div><div class=\"wcb-session-favourite-icon\"><a href=\"#\" role=\"button\" class=\"fav-session-button\" aria-pressed=\"false\"><span class=\"screen-reader-text\">Palestra favorita: CONTRIBUTOR MORNING: Retribua para o WordPress fazendo tradu\u00e7\u00f5es, documenta\u00e7\u00e3o, videos, reportando bugs e at\u00e9 escrevendo c\u00f3digo.<\/span><span class=\"dashicons dashicons-star-filled\"><\/span><\/a><\/div><\/td><\/tr><tr class=\"wcpt-time-100pm global-session abertura-2o-dia\"><td class=\"wcpt-time\">1:00&nbsp;pm<\/td><td colspan=\"3\" class=\"wcb-track-dragao-do-mar wcb-track-jose-de-alencar wcb-track-mercado-central wcpt-session-type-custom wcb-session-abertura-2o-dia\" data-track-title=\"Drag\u00e3o do Mar, Jos\u00e9 de Alencar, Mercado Central\" data-session-id=\"664\"><div class=\"wcb-session-cell-content\"><span class=\"wcpt-session-title\">Abertura 2o Dia<\/span><\/div><\/td><\/tr><tr class=\"wcpt-time-115pm\"><td class=\"wcpt-time\">1:15&nbsp;pm<\/td><td colspan=\"1\" class=\"wcb-speaker-marcos-vinicius-melo wcb-speaker-marcellombelem wcb-track-dragao-do-mar wcpt-session-type-session wcb-session-casos-reais-de-performance-usando-wordpress\" data-track-title=\"Drag\u00e3o do Mar\" data-session-id=\"576\"><div class=\"wcb-session-cell-content\"><a class=\"wcpt-session-title\" href=\"https:\/\/fortaleza.wordcamp.org\/2016\/session\/casos-reais-de-performance-usando-wordpress\/\">Casos reais de performance usando WordPress<\/a> <span class=\"wcpt-session-speakers\"><a href=\"https:\/\/fortaleza.wordcamp.org\/2016\/palestrantes\/#wcorg-speaker-marcos-vinicius-melo\">Marcos Vinicius Melo<\/a>, <a href=\"https:\/\/fortaleza.wordcamp.org\/2016\/palestrantes\/#wcorg-speaker-marcellombelem\">marcellombelem<\/a><\/span><\/div><div class=\"wcb-session-favourite-icon\"><a href=\"#\" role=\"button\" class=\"fav-session-button\" aria-pressed=\"false\"><span class=\"screen-reader-text\">Palestra favorita: Casos reais de performance usando WordPress<\/span><span class=\"dashicons dashicons-star-filled\"><\/span><\/a><\/div><\/td><td colspan=\"1\" class=\"wcb-speaker-quirinoneto wcb-track-jose-de-alencar wcpt-session-type-session wcb-session-criando-paginas-com-page-builders\" data-track-title=\"Jos\u00e9 de Alencar\" data-session-id=\"535\"><div class=\"wcb-session-cell-content\"><a class=\"wcpt-session-title\" href=\"https:\/\/fortaleza.wordcamp.org\/2016\/session\/criando-paginas-com-page-builders\/\">Criando P\u00e1ginas com Page Builders<\/a> <span class=\"wcpt-session-speakers\"><a href=\"https:\/\/fortaleza.wordcamp.org\/2016\/palestrantes\/#wcorg-speaker-quirinoneto\">quirinoneto<\/a><\/span><\/div><div class=\"wcb-session-favourite-icon\"><a href=\"#\" role=\"button\" class=\"fav-session-button\" aria-pressed=\"false\"><span class=\"screen-reader-text\">Palestra favorita: Criando P\u00e1ginas com Page Builders<\/span><span class=\"dashicons dashicons-star-filled\"><\/span><\/a><\/div><\/td><td colspan=\"1\" class=\"wcb-speaker-matheus-martins wcb-track-mercado-central wcpt-session-type-session wcb-session-o-que-a-comunidade-pode-fazer-por-voce\" data-track-title=\"Mercado Central\" data-session-id=\"446\"><div class=\"wcb-session-cell-content\"><a class=\"wcpt-session-title\" href=\"https:\/\/fortaleza.wordcamp.org\/2016\/session\/o-que-a-comunidade-pode-fazer-por-voce\/\">O que a comunidade pode fazer por voc\u00ea<\/a> <span class=\"wcpt-session-speakers\"><a href=\"https:\/\/fortaleza.wordcamp.org\/2016\/palestrantes\/#wcorg-speaker-matheus-martins\">Matheus Martins<\/a><\/span><\/div><div class=\"wcb-session-favourite-icon\"><a href=\"#\" role=\"button\" class=\"fav-session-button\" aria-pressed=\"false\"><span class=\"screen-reader-text\">Palestra favorita: O que a comunidade pode fazer por voc\u00ea<\/span><span class=\"dashicons dashicons-star-filled\"><\/span><\/a><\/div><\/td><\/tr><tr class=\"wcpt-time-200pm\"><td class=\"wcpt-time\">2:00&nbsp;pm<\/td><td colspan=\"1\" class=\"wcb-speaker-diego-rojas wcb-track-dragao-do-mar wcpt-session-type-session wcb-session-como-pensar-design-para-temas-100-originais\" data-track-title=\"Drag\u00e3o do Mar\" data-session-id=\"549\"><div class=\"wcb-session-cell-content\"><a class=\"wcpt-session-title\" href=\"https:\/\/fortaleza.wordcamp.org\/2016\/session\/como-pensar-design-para-temas-100-originais\/\">Como pensar Design para Temas 100% originais<\/a> <span class=\"wcpt-session-speakers\"><a href=\"https:\/\/fortaleza.wordcamp.org\/2016\/palestrantes\/#wcorg-speaker-diego-rojas\">Diego Rojas<\/a><\/span><\/div><div class=\"wcb-session-favourite-icon\"><a href=\"#\" role=\"button\" class=\"fav-session-button\" aria-pressed=\"false\"><span class=\"screen-reader-text\">Palestra favorita: Como pensar Design para Temas 100% originais<\/span><span class=\"dashicons dashicons-star-filled\"><\/span><\/a><\/div><\/td><td colspan=\"1\" class=\"wcb-speaker-daniel-kossmann-ferraz wcb-track-jose-de-alencar wcpt-session-type-session wcb-session-gerenciando-sites-wordpress-forma-eficiente-deploy-manutencao\" data-track-title=\"Jos\u00e9 de Alencar\" data-session-id=\"898\"><div class=\"wcb-session-cell-content\"><a class=\"wcpt-session-title\" href=\"https:\/\/fortaleza.wordcamp.org\/2016\/session\/gerenciando-sites-wordpress-forma-eficiente-deploy-manutencao\/\">Gerenciando sites em WordPress de forma eficiente: do deploy \u00e0 manuten\u00e7\u00e3o<\/a> <span class=\"wcpt-session-speakers\"><a href=\"https:\/\/fortaleza.wordcamp.org\/2016\/palestrantes\/#wcorg-speaker-daniel-kossmann-ferraz\">Daniel Kossmann Ferraz<\/a><\/span><\/div><div class=\"wcb-session-favourite-icon\"><a href=\"#\" role=\"button\" class=\"fav-session-button\" aria-pressed=\"false\"><span class=\"screen-reader-text\">Palestra favorita: Gerenciando sites em WordPress de forma eficiente: do deploy \u00e0 manuten\u00e7\u00e3o<\/span><span class=\"dashicons dashicons-star-filled\"><\/span><\/a><\/div><\/td><td colspan=\"1\" class=\"wcb-speaker-renato-alves wcb-track-mercado-central wcpt-session-type-session wcb-session-criando-sua-rede-social-com-o-buddypress\" data-track-title=\"Mercado Central\" data-session-id=\"423\"><div class=\"wcb-session-cell-content\"><a class=\"wcpt-session-title\" href=\"https:\/\/fortaleza.wordcamp.org\/2016\/session\/criando-sua-rede-social-com-o-buddypress\/\">Criando sua Rede Social com o BuddyPress<\/a> <span class=\"wcpt-session-speakers\"><a href=\"https:\/\/fortaleza.wordcamp.org\/2016\/palestrantes\/#wcorg-speaker-renato-alves\">Renato Alves<\/a><\/span><\/div><div class=\"wcb-session-favourite-icon\"><a href=\"#\" role=\"button\" class=\"fav-session-button\" aria-pressed=\"false\"><span class=\"screen-reader-text\">Palestra favorita: Criando sua Rede Social com o BuddyPress<\/span><span class=\"dashicons dashicons-star-filled\"><\/span><\/a><\/div><\/td><\/tr><tr class=\"wcpt-time-245pm global-session coffee-break\"><td class=\"wcpt-time\">2:45&nbsp;pm<\/td><td colspan=\"3\" class=\"wcb-track-dragao-do-mar wcb-track-jose-de-alencar wcb-track-mercado-central wcpt-session-type-custom wcb-session-coffee-break-3\" data-track-title=\"Drag\u00e3o do Mar, Jos\u00e9 de Alencar, Mercado Central\" data-session-id=\"655\"><div class=\"wcb-session-cell-content\"><span class=\"wcpt-session-title\">Coffee Break<\/span><\/div><\/td><\/tr><tr class=\"wcpt-time-300pm\"><td class=\"wcpt-time\">3:00&nbsp;pm<\/td><td colspan=\"1\" class=\"wcb-speaker-danilo-nobre wcb-track-dragao-do-mar wcpt-session-type-session wcb-session-upando-a-gestao-de-conteudo-do-wp-com-o-advanced-custom-field\" data-track-title=\"Drag\u00e3o do Mar\" data-session-id=\"552\"><div class=\"wcb-session-cell-content\"><a class=\"wcpt-session-title\" href=\"https:\/\/fortaleza.wordcamp.org\/2016\/session\/upando-a-gestao-de-conteudo-do-wp-com-o-advanced-custom-field\/\">Upando a gest\u00e3o de conte\u00fado do WP com o Advanced Custom Field<\/a> <span class=\"wcpt-session-speakers\"><a href=\"https:\/\/fortaleza.wordcamp.org\/2016\/palestrantes\/#wcorg-speaker-danilo-nobre\">Danilo Nobre<\/a><\/span><\/div><div class=\"wcb-session-favourite-icon\"><a href=\"#\" role=\"button\" class=\"fav-session-button\" aria-pressed=\"false\"><span class=\"screen-reader-text\">Palestra favorita: Upando a gest\u00e3o de conte\u00fado do WP com o Advanced Custom Field<\/span><span class=\"dashicons dashicons-star-filled\"><\/span><\/a><\/div><\/td><td colspan=\"1\" class=\"wcb-speaker-matheus-loureiro wcb-track-jose-de-alencar wcpt-session-type-session wcb-session-wordpress-javascript-sucesso\" data-track-title=\"Jos\u00e9 de Alencar\" data-session-id=\"763\"><div class=\"wcb-session-cell-content\"><a class=\"wcpt-session-title\" href=\"https:\/\/fortaleza.wordcamp.org\/2016\/session\/wordpress-javascript-sucesso\/\">WordPress + JavaScript = Sucesso<\/a> <span class=\"wcpt-session-speakers\"><a href=\"https:\/\/fortaleza.wordcamp.org\/2016\/palestrantes\/#wcorg-speaker-matheus-loureiro\">Matheus Loureiro<\/a><\/span><\/div><div class=\"wcb-session-favourite-icon\"><a href=\"#\" role=\"button\" class=\"fav-session-button\" aria-pressed=\"false\"><span class=\"screen-reader-text\">Palestra favorita: WordPress + JavaScript = Sucesso<\/span><span class=\"dashicons dashicons-star-filled\"><\/span><\/a><\/div><\/td><td colspan=\"1\" class=\"wcb-speaker-emanuel-lima wcb-track-mercado-central wcpt-session-type-session wcb-session-digital-analytics-conhecendo-o-consumo-de-conteudo-e-o-publico-do-seu-site\" data-track-title=\"Mercado Central\" data-session-id=\"558\"><div class=\"wcb-session-cell-content\"><a class=\"wcpt-session-title\" href=\"https:\/\/fortaleza.wordcamp.org\/2016\/session\/digital-analytics-conhecendo-o-consumo-de-conteudo-e-o-publico-do-seu-site\/\">Digital Analytics: conhecendo o consumo de conte\u00fado e o p\u00fablico do seu site<\/a> <span class=\"wcpt-session-speakers\"><a href=\"https:\/\/fortaleza.wordcamp.org\/2016\/palestrantes\/#wcorg-speaker-emanuel-lima\">Emanuel Lima<\/a><\/span><\/div><div class=\"wcb-session-favourite-icon\"><a href=\"#\" role=\"button\" class=\"fav-session-button\" aria-pressed=\"false\"><span class=\"screen-reader-text\">Palestra favorita: Digital Analytics: conhecendo o consumo de conte\u00fado e o p\u00fablico do seu site<\/span><span class=\"dashicons dashicons-star-filled\"><\/span><\/a><\/div><\/td><\/tr><tr class=\"wcpt-time-345pm\"><td class=\"wcpt-time\">3:45&nbsp;pm<\/td><td colspan=\"1\" class=\"wcb-speaker-joaogsneto wcb-track-dragao-do-mar wcpt-session-type-session wcb-session-deteccao-e-prevencao-de-vulnerabilidades-no-wordpress\" data-track-title=\"Drag\u00e3o do Mar\" data-session-id=\"555\"><div class=\"wcb-session-cell-content\"><a class=\"wcpt-session-title\" href=\"https:\/\/fortaleza.wordcamp.org\/2016\/session\/deteccao-e-prevencao-de-vulnerabilidades-no-wordpress\/\">Detec\u00e7\u00e3o e preven\u00e7\u00e3o de vulnerabilidades no WordPress<\/a> <span class=\"wcpt-session-speakers\"><a href=\"https:\/\/fortaleza.wordcamp.org\/2016\/palestrantes\/#wcorg-speaker-joaogsneto\">joaogsneto<\/a><\/span><\/div><div class=\"wcb-session-favourite-icon\"><a href=\"#\" role=\"button\" class=\"fav-session-button\" aria-pressed=\"false\"><span class=\"screen-reader-text\">Palestra favorita: Detec\u00e7\u00e3o e preven\u00e7\u00e3o de vulnerabilidades no WordPress<\/span><span class=\"dashicons dashicons-star-filled\"><\/span><\/a><\/div><\/td><td colspan=\"1\" class=\"wcb-speaker-nicholas-andre-pinho-de-oliveira wcb-track-jose-de-alencar wcpt-session-type-session wcb-session-10up-engineering-best-practices\" data-track-title=\"Jos\u00e9 de Alencar\" data-session-id=\"530\"><div class=\"wcb-session-cell-content\"><a class=\"wcpt-session-title\" href=\"https:\/\/fortaleza.wordcamp.org\/2016\/session\/10up-engineering-best-practices\/\">10up Engineering Best Practices<\/a> <span class=\"wcpt-session-speakers\"><a href=\"https:\/\/fortaleza.wordcamp.org\/2016\/palestrantes\/#wcorg-speaker-nicholas-andre-pinho-de-oliveira\">N\u00edcholas Andr\u00e9 Pinho de Oliveira<\/a><\/span><\/div><div class=\"wcb-session-favourite-icon\"><a href=\"#\" role=\"button\" class=\"fav-session-button\" aria-pressed=\"false\"><span class=\"screen-reader-text\">Palestra favorita: 10up Engineering Best Practices<\/span><span class=\"dashicons dashicons-star-filled\"><\/span><\/a><\/div><\/td><td colspan=\"1\" class=\"wcb-speaker-alessandro-feitoza wcb-track-mercado-central wcpt-session-type-session wcb-session-programando-com-php-enquanto-come-rapadura\" data-track-title=\"Mercado Central\" data-session-id=\"561\"><div class=\"wcb-session-cell-content\"><a class=\"wcpt-session-title\" href=\"https:\/\/fortaleza.wordcamp.org\/2016\/session\/programando-com-php-enquanto-come-rapadura\/\">Programando com PHP enquanto come Rapadura<\/a> <span class=\"wcpt-session-speakers\"><a href=\"https:\/\/fortaleza.wordcamp.org\/2016\/palestrantes\/#wcorg-speaker-alessandro-feitoza\">Alessandro Feitoza<\/a><\/span><\/div><div class=\"wcb-session-favourite-icon\"><a href=\"#\" role=\"button\" class=\"fav-session-button\" aria-pressed=\"false\"><span class=\"screen-reader-text\">Palestra favorita: Programando com PHP enquanto come Rapadura<\/span><span class=\"dashicons dashicons-star-filled\"><\/span><\/a><\/div><\/td><\/tr><tr class=\"wcpt-time-430pm global-session encerramento-2o-dia\"><td class=\"wcpt-time\">4:30&nbsp;pm<\/td><td colspan=\"3\" class=\"wcb-track-dragao-do-mar wcb-track-jose-de-alencar wcb-track-mercado-central wcpt-session-type-session wcb-session-encerramento-2o-dia\" data-track-title=\"Drag\u00e3o do Mar, Jos\u00e9 de Alencar, Mercado Central\" data-session-id=\"696\"><div class=\"wcb-session-cell-content\"><a class=\"wcpt-session-title\" href=\"https:\/\/fortaleza.wordcamp.org\/2016\/session\/encerramento-2o-dia\/\">Encerramento 2o Dia<\/a><\/div><div class=\"wcb-session-favourite-icon\"><a href=\"#\" role=\"button\" class=\"fav-session-button\" aria-pressed=\"false\"><span class=\"screen-reader-text\">Palestra favorita: Encerramento 2o Dia<\/span><span class=\"dashicons dashicons-star-filled\"><\/span><\/a><\/div><\/td><\/tr><\/tbody><\/table>\n<p>&nbsp;<\/p>\n<p><a href=\"https:\/\/fortaleza.wordcamp.org\/2016\/ingressos\/\"><img loading=\"lazy\" decoding=\"async\" class=\"aligncenter size-full wp-image-781\" src=\"https:\/\/fortaleza.wordcamp.org\/2016\/files\/2016\/07\/banner-ingresso-1o-lote-big.png\" alt=\"banner-ingresso-1o-lote-big\" width=\"1080\" height=\"108\" srcset=\"https:\/\/fortaleza.wordcamp.org\/2016\/files\/2016\/07\/banner-ingresso-1o-lote-big.png 1080w, https:\/\/fortaleza.wordcamp.org\/2016\/files\/2016\/07\/banner-ingresso-1o-lote-big-300x30.png 300w, https:\/\/fortaleza.wordcamp.org\/2016\/files\/2016\/07\/banner-ingresso-1o-lote-big-768x77.png 768w, https:\/\/fortaleza.wordcamp.org\/2016\/files\/2016\/07\/banner-ingresso-1o-lote-big-1024x102.png 1024w, https:\/\/fortaleza.wordcamp.org\/2016\/files\/2016\/07\/banner-ingresso-1o-lote-big-500x50.png 500w, https:\/\/fortaleza.wordcamp.org\/2016\/files\/2016\/07\/banner-ingresso-1o-lote-big-1000x100.png 1000w\" sizes=\"auto, (max-width: 1080px) 100vw, 1080px\" \/><\/a><\/p>\n","protected":false},"excerpt":{"rendered":"<p>Aqui esta a programa\u00e7\u00e3o completa do WordCamp Fortaleza 2016. Por gentileza percebam que hor\u00e1rios e sess\u00f5es podem ser modificadas a qualquer instante. Para programa\u00e7\u00e3o atualizada visite essa p\u00e1gina regularmente. Siga nossa p\u00e1gina no Facebook e perfil do Twitter para saber &hellip; <a href=\"https:\/\/fortaleza.wordcamp.org\/2016\/programacao\/\">Continue lendo <span class=\"assistive-text\">Programa\u00e7\u00e3o<\/span>  <span class=\"meta-nav\">&rarr;<\/span><\/a><\/p>\n","protected":false},"author":10023711,"featured_media":0,"parent":0,"menu_order":0,"comment_status":"open","ping_status":"closed","template":"","meta":{"_crdt_document":"","jetpack_post_was_ever_published":false,"footnotes":""},"class_list":["post-7","page","type-page","status-publish","hentry"],"jetpack_sharing_enabled":true,"jetpack_shortlink":"https:\/\/wp.me\/P7nbJR-7","jetpack_likes_enabled":true,"_links":{"self":[{"href":"https:\/\/fortaleza.wordcamp.org\/2016\/wp-json\/wp\/v2\/pages\/7","targetHints":{"allow":["GET"]}}],"collection":[{"href":"https:\/\/fortaleza.wordcamp.org\/2016\/wp-json\/wp\/v2\/pages"}],"about":[{"href":"https:\/\/fortaleza.wordcamp.org\/2016\/wp-json\/wp\/v2\/types\/page"}],"author":[{"embeddable":true,"href":"https:\/\/fortaleza.wordcamp.org\/2016\/wp-json\/wp\/v2\/users\/10023711"}],"replies":[{"embeddable":true,"href":"https:\/\/fortaleza.wordcamp.org\/2016\/wp-json\/wp\/v2\/comments?post=7"}],"version-history":[{"count":15,"href":"https:\/\/fortaleza.wordcamp.org\/2016\/wp-json\/wp\/v2\/pages\/7\/revisions"}],"predecessor-version":[{"id":1192,"href":"https:\/\/fortaleza.wordcamp.org\/2016\/wp-json\/wp\/v2\/pages\/7\/revisions\/1192"}],"wp:attachment":[{"href":"https:\/\/fortaleza.wordcamp.org\/2016\/wp-json\/wp\/v2\/media?parent=7"}],"curies":[{"name":"wp","href":"https:\/\/api.w.org\/{rel}","templated":true}]}}