{"id":8,"date":"2016-03-23T17:57:27","date_gmt":"2016-03-23T17:57:27","guid":{"rendered":"https:\/\/fortaleza.wordcamp.org\/2016\/speakers\/"},"modified":"2016-07-14T13:15:21","modified_gmt":"2016-07-14T16:15:21","slug":"palestrantes","status":"publish","type":"page","link":"https:\/\/fortaleza.wordcamp.org\/2016\/palestrantes\/","title":{"rendered":"Palestrantes"},"content":{"rendered":"<p><em>Os palestrantes ser\u00e3o em breve anunciados nessa p\u00e1gina.\u00a0<\/em><\/p>\n\n\t<div class=\"wcorg-speakers\">\n\n\t\t\n\t\t\t<!-- Organizers note: The id attribute is deprecated and only remains for backwards compatibility, please use the corresponding class to target individual speakers -->\n\t\t\t<div id=\"wcorg-speaker-allyson-souza\" class=\"wcorg-speaker wcorg-speaker-allyson-souza wcorg-track-mercado-central wcorg-track-dragao-do-mar wcorg-track-jose-de-alencar\">\n\t\t\t\t<h2>\n\t\t\t\t\t\n\t\t\t\t\t\tAllyson Souza\n\t\t\t\t\t\t\t\t\t<\/h2>\n\n\t\t\t\t<div class=\"wcorg-speaker-description\">\n\t\t\t\t\t<img alt='' src='https:\/\/secure.gravatar.com\/avatar\/37b7772e680003dcc7627d4d44447a8a3613af5107358260e476e1c03dd2ef34?s=100&#038;d=mm&#038;r=g' srcset='https:\/\/secure.gravatar.com\/avatar\/37b7772e680003dcc7627d4d44447a8a3613af5107358260e476e1c03dd2ef34?s=200&#038;d=mm&#038;r=g 2x' class='avatar avatar-100 photo' height='100' width='100' \/>\t\t\t\t\t<p>Graduado em Jogos Digitais pela FATEC de S\u00e3o Caetano do Sul \u2013 SP, \u00e9 Designer e Programador, um dos fundadores do est\u00fadio Haste, onde desenvolve projetos diversos de web, games e aplicativos. Desenvolve com WordPress h\u00e1 cerca de 3 anos, \u00e9 organizador de meetups e do WordCamp da comunidade de S\u00e3o Paulo.<\/p>\n\t\t\t\t<\/div>\n\t\t\t<\/div>\n\n\t\t\n\t\t\t<!-- Organizers note: The id attribute is deprecated and only remains for backwards compatibility, please use the corresponding class to target individual speakers -->\n\t\t\t<div id=\"wcorg-speaker-mario-ernesto\" class=\"wcorg-speaker wcorg-speaker-mario-ernesto wcorg-track-dragao-do-mar wcorg-track-jose-de-alencar wcorg-track-mercado-central\">\n\t\t\t\t<h2>\n\t\t\t\t\t\n\t\t\t\t\t\tMario Ernesto\n\t\t\t\t\t\t\t\t\t<\/h2>\n\n\t\t\t\t<div class=\"wcorg-speaker-description\">\n\t\t\t\t\t<img alt='' src='https:\/\/secure.gravatar.com\/avatar\/7104ad9627afb06bb0d6d51c4d7c7756a0ef4da75f3a1793dba685da6dda6c40?s=100&#038;d=mm&#038;r=g' srcset='https:\/\/secure.gravatar.com\/avatar\/7104ad9627afb06bb0d6d51c4d7c7756a0ef4da75f3a1793dba685da6dda6c40?s=200&#038;d=mm&#038;r=g 2x' class='avatar avatar-100 photo' height='100' width='100' \/>\t\t\t\t\t<p>Programador Web com quase 10 anos de experi\u00eancia no desenvolvimento de Sites, Hotsites e Sistemas. Adoro l\u00f3gica e estrutura de codifica\u00e7\u00e3o, E escolhi o PHP como linguagem m\u00e3e, por ser simples, mas ao mesmo tempo robusto.<\/p>\n\t\t\t\t<\/div>\n\t\t\t<\/div>\n\n\t\t\n\t\t\t<!-- Organizers note: The id attribute is deprecated and only remains for backwards compatibility, please use the corresponding class to target individual speakers -->\n\t\t\t<div id=\"wcorg-speaker-daniel-kossmann-ferraz\" class=\"wcorg-speaker wcorg-speaker-daniel-kossmann-ferraz wcorg-track-jose-de-alencar wcorg-track-dragao-do-mar wcorg-track-mercado-central\">\n\t\t\t\t<h2>\n\t\t\t\t\t\n\t\t\t\t\t\tDaniel Kossmann Ferraz\n\t\t\t\t\t\t\t\t\t<\/h2>\n\n\t\t\t\t<div class=\"wcorg-speaker-description\">\n\t\t\t\t\t<img alt='' src='https:\/\/secure.gravatar.com\/avatar\/96e61ebe8bebe42643f8f25f224dd35f4cd3adb0e76ce9119384d574184029f5?s=100&#038;d=mm&#038;r=g' srcset='https:\/\/secure.gravatar.com\/avatar\/96e61ebe8bebe42643f8f25f224dd35f4cd3adb0e76ce9119384d574184029f5?s=200&#038;d=mm&#038;r=g 2x' class='avatar avatar-100 photo' height='100' width='100' \/>\t\t\t\t\t<p>Formado em Ci\u00eancia da Computa\u00e7\u00e3o pela UFPR, \u00e9 apaixonado por software livre e trabalha a mais de 5 anos desenvolvendo solu\u00e7\u00f5es com o WordPress. \u00c9 um dos organizadores da Comunidade de WordPress de Curitiba e tamb\u00e9m participou na organiza\u00e7\u00e3o do WordCamp Curitiba 2012.<\/p>\n\t\t\t\t<\/div>\n\t\t\t<\/div>\n\n\t\t\n\t\t\t<!-- Organizers note: The id attribute is deprecated and only remains for backwards compatibility, please use the corresponding class to target individual speakers -->\n\t\t\t<div id=\"wcorg-speaker-marcos-vinicius-melo\" class=\"wcorg-speaker wcorg-speaker-marcos-vinicius-melo wcorg-track-dragao-do-mar\">\n\t\t\t\t<h2>\n\t\t\t\t\t\n\t\t\t\t\t\tMarcos Vinicius Melo\n\t\t\t\t\t\t\t\t\t<\/h2>\n\n\t\t\t\t<div class=\"wcorg-speaker-description\">\n\t\t\t\t\t<img alt='' src='https:\/\/secure.gravatar.com\/avatar\/2cfe8ae100e88fd545cb6d7e3a396bc4bcc9544f0e66eeaa778b1387051dbebf?s=100&#038;d=mm&#038;r=g' srcset='https:\/\/secure.gravatar.com\/avatar\/2cfe8ae100e88fd545cb6d7e3a396bc4bcc9544f0e66eeaa778b1387051dbebf?s=200&#038;d=mm&#038;r=g 2x' class='avatar avatar-100 photo' height='100' width='100' \/>\t\t\t\t\t<p>Marcos Vinicius Melo atua em projetos digitais desde os 17 anos. Contribuiu em projetos para Brasil, EUA e Espanha e atualmente \u00e9 Full Stack Developer da ag\u00eancia Carbono Digital.<\/p>\n<p>Especialista em front-end, WordPress e Ecommerce, Marcos j\u00e1 palestrou para servidores do Governo do Estado do Cear\u00e1 e da Prefeitura Municipal de Caucaia. Tem certifica\u00e7\u00f5es W3C e Microsoft e forma\u00e7\u00e3o t\u00e9cnica em computa\u00e7\u00e3o gr\u00e1fica pela Faculdade M\u00e9lies de Tecnologia. Nos \u00faltimos anos tem realizado projetos para marcas como Coca-Cola, Blue Sky Studio e DeVry Brasil.<\/p>\n<p>Marcos faz parte da comunidade Woocommerce Brasil, onde tem colaborado com esta plataforma que j\u00e1 alimenta mais 24% das lojas de com\u00e9rcio eletr\u00f4nico no mundo. Quando n\u00e3o est\u00e1 tocando sua bateria, est\u00e1 se dedicando a sua mais nova paix\u00e3o: node.js e suas infinitas aplica\u00e7\u00f5es.<\/p>\n\t\t\t\t<\/div>\n\t\t\t<\/div>\n\n\t\t\n\t\t\t<!-- Organizers note: The id attribute is deprecated and only remains for backwards compatibility, please use the corresponding class to target individual speakers -->\n\t\t\t<div id=\"wcorg-speaker-matheus-loureiro\" class=\"wcorg-speaker wcorg-speaker-matheus-loureiro wcorg-track-jose-de-alencar\">\n\t\t\t\t<h2>\n\t\t\t\t\t\n\t\t\t\t\t\tMatheus Loureiro\n\t\t\t\t\t\t\t\t\t<\/h2>\n\n\t\t\t\t<div class=\"wcorg-speaker-description\">\n\t\t\t\t\t<img alt='' src='https:\/\/secure.gravatar.com\/avatar\/f0b2294ba798cb88ee39cb1e61b2107c9ec3ac2c4a4d772f9d04f8a85f5e876c?s=100&#038;d=mm&#038;r=g' srcset='https:\/\/secure.gravatar.com\/avatar\/f0b2294ba798cb88ee39cb1e61b2107c9ec3ac2c4a4d772f9d04f8a85f5e876c?s=200&#038;d=mm&#038;r=g 2x' class='avatar avatar-100 photo' height='100' width='100' \/>\t\t\t\t\t<p>Oi, eu sou o Matheus Loureiro. Desenvolvo em PHP, Ruby e JavaScript. Estudante de Ci\u00eancia da computa\u00e7\u00e3o e amante de tudo que envolve web. Fundador do MeuProximoTrabalho.com.br e FabricaDeIdeias.co. Est\u00e1 na \u00e1rea desde os 11 anos e desenvolve com WordPress h\u00e1 cerca de 4 anos.<\/p>\n\t\t\t\t<\/div>\n\t\t\t<\/div>\n\n\t\t\n\t\t\t<!-- Organizers note: The id attribute is deprecated and only remains for backwards compatibility, please use the corresponding class to target individual speakers -->\n\t\t\t<div id=\"wcorg-speaker-maria-fernandes\" class=\"wcorg-speaker wcorg-speaker-maria-fernandes wcorg-track-dragao-do-mar\">\n\t\t\t\t<h2>\n\t\t\t\t\t\n\t\t\t\t\t\tMaria Fernandes\n\t\t\t\t\t\t\t\t\t<\/h2>\n\n\t\t\t\t<div class=\"wcorg-speaker-description\">\n\t\t\t\t\t<img alt='' src='https:\/\/secure.gravatar.com\/avatar\/5529efe49afcdee3209fa6822f2abfcf24eb4895b90550edcf3bffc8916c7d58?s=100&#038;d=mm&#038;r=g' srcset='https:\/\/secure.gravatar.com\/avatar\/5529efe49afcdee3209fa6822f2abfcf24eb4895b90550edcf3bffc8916c7d58?s=200&#038;d=mm&#038;r=g 2x' class='avatar avatar-100 photo' height='100' width='100' \/>\t\t\t\t\t<p>Com forma\u00e7\u00e3o em Design pelo Centro de Design do Cear\u00e1 \u2013 CDC e em Administra\u00e7\u00e3o de Empresas pela Universidade Estadual do Cear\u00e1 &#8211; UECE. Entusiasta por descobrir e criar as melhores solu\u00e7\u00f5es para atender as necessidades dos usu\u00e1rio e assim proporcionar a melhor experi\u00eancia nos projetos. Com experi\u00eancia em design de interfaces e plataformas mobiles. Adotando os conceitos do design como fundamento em diversos trabalhos.<br \/>\nAtualmente Gerente de Projetos do O POVO Online.<br \/>\nEm constante aprendizado, crescimento profissional, facilidade e interesse em aprender novas tecnologias e tend\u00eancias<\/p>\n\t\t\t\t<\/div>\n\t\t\t<\/div>\n\n\t\t\n\t\t\t<!-- Organizers note: The id attribute is deprecated and only remains for backwards compatibility, please use the corresponding class to target individual speakers -->\n\t\t\t<div id=\"wcorg-speaker-arenusa-goulart\" class=\"wcorg-speaker wcorg-speaker-arenusa-goulart wcorg-track-dragao-do-mar\">\n\t\t\t\t<h2>\n\t\t\t\t\t\n\t\t\t\t\t\tArenusa Goulart\n\t\t\t\t\t\t\t\t\t<\/h2>\n\n\t\t\t\t<div class=\"wcorg-speaker-description\">\n\t\t\t\t\t<img alt='' src='https:\/\/secure.gravatar.com\/avatar\/876affe117863a2b564f91b7247f40d479a097b5842664c66a35fd83ac906aff?s=100&#038;d=mm&#038;r=g' srcset='https:\/\/secure.gravatar.com\/avatar\/876affe117863a2b564f91b7247f40d479a097b5842664c66a35fd83ac906aff?s=200&#038;d=mm&#038;r=g 2x' class='avatar avatar-100 photo' height='100' width='100' \/>\t\t\t\t\t<p>Publicit\u00e1ria com MBA em Gerenciamento de Projetos pela FGV e Certificate em Gest\u00e3o Empresarial pela Saint Paul. Iniciou h\u00e1 dez anos no Grupo de Comunica\u00e7\u00e3o O POVO, como executiva de atendimento, com a miss\u00e3o de estruturar e gerir a \u00e1rea comercial do digital.<br \/>\nAssumiu a ger\u00eancia e criou v\u00e1rios projetos para a \u00e1rea. No GCOP, apresentou e produziu o \u201cPrograma Conectado\u201d da TV O POVO. Atualmente \u00e9 professora de MBA de Marketing Digital da FFB e Diretora de Estrat\u00e9gia Digital do O POVO.<\/p>\n\t\t\t\t<\/div>\n\t\t\t<\/div>\n\n\t\t\n\t\t\t<!-- Organizers note: The id attribute is deprecated and only remains for backwards compatibility, please use the corresponding class to target individual speakers -->\n\t\t\t<div id=\"wcorg-speaker-leo-baiano\" class=\"wcorg-speaker wcorg-speaker-leo-baiano wcorg-track-jose-de-alencar\">\n\t\t\t\t<h2>\n\t\t\t\t\t\n\t\t\t\t\t\tLeo Baiano\n\t\t\t\t\t\t\t\t\t<\/h2>\n\n\t\t\t\t<div class=\"wcorg-speaker-description\">\n\t\t\t\t\t<img alt='' src='https:\/\/secure.gravatar.com\/avatar\/7b21aae922d322c886765765d74a4181eb71106e6cb2377cd38c13bded206392?s=100&#038;d=mm&#038;r=g' srcset='https:\/\/secure.gravatar.com\/avatar\/7b21aae922d322c886765765d74a4181eb71106e6cb2377cd38c13bded206392?s=200&#038;d=mm&#038;r=g 2x' class='avatar avatar-100 photo' height='100' width='100' \/>\t\t\t\t\t<p>Leo Baiano trabalha com desenvolvimento web h\u00e1 16 anos, come\u00e7ou a trabalhar com WordPress em 2007 e n\u00e3o parou nunca mais, foi amor a primeira vista! Atualmente \u00e9 programador senior na Editora 3 e contribui com a comunidade WP atrav\u00e9s do desenvolvimento de plugins gratuitos, administrando o f\u00f3rum oficial e ajudando pessoas em listas de discuss\u00e3o e grupos do facebook. Nas horas vagas gosta de brincar e conhecer pessoas, quer tc?<\/p>\n\t\t\t\t<\/div>\n\t\t\t<\/div>\n\n\t\t\n\t\t\t<!-- Organizers note: The id attribute is deprecated and only remains for backwards compatibility, please use the corresponding class to target individual speakers -->\n\t\t\t<div id=\"wcorg-speaker-danilo-nobre\" class=\"wcorg-speaker wcorg-speaker-danilo-nobre wcorg-track-dragao-do-mar wcorg-track-jose-de-alencar\">\n\t\t\t\t<h2>\n\t\t\t\t\t\n\t\t\t\t\t\tDanilo Nobre\n\t\t\t\t\t\t\t\t\t<\/h2>\n\n\t\t\t\t<div class=\"wcorg-speaker-description\">\n\t\t\t\t\t<img alt='' src='https:\/\/secure.gravatar.com\/avatar\/17cc27439c6b752ee7b18f35df444e71ac33228779ea38a494e0f25149d1c225?s=100&#038;d=mm&#038;r=g' srcset='https:\/\/secure.gravatar.com\/avatar\/17cc27439c6b752ee7b18f35df444e71ac33228779ea38a494e0f25149d1c225?s=200&#038;d=mm&#038;r=g 2x' class='avatar avatar-100 photo' height='100' width='100' \/>\t\t\t\t\t<p>Diretor e Designer da Bleez Ag\u00eancia Digital. Formado em Design Gr\u00e1fico, trabalho como Desenvolvedor Front End e Designer de Intera\u00e7\u00e3o desde 2007. Em 2011 fundei a Bleez, ag\u00eancia digital focada em desenvolvimento web, tendo como forte o trabalho com e-commerce. Trabalhando localmente e remotamente para ag\u00eancias do pa\u00eds, tive o prazer de atuar em projetos nacionais e internacionais, entre eles o site do Minist\u00e9rio da Educa\u00e7\u00e3o, a intranet do Minist\u00e9rio da Cultura e a intranet do IBGE. Sou especialista em WordPress e Magento, sendo desde 2013 Magento Certified Front End Developer.<\/p>\n\t\t\t\t<\/div>\n\t\t\t<\/div>\n\n\t\t\n\t\t\t<!-- Organizers note: The id attribute is deprecated and only remains for backwards compatibility, please use the corresponding class to target individual speakers -->\n\t\t\t<div id=\"wcorg-speaker-matheusgimenez\" class=\"wcorg-speaker wcorg-speaker-matheusgimenez wcorg-track-mercado-central\">\n\t\t\t\t<h2>\n\t\t\t\t\t\n\t\t\t\t\t\tMatheusGimenez\n\t\t\t\t\t\t\t\t\t<\/h2>\n\n\t\t\t\t<div class=\"wcorg-speaker-description\">\n\t\t\t\t\t<img alt='' src='https:\/\/secure.gravatar.com\/avatar\/2bffc8ed932cf4037f8eea82e290e781b1a6baa7d76f635cc646e1f0044b1900?s=100&#038;d=mm&#038;r=g' srcset='https:\/\/secure.gravatar.com\/avatar\/2bffc8ed932cf4037f8eea82e290e781b1a6baa7d76f635cc646e1f0044b1900?s=200&#038;d=mm&#038;r=g 2x' class='avatar avatar-100 photo' height='100' width='100' \/>\t\t\t\t\t<p>Sou um desenvolvedor WP a 4 anos. Atualmente estou como s\u00f3cio da Brasa e lidero a equipe de desenvolvimento da mesma.<\/p>\n<p>Contribuo com o Odin e nas horas vagas modero o f\u00f3rum oficial do WP no Brasil.<\/p>\n\t\t\t\t<\/div>\n\t\t\t<\/div>\n\n\t\t\n\t\t\t<!-- Organizers note: The id attribute is deprecated and only remains for backwards compatibility, please use the corresponding class to target individual speakers -->\n\t\t\t<div id=\"wcorg-speaker-erikakariris\" class=\"wcorg-speaker wcorg-speaker-erikakariris wcorg-track-dragao-do-mar\">\n\t\t\t\t<h2>\n\t\t\t\t\t\n\t\t\t\t\t\terikakariris\n\t\t\t\t\t\t\t\t\t<\/h2>\n\n\t\t\t\t<div class=\"wcorg-speaker-description\">\n\t\t\t\t\t<img alt='' src='https:\/\/secure.gravatar.com\/avatar\/8b680259037226f4b2951b6ceb17d4afacd4e027cd3df8e1064e76ebd812b534?s=100&#038;d=mm&#038;r=g' srcset='https:\/\/secure.gravatar.com\/avatar\/8b680259037226f4b2951b6ceb17d4afacd4e027cd3df8e1064e76ebd812b534?s=200&#038;d=mm&#038;r=g 2x' class='avatar avatar-100 photo' height='100' width='100' \/>\t\t\t\t\t<p>Do mundo da comunica\u00e7\u00e3o, entrou pro mercado do Marketing com Digital em 2010 e desde ent\u00e3o tem como miss\u00e3o estabelecer a cultura do Marketing Digital na Regi\u00e3o do Cariri Cearense. Formada em Letras e Marketing, trabalha com WordPress desde 2014. Como foco em m\u00eddias sociais e forte atua\u00e7\u00e3o no universo art\u00edstico.<\/p>\n\t\t\t\t<\/div>\n\t\t\t<\/div>\n\n\t\t\n\t\t\t<!-- Organizers note: The id attribute is deprecated and only remains for backwards compatibility, please use the corresponding class to target individual speakers -->\n\t\t\t<div id=\"wcorg-speaker-diego-moreira\" class=\"wcorg-speaker wcorg-speaker-diego-moreira wcorg-track-dragao-do-mar\">\n\t\t\t\t<h2>\n\t\t\t\t\t\n\t\t\t\t\t\tDiego Moreira\n\t\t\t\t\t\t\t\t\t<\/h2>\n\n\t\t\t\t<div class=\"wcorg-speaker-description\">\n\t\t\t\t\t<img alt='' src='https:\/\/secure.gravatar.com\/avatar\/edb6a9da959da5ac3aba59a3ceccadcf7ca4195168ebf4070c0a136ed017e1e3?s=100&#038;d=mm&#038;r=g' srcset='https:\/\/secure.gravatar.com\/avatar\/edb6a9da959da5ac3aba59a3ceccadcf7ca4195168ebf4070c0a136ed017e1e3?s=200&#038;d=mm&#038;r=g 2x' class='avatar avatar-100 photo' height='100' width='100' \/>\t\t\t\t\t<p>Designer, blogueiro, fot\u00f3grafo e ativista, conhe\u00e7o o wordpress desde 2010, mas venho \u00e1 utilizar com frequencia apenas em meados de 2013, trabalho com reda\u00e7\u00e3o, e design.<br \/>\nIdealizador, e coordenador geral da TI Weekend, um dos maiores eventos de tecnologia do cariri, que em 2015 contou com 11 palestras em diversas \u00e1reas da tecnologia.<br \/>\nCriador da maior biblioteca virtual de ocultismo do Brasil, \u00e1 Coven Brasil, que conta com um acervo de mais de 1200 PDF&#8217;s e epubs, e que tem mais de 80 mil acessos, na qual est\u00e1 atualmente em manuten\u00e7\u00e3o.<br \/>\nRedator do Foob\u00e1, um dos maiores portais de cultura e entretenimento da regi\u00e3o do Cariri.<\/p>\n\t\t\t\t<\/div>\n\t\t\t<\/div>\n\n\t\t\n\t\t\t<!-- Organizers note: The id attribute is deprecated and only remains for backwards compatibility, please use the corresponding class to target individual speakers -->\n\t\t\t<div id=\"wcorg-speaker-matheus-martins\" class=\"wcorg-speaker wcorg-speaker-matheus-martins wcorg-track-mercado-central wcorg-track-dragao-do-mar wcorg-track-jose-de-alencar\">\n\t\t\t\t<h2>\n\t\t\t\t\t\n\t\t\t\t\t\tMatheus Martins\n\t\t\t\t\t\t\t\t\t<\/h2>\n\n\t\t\t\t<div class=\"wcorg-speaker-description\">\n\t\t\t\t\t<img alt='' src='https:\/\/secure.gravatar.com\/avatar\/b95be456be9b9b0b844624f18eb0ebd207955cb39b51f0e4eea3975df72bc57c?s=100&#038;d=mm&#038;r=g' srcset='https:\/\/secure.gravatar.com\/avatar\/b95be456be9b9b0b844624f18eb0ebd207955cb39b51f0e4eea3975df72bc57c?s=200&#038;d=mm&#038;r=g 2x' class='avatar avatar-100 photo' height='100' width='100' \/>\t\t\t\t\t<p>Curso Sistemas para Internet da Fatec S\u00e3o Roque e sou desenvolvedor WordPress h\u00e1 aproximadamente 1 ano e meio. Durante todo esse tempo sempre me esforcei para ajudar a comunidade, tentei participar de v\u00e1rios WordCamps, meetups e at\u00e9 iniciei um meetup na minha cidade (Sorocaba).<\/p>\n\t\t\t\t<\/div>\n\t\t\t<\/div>\n\n\t\t\n\t\t\t<!-- Organizers note: The id attribute is deprecated and only remains for backwards compatibility, please use the corresponding class to target individual speakers -->\n\t\t\t<div id=\"wcorg-speaker-renato-alves\" class=\"wcorg-speaker wcorg-speaker-renato-alves wcorg-track-mercado-central\">\n\t\t\t\t<h2>\n\t\t\t\t\t\n\t\t\t\t\t\tRenato Alves\n\t\t\t\t\t\t\t\t\t<\/h2>\n\n\t\t\t\t<div class=\"wcorg-speaker-description\">\n\t\t\t\t\t<img alt='' src='https:\/\/secure.gravatar.com\/avatar\/329e1a0d659f71234f33926895d63b7a2a55546219cd4f5a67af50ffde174ff1?s=100&#038;d=mm&#038;r=g' srcset='https:\/\/secure.gravatar.com\/avatar\/329e1a0d659f71234f33926895d63b7a2a55546219cd4f5a67af50ffde174ff1?s=200&#038;d=mm&#038;r=g 2x' class='avatar avatar-100 photo' height='100' width='100' \/>\t\t\t\t\t<p>Desenvolvedor de back-end Developer na Kommu Comunica\u00e7\u00e3o, Tax Network e NFe.io. Tamb\u00e9m sou diretor e fundador do Blog Ingl\u00eas na Rede, do podcast EnglishCast e tamb\u00e9m da Revista Ingl\u00eas Brasil.<\/p>\n<p>Atualmente eu moro no Recife, PE. Meus principais interesses s\u00e3o: WordPress, BuddyPress, bbPress, PHP, tecnologias front e back-end.<\/p>\n\t\t\t\t<\/div>\n\t\t\t<\/div>\n\n\t\t\n\t\t\t<!-- Organizers note: The id attribute is deprecated and only remains for backwards compatibility, please use the corresponding class to target individual speakers -->\n\t\t\t<div id=\"wcorg-speaker-claudio-sanches\" class=\"wcorg-speaker wcorg-speaker-claudio-sanches wcorg-track-mercado-central wcorg-track-dragao-do-mar wcorg-track-jose-de-alencar\">\n\t\t\t\t<h2>\n\t\t\t\t\t\n\t\t\t\t\t\tClaudio Sanches\n\t\t\t\t\t\t\t\t\t<\/h2>\n\n\t\t\t\t<div class=\"wcorg-speaker-description\">\n\t\t\t\t\t<img alt='' src='https:\/\/secure.gravatar.com\/avatar\/6ab7473fe788ee8fb9e2899fd2964a7abafa90f73505ed70dbd0f31c955e8d71?s=100&#038;d=mm&#038;r=g' srcset='https:\/\/secure.gravatar.com\/avatar\/6ab7473fe788ee8fb9e2899fd2964a7abafa90f73505ed70dbd0f31c955e8d71?s=200&#038;d=mm&#038;r=g 2x' class='avatar avatar-100 photo' height='100' width='100' \/>\t\t\t\t\t<p>Programador PHP, Python e Ruby, desenvolve com WordPress h\u00e1 8 anos, membro da comunidade WordPress Brasil, contribui com v\u00e1rios projetos Open Source como o Framework Odin e possui mais de 40 plugins no reposit\u00f3rio oficial do WordPress.org, al\u00e9m disso e trabalha na Automattic (empresa por tr\u00e1s do WordPress.com) desenvolvendo o WooCommerce, que \u00e9 hoje a plataforma de e-commerce mais utilizada no mundo inteiro.<\/p>\n\t\t\t\t<\/div>\n\t\t\t<\/div>\n\n\t\t\n\t\t\t<!-- Organizers note: The id attribute is deprecated and only remains for backwards compatibility, please use the corresponding class to target individual speakers -->\n\t\t\t<div id=\"wcorg-speaker-rafael-funchal\" class=\"wcorg-speaker wcorg-speaker-rafael-funchal wcorg-track-jose-de-alencar wcorg-track-dragao-do-mar wcorg-track-mercado-central\">\n\t\t\t\t<h2>\n\t\t\t\t\t\n\t\t\t\t\t\tRafael Funchal\n\t\t\t\t\t\t\t\t\t<\/h2>\n\n\t\t\t\t<div class=\"wcorg-speaker-description\">\n\t\t\t\t\t<img alt='' src='https:\/\/secure.gravatar.com\/avatar\/f11628da9cf1003b290583f04edc6e9a6c2ae879cedfe30d51375822cccc017c?s=100&#038;d=mm&#038;r=g' srcset='https:\/\/secure.gravatar.com\/avatar\/f11628da9cf1003b290583f04edc6e9a6c2ae879cedfe30d51375822cccc017c?s=200&#038;d=mm&#038;r=g 2x' class='avatar avatar-100 photo' height='100' width='100' \/>\t\t\t\t\t<p>Publicit\u00e1rio, Desenvolvedor Web e Happiness Engineer na Automattic.<\/p>\n<p>Trabalho com WordPress desde 2009 e participo da comunidade WordPress em S\u00e3o Paulo organizando meetups e WordCamps.<\/p>\n\t\t\t\t<\/div>\n\t\t\t<\/div>\n\n\t\t\n\t\t\t<!-- Organizers note: The id attribute is deprecated and only remains for backwards compatibility, please use the corresponding class to target individual speakers -->\n\t\t\t<div id=\"wcorg-speaker-mario-valney\" class=\"wcorg-speaker wcorg-speaker-mario-valney wcorg-track-dragao-do-mar\">\n\t\t\t\t<h2>\n\t\t\t\t\t\n\t\t\t\t\t\tMario Valney\n\t\t\t\t\t\t\t\t\t<\/h2>\n\n\t\t\t\t<div class=\"wcorg-speaker-description\">\n\t\t\t\t\t<img alt='' src='https:\/\/secure.gravatar.com\/avatar\/396d787166eedddcfd3f4e63d580319e01a960e778e080d197ec1d869bae39a7?s=100&#038;d=mm&#038;r=g' srcset='https:\/\/secure.gravatar.com\/avatar\/396d787166eedddcfd3f4e63d580319e01a960e778e080d197ec1d869bae39a7?s=200&#038;d=mm&#038;r=g 2x' class='avatar avatar-100 photo' height='100' width='100' \/>\t\t\t\t\t<p>Criador da Liwro e do Jangal.<br \/>\nDesenvolvedor WordPress, Front-end  e Android, ex Google Student Ambassador, apaixonado pelo Google, WordPress, caf\u00e9 e comida japonesa.<\/p>\n<p>No tempo livre tenta ajudar alguns grupos de WordPress, postar no pr\u00f3prio site e salvar princesas em castelos.<\/p>\n\t\t\t\t<\/div>\n\t\t\t<\/div>\n\n\t\t\n\t\t\t<!-- Organizers note: The id attribute is deprecated and only remains for backwards compatibility, please use the corresponding class to target individual speakers -->\n\t\t\t<div id=\"wcorg-speaker-natercia-melo\" class=\"wcorg-speaker wcorg-speaker-natercia-melo wcorg-track-dragao-do-mar\">\n\t\t\t\t<h2>\n\t\t\t\t\t\n\t\t\t\t\t\tNatercia Melo\n\t\t\t\t\t\t\t\t\t<\/h2>\n\n\t\t\t\t<div class=\"wcorg-speaker-description\">\n\t\t\t\t\t<img alt='' src='https:\/\/secure.gravatar.com\/avatar\/4d522612dfb12a74c801e7dc2c3c508b41c5b8a25fdb39663559b7ed8710034b?s=100&#038;d=mm&#038;r=g' srcset='https:\/\/secure.gravatar.com\/avatar\/4d522612dfb12a74c801e7dc2c3c508b41c5b8a25fdb39663559b7ed8710034b?s=200&#038;d=mm&#038;r=g 2x' class='avatar avatar-100 photo' height='100' width='100' \/>\t\t\t\t\t<p>Profissional de marketing digital, blogueira e atualmente respons\u00e1vel pela coordena\u00e7\u00e3o do N\u00facleo de M\u00eddias Sociais do Grupo de Comunica\u00e7\u00e3o O POVO em Fortaleza-CE<\/p>\n\t\t\t\t<\/div>\n\t\t\t<\/div>\n\n\t\t\n\t\t\t<!-- Organizers note: The id attribute is deprecated and only remains for backwards compatibility, please use the corresponding class to target individual speakers -->\n\t\t\t<div id=\"wcorg-speaker-marcellombelem\" class=\"wcorg-speaker wcorg-speaker-marcellombelem wcorg-track-dragao-do-mar\">\n\t\t\t\t<h2>\n\t\t\t\t\t\n\t\t\t\t\t\tmarcellombelem\n\t\t\t\t\t\t\t\t\t<\/h2>\n\n\t\t\t\t<div class=\"wcorg-speaker-description\">\n\t\t\t\t\t<img alt='' src='https:\/\/secure.gravatar.com\/avatar\/02159296ee5e7bd7f53df2b27049051a3be255226483c3e60ae1d0225a234821?s=100&#038;d=mm&#038;r=g' srcset='https:\/\/secure.gravatar.com\/avatar\/02159296ee5e7bd7f53df2b27049051a3be255226483c3e60ae1d0225a234821?s=200&#038;d=mm&#038;r=g 2x' class='avatar avatar-100 photo' height='100' width='100' \/>\t\t\t\t\t<p>Pai do Vin\u00edcius e marido da Carol. Publicit\u00e1rio, formado pela Est\u00e1cio-FIC em 2011 e Webdesigner\/Webmaster formado pela Universidade Gama Filho em 2002. Possuo experi\u00eancia na condu\u00e7\u00e3o de projetos web, no reposicionamento de marcas com foco em aumento de convers\u00f5es e gera\u00e7\u00e3o de novos neg\u00f3cios. Tenho habilidades como Designer, mas como s\u00f3cio de uma empresa de comunica\u00e7\u00e3o por mais de 15 anos, dediquei o meu tempo na forma\u00e7\u00e3o de parcerias, atendimento ao cliente, planejamento estrat\u00e9gico, estudo e aplica\u00e7\u00e3o de t\u00e9cnicas para maximizar o plano de comunica\u00e7\u00e3o das empresas nos meios digitais. Tenho grande facilidade de comunica\u00e7\u00e3o e forma\u00e7\u00e3o de grupos colaboradores. Trabalhei em projetos com as principais ag\u00eancias de propaganda do estado, com resultados de grande valia.<\/p>\n<p>Atualmente, sou s\u00f3cio na ag\u00eancia Carbono (www.carbono.digital) e ocupo o cargo de Presidente da ACADi &#8211; Associa\u00e7\u00e3o Cearense de Agentes Digitais. Dentro desta entidade busco em conjunto com meus colegas, diretores, coordenadores e parceiros, fomentar a cultura digital no estado do Cear\u00e1. Al\u00e9m disso, buscamos continuamente formas de padroniza\u00e7\u00e3o e regulamenta\u00e7\u00e3o das atividades profissionais que permeiam os servi\u00e7os digitais no estado do Cear\u00e1.<\/p>\n<p>Forma\u00e7\u00e3o complementar: PNL, Coaching, empreendedorismo e lideran\u00e7a.<\/p>\n\t\t\t\t<\/div>\n\t\t\t<\/div>\n\n\t\t\n\t\t\t<!-- Organizers note: The id attribute is deprecated and only remains for backwards compatibility, please use the corresponding class to target individual speakers -->\n\t\t\t<div id=\"wcorg-speaker-dorian-neto\" class=\"wcorg-speaker wcorg-speaker-dorian-neto wcorg-track-jose-de-alencar\">\n\t\t\t\t<h2>\n\t\t\t\t\t\n\t\t\t\t\t\tDorian Neto\n\t\t\t\t\t\t\t\t\t<\/h2>\n\n\t\t\t\t<div class=\"wcorg-speaker-description\">\n\t\t\t\t\t<img alt='' src='https:\/\/secure.gravatar.com\/avatar\/f7b16833e5e5ffdccdfde090972cf7be9efea553d40609a4937eb76b74543006?s=100&#038;d=mm&#038;r=g' srcset='https:\/\/secure.gravatar.com\/avatar\/f7b16833e5e5ffdccdfde090972cf7be9efea553d40609a4937eb76b74543006?s=200&#038;d=mm&#038;r=g 2x' class='avatar avatar-100 photo' height='100' width='100' \/>\t\t\t\t\t<p>Desenvolvedor web apaixonado por web standards, metodologias \u00e1geis e open source, tenho experi\u00eancia em desenvolvimento de software desde 2011.<\/p>\n<p>http:\/\/dorianneto.com.br<\/p>\n\t\t\t\t<\/div>\n\t\t\t<\/div>\n\n\t\t\n\t\t\t<!-- Organizers note: The id attribute is deprecated and only remains for backwards compatibility, please use the corresponding class to target individual speakers -->\n\t\t\t<div id=\"wcorg-speaker-breno-alves\" class=\"wcorg-speaker wcorg-speaker-breno-alves wcorg-track-jose-de-alencar wcorg-track-dragao-do-mar wcorg-track-mercado-central\">\n\t\t\t\t<h2>\n\t\t\t\t\t\n\t\t\t\t\t\tBreno Alves\n\t\t\t\t\t\t\t\t\t<\/h2>\n\n\t\t\t\t<div class=\"wcorg-speaker-description\">\n\t\t\t\t\t<img alt='' src='https:\/\/secure.gravatar.com\/avatar\/d5db0cf4c28a2301cfaa2c215242906fcae87bc265c27a452207f1703e383197?s=100&#038;d=mm&#038;r=g' srcset='https:\/\/secure.gravatar.com\/avatar\/d5db0cf4c28a2301cfaa2c215242906fcae87bc265c27a452207f1703e383197?s=200&#038;d=mm&#038;r=g 2x' class='avatar avatar-100 photo' height='100' width='100' \/>\t\t\t\t\t<p>Organizador da comunidade WP Rio, desenvolvedor WordPress e entusiasta de UX design.<\/p>\n<p>Contribui para algumas comunidades e projetos open-source. Atualmente, pode ser dar ao luxo de trabalhar somente com projetos em WordPress. Al\u00e9m dos c\u00f3digos, gosta de viajar e trocar experi\u00eancias.<\/p>\n\t\t\t\t<\/div>\n\t\t\t<\/div>\n\n\t\t\n\t\t\t<!-- Organizers note: The id attribute is deprecated and only remains for backwards compatibility, please use the corresponding class to target individual speakers -->\n\t\t\t<div id=\"wcorg-speaker-alessandro-feitoza\" class=\"wcorg-speaker wcorg-speaker-alessandro-feitoza wcorg-track-mercado-central\">\n\t\t\t\t<h2>\n\t\t\t\t\t\n\t\t\t\t\t\tAlessandro Feitoza\n\t\t\t\t\t\t\t\t\t<\/h2>\n\n\t\t\t\t<div class=\"wcorg-speaker-description\">\n\t\t\t\t\t<img alt='' src='https:\/\/secure.gravatar.com\/avatar\/254646443bbe2d53bfa6bf1843a58a0ccd8f7d8f6a0444fd3bd463821db419c2?s=100&#038;d=mm&#038;r=g' srcset='https:\/\/secure.gravatar.com\/avatar\/254646443bbe2d53bfa6bf1843a58a0ccd8f7d8f6a0444fd3bd463821db419c2?s=200&#038;d=mm&#038;r=g 2x' class='avatar avatar-100 photo' height='100' width='100' \/>\t\t\t\t\t<p>Ativista e Militante do Software Livre, Desenvolvedor Web na Secretaria da Educa\u00e7\u00e3o do Cear\u00e1, e Professor de PHP na Universidade do Trabalho Digital. Com apenas 20 anos, j\u00e1 palestrou e ministrou workshops na Campus Party Brasil\/Recife, PHPeste, FTSL, Expotec, Darkmira Tour PHP, FISL, entre outros. Alessandro \u00e9 o Criador da Comunidade PHP com Rapadura, e atua na organiza\u00e7\u00e3o do FLISoL Cear\u00e1, e outras comunidades.<\/p>\n\t\t\t\t<\/div>\n\t\t\t<\/div>\n\n\t\t\n\t\t\t<!-- Organizers note: The id attribute is deprecated and only remains for backwards compatibility, please use the corresponding class to target individual speakers -->\n\t\t\t<div id=\"wcorg-speaker-emanuel-lima\" class=\"wcorg-speaker wcorg-speaker-emanuel-lima wcorg-track-mercado-central\">\n\t\t\t\t<h2>\n\t\t\t\t\t\n\t\t\t\t\t\tEmanuel Lima\n\t\t\t\t\t\t\t\t\t<\/h2>\n\n\t\t\t\t<div class=\"wcorg-speaker-description\">\n\t\t\t\t\t<img alt='' src='https:\/\/secure.gravatar.com\/avatar\/22a5275dafc90b544b687db37a96cdf71686235960d41939fc519322eac12dde?s=100&#038;d=mm&#038;r=g' srcset='https:\/\/secure.gravatar.com\/avatar\/22a5275dafc90b544b687db37a96cdf71686235960d41939fc519322eac12dde?s=200&#038;d=mm&#038;r=g 2x' class='avatar avatar-100 photo' height='100' width='100' \/>\t\t\t\t\t<p>Trabalho com internet h\u00e1 16 anos sendo 11 com Desenvolvimento Web e atualmente SEO e Digital Analytics, tomando conta da otimiza\u00e7\u00e3o da performance de mais 50 sites e blogs e conseguindo resultados satisfat\u00f3rios para o neg\u00f3cio do cliente.<br \/>\nBusco sempre fornecer informa\u00e7\u00f5es acion\u00e1veis para o cliente e, o mais importante, educ\u00e1-lo a entender relat\u00f3rios e t\u00e9cnicas.<br \/>\nTenho Certifica\u00e7\u00e3o Google Analytics Individual Qualification, tenho certificado Google Tag Manager Fundamentals e consigo unir as melhores pr\u00e1ticas de desenvolvimento web com o conhecimento da otimiza\u00e7\u00e3o para buscadores, bem como um \u00f3timo senso de an\u00e1lise.  <\/p>\n\t\t\t\t<\/div>\n\t\t\t<\/div>\n\n\t\t\n\t\t\t<!-- Organizers note: The id attribute is deprecated and only remains for backwards compatibility, please use the corresponding class to target individual speakers -->\n\t\t\t<div id=\"wcorg-speaker-joaogsneto\" class=\"wcorg-speaker wcorg-speaker-joaogsneto wcorg-track-dragao-do-mar\">\n\t\t\t\t<h2>\n\t\t\t\t\t\n\t\t\t\t\t\tjoaogsneto\n\t\t\t\t\t\t\t\t\t<\/h2>\n\n\t\t\t\t<div class=\"wcorg-speaker-description\">\n\t\t\t\t\t<img alt='' src='https:\/\/secure.gravatar.com\/avatar\/9f123487d5c65a0442b75df91d69499a91f3608d71052bcf64c0cbea6862ba7f?s=100&#038;d=mm&#038;r=g' srcset='https:\/\/secure.gravatar.com\/avatar\/9f123487d5c65a0442b75df91d69499a91f3608d71052bcf64c0cbea6862ba7f?s=200&#038;d=mm&#038;r=g 2x' class='avatar avatar-100 photo' height='100' width='100' \/>\t\t\t\t\t<p>Developer com grandes conhecimento em desenvolvimento de sites para Web. Atuando em projetos locais e nacionais com WordPress, com uma vis\u00edvel prefer\u00eancia pelo backend da coisa, hackeando, criando plugins e tweaks para o WP.<br \/>\nAtualmente focado em resolver os problemas de seguran\u00e7a que o WordPress oferece.<\/p>\n\t\t\t\t<\/div>\n\t\t\t<\/div>\n\n\t\t\n\t\t\t<!-- Organizers note: The id attribute is deprecated and only remains for backwards compatibility, please use the corresponding class to target individual speakers -->\n\t\t\t<div id=\"wcorg-speaker-diego-rojas\" class=\"wcorg-speaker wcorg-speaker-diego-rojas wcorg-track-dragao-do-mar\">\n\t\t\t\t<h2>\n\t\t\t\t\t\n\t\t\t\t\t\tDiego Rojas\n\t\t\t\t\t\t\t\t\t<\/h2>\n\n\t\t\t\t<div class=\"wcorg-speaker-description\">\n\t\t\t\t\t<img alt='' src='https:\/\/secure.gravatar.com\/avatar\/3e76bcd7a79f7fcb6bd146575116cfbaf68a9c6a7ae55ee03fcc37598a961787?s=100&#038;d=mm&#038;r=g' srcset='https:\/\/secure.gravatar.com\/avatar\/3e76bcd7a79f7fcb6bd146575116cfbaf68a9c6a7ae55ee03fcc37598a961787?s=200&#038;d=mm&#038;r=g 2x' class='avatar avatar-100 photo' height='100' width='100' \/>\t\t\t\t\t<p>Designer Gr\u00e1fico e Desenvolvedor de Temas WordPress autodidata. Apaixonado pelo WP desde 2008, co-fundador da Brasa.art.br uma ag\u00eancia de Design e WordPress.<\/p>\n<p>Atualmente sou WebDesigner do Laborat\u00f3rio de Cultura Digital, vinculado \u00e0 UFPR e ao Minist\u00e9rio da Cultura. Somos integrantes e realizadores da #RedeLivre.org<\/p>\n\t\t\t\t<\/div>\n\t\t\t<\/div>\n\n\t\t\n\t\t\t<!-- Organizers note: The id attribute is deprecated and only remains for backwards compatibility, please use the corresponding class to target individual speakers -->\n\t\t\t<div id=\"wcorg-speaker-emilio-moreno\" class=\"wcorg-speaker wcorg-speaker-emilio-moreno wcorg-track-dragao-do-mar\">\n\t\t\t\t<h2>\n\t\t\t\t\t\n\t\t\t\t\t\tEm\u00edlio Moreno\n\t\t\t\t\t\t\t\t\t<\/h2>\n\n\t\t\t\t<div class=\"wcorg-speaker-description\">\n\t\t\t\t\t<img alt='' src='https:\/\/secure.gravatar.com\/avatar\/0a8443eca202f2d932c5305560c897962ebedc6e5b1b3fdc220843ce5cb2572f?s=100&#038;d=mm&#038;r=g' srcset='https:\/\/secure.gravatar.com\/avatar\/0a8443eca202f2d932c5305560c897962ebedc6e5b1b3fdc220843ce5cb2572f?s=200&#038;d=mm&#038;r=g 2x' class='avatar avatar-100 photo' height='100' width='100' \/>\t\t\t\t\t<p>Graduado em Comunica\u00e7\u00e3o Social com habilita\u00e7\u00e3o em Jornalismo (2011) pelo Centro Acad\u00eamico Est\u00e1cio de S\u00e1 e Master of Business Administration (MBA) em Gest\u00e3o estrat\u00e9gica de Marcas (2014) pela Universidade de Fortaleza (Unifor). Trabalho como jornalista e coordeno a \u00e1rea de M\u00eddias Sociais do Sistema Jangadeiro de Comunica\u00e7\u00e3o. <\/p>\n\t\t\t\t<\/div>\n\t\t\t<\/div>\n\n\t\t\n\t\t\t<!-- Organizers note: The id attribute is deprecated and only remains for backwards compatibility, please use the corresponding class to target individual speakers -->\n\t\t\t<div id=\"wcorg-speaker-tiago-pires\" class=\"wcorg-speaker wcorg-speaker-tiago-pires wcorg-track-dragao-do-mar\">\n\t\t\t\t<h2>\n\t\t\t\t\t\n\t\t\t\t\t\tTiago Pires\n\t\t\t\t\t\t\t\t\t<\/h2>\n\n\t\t\t\t<div class=\"wcorg-speaker-description\">\n\t\t\t\t\t<img alt='' src='https:\/\/secure.gravatar.com\/avatar\/ed496855e8b27107eb127342a862df2c1198cd83cbcc6c93736a487dd07e7e66?s=100&#038;d=mm&#038;r=g' srcset='https:\/\/secure.gravatar.com\/avatar\/ed496855e8b27107eb127342a862df2c1198cd83cbcc6c93736a487dd07e7e66?s=200&#038;d=mm&#038;r=g 2x' class='avatar avatar-100 photo' height='100' width='100' \/>\t\t\t\t\t<p>Gerente de Projetos na E-deas Web.<br \/>\nGraduando em An\u00e1lise e Desenvolvimento de Sistemas.<br \/>\nDesenvolvedor Web h\u00e1 6 anos trabalhando com WordPress.<br \/>\nAdministrador do grupo WordPress Cear\u00e1.<\/p>\n\t\t\t\t<\/div>\n\t\t\t<\/div>\n\n\t\t\n\t\t\t<!-- Organizers note: The id attribute is deprecated and only remains for backwards compatibility, please use the corresponding class to target individual speakers -->\n\t\t\t<div id=\"wcorg-speaker-thalita-monteiro\" class=\"wcorg-speaker wcorg-speaker-thalita-monteiro wcorg-track-jose-de-alencar\">\n\t\t\t\t<h2>\n\t\t\t\t\t\n\t\t\t\t\t\tThalita Monteiro\n\t\t\t\t\t\t\t\t\t<\/h2>\n\n\t\t\t\t<div class=\"wcorg-speaker-description\">\n\t\t\t\t\t<img alt='' src='https:\/\/secure.gravatar.com\/avatar\/b3923c36e31ff0c0899d7b14f4ce04056238f1b5993dd77e1505f71c26c5ebf5?s=100&#038;d=mm&#038;r=g' srcset='https:\/\/secure.gravatar.com\/avatar\/b3923c36e31ff0c0899d7b14f4ce04056238f1b5993dd77e1505f71c26c5ebf5?s=200&#038;d=mm&#038;r=g 2x' class='avatar avatar-100 photo' height='100' width='100' \/>\t\t\t\t\t<p>Formada em Sistemas de Informa\u00e7\u00e3o pelo Faculdade 7 de Setembro, fundadora do site QueroWorkar. Desenvolvedora h\u00e1 5 anos e j\u00e1 realizei trabalho com as seguintes linguagens: PHP, Android, Smarty, Angular JS e atualmente trabalho com o framework Polopoly baseado em Java.<\/p>\n\t\t\t\t<\/div>\n\t\t\t<\/div>\n\n\t\t\n\t\t\t<!-- Organizers note: The id attribute is deprecated and only remains for backwards compatibility, please use the corresponding class to target individual speakers -->\n\t\t\t<div id=\"wcorg-speaker-quirinoneto\" class=\"wcorg-speaker wcorg-speaker-quirinoneto wcorg-track-jose-de-alencar\">\n\t\t\t\t<h2>\n\t\t\t\t\t\n\t\t\t\t\t\tquirinoneto\n\t\t\t\t\t\t\t\t\t<\/h2>\n\n\t\t\t\t<div class=\"wcorg-speaker-description\">\n\t\t\t\t\t<img alt='' src='https:\/\/secure.gravatar.com\/avatar\/10e316cb9716f3e6a40b70b3d818f96ec9bf3862087183bed06e3bebff2e2b79?s=100&#038;d=mm&#038;r=g' srcset='https:\/\/secure.gravatar.com\/avatar\/10e316cb9716f3e6a40b70b3d818f96ec9bf3862087183bed06e3bebff2e2b79?s=200&#038;d=mm&#038;r=g 2x' class='avatar avatar-100 photo' height='100' width='100' \/>\t\t\t\t\t<p>Web Designer atuante com mais de 20 anos de experi\u00eancia no mercado. <\/p>\n<p>Atualmente desenvolve sites utilizando a plataforma WordPress na empresa Indra Company e \u00e9 diretor de Cria\u00e7\u00e3o da DevPixel Solu\u00e7\u00f5es Criativas.<\/p>\n<p>\u00c9 paraibano e reside em Jo\u00e3o Pessoa.<\/p>\n\t\t\t\t<\/div>\n\t\t\t<\/div>\n\n\t\t\n\t\t\t<!-- Organizers note: The id attribute is deprecated and only remains for backwards compatibility, please use the corresponding class to target individual speakers -->\n\t\t\t<div id=\"wcorg-speaker-nicholas-andre-pinho-de-oliveira\" class=\"wcorg-speaker wcorg-speaker-nicholas-andre-pinho-de-oliveira wcorg-track-jose-de-alencar\">\n\t\t\t\t<h2>\n\t\t\t\t\t\n\t\t\t\t\t\tN\u00edcholas Andr\u00e9 Pinho de Oliveira\n\t\t\t\t\t\t\t\t\t<\/h2>\n\n\t\t\t\t<div class=\"wcorg-speaker-description\">\n\t\t\t\t\t<img alt='' src='https:\/\/secure.gravatar.com\/avatar\/ba06f3a1d3d97c99abbe9f393acabe4b080e440ed725c39eb1d9f4d8e164a1c1?s=100&#038;d=mm&#038;r=g' srcset='https:\/\/secure.gravatar.com\/avatar\/ba06f3a1d3d97c99abbe9f393acabe4b080e440ed725c39eb1d9f4d8e164a1c1?s=200&#038;d=mm&#038;r=g 2x' class='avatar avatar-100 photo' height='100' width='100' \/>\t\t\t\t\t<p>Web Engineer na 10up, \u00e9 formado em TI pelo IFRN e atualmente cursa o Bacharelado em Ci\u00eancia da Computa\u00e7\u00e3o na UFERSA.<\/p>\n<p>\u00c9 Core Contributor do WordPress e mant\u00e9m alguns plugins no reposit\u00f3rio oficial. Tamb\u00e9m \u00e9 autor de treinamentos online em WordPress e PHP ministrados pela plafatorma iMasters\/MXCursos.<\/p>\n\t\t\t\t<\/div>\n\t\t\t<\/div>\n\n\t\t\n\t\t\t<!-- Organizers note: The id attribute is deprecated and only remains for backwards compatibility, please use the corresponding class to target individual speakers -->\n\t\t\t<div id=\"wcorg-speaker-ted-k\" class=\"wcorg-speaker wcorg-speaker-ted-k wcorg-track-jose-de-alencar\">\n\t\t\t\t<h2>\n\t\t\t\t\t\n\t\t\t\t\t\tTed k&#8217;\n\t\t\t\t\t\t\t\t\t<\/h2>\n\n\t\t\t\t<div class=\"wcorg-speaker-description\">\n\t\t\t\t\t<img alt='' src='https:\/\/secure.gravatar.com\/avatar\/b0aeafd05ba967dd6955116150c4d7d95a505e75698248a476be8aa5891d22e2?s=100&#038;d=mm&#038;r=g' srcset='https:\/\/secure.gravatar.com\/avatar\/b0aeafd05ba967dd6955116150c4d7d95a505e75698248a476be8aa5891d22e2?s=200&#038;d=mm&#038;r=g 2x' class='avatar avatar-100 photo' height='100' width='100' \/>\t\t\t\t\t<p>Ted k&#8217;, 30 anos. Programador WEB com conhecimento em v\u00e1rias linguagens de programa\u00e7\u00e3o. S\u00f3cio-Fundador e Desenvolvedor na Ag\u00eanciaOFF, desenvolvendo o Front-End de Sites e criando interatividades com JavaScript, HTML5 (Games em JavaScript). Desenvolvo tamb\u00e9m Ardunio (C\/C++), PHP, ASP e ASP.NET (C# e VB). Programo desde 1998 e tenho uma grande experi\u00eancia na \u00e1rea.<\/p>\n\t\t\t\t<\/div>\n\t\t\t<\/div>\n\n\t\t\n\t\t\t<!-- Organizers note: The id attribute is deprecated and only remains for backwards compatibility, please use the corresponding class to target individual speakers -->\n\t\t\t<div id=\"wcorg-speaker-vinicius-lourenco\" class=\"wcorg-speaker wcorg-speaker-vinicius-lourenco wcorg-track-mercado-central wcorg-track-dragao-do-mar wcorg-track-jose-de-alencar\">\n\t\t\t\t<h2>\n\t\t\t\t\t\n\t\t\t\t\t\tVin\u00ed\u00adcius Louren\u00e7o\n\t\t\t\t\t\t\t\t\t<\/h2>\n\n\t\t\t\t<div class=\"wcorg-speaker-description\">\n\t\t\t\t\t<img alt='' src='https:\/\/secure.gravatar.com\/avatar\/f4e9c9d7c97e99ee9bfc53f96668d5d119d87d9c3a6612fadbf19fd0d604d2f2?s=100&#038;d=mm&#038;r=g' srcset='https:\/\/secure.gravatar.com\/avatar\/f4e9c9d7c97e99ee9bfc53f96668d5d119d87d9c3a6612fadbf19fd0d604d2f2?s=200&#038;d=mm&#038;r=g 2x' class='avatar avatar-100 photo' height='100' width='100' \/>\t\t\t\t\t<p>26 anos, h\u00e1 mais de 7 anos no mercado de T.I. Atualmente utilizo o WordPress para 99% dos meus projetos, venho trabalhando com o desenvolvimento de plugins e temas. Entusiasta da plataforma e tenho palestrando em alguns locais para disseminar que a ferramenta \u00e9 fant\u00e1stica e combatendo o preconceito ainda existente que WordPress \u00e9 apenas para blog.<\/p>\n\t\t\t\t<\/div>\n\t\t\t<\/div>\n\n\t\t\n\t\t\t<!-- Organizers note: The id attribute is deprecated and only remains for backwards compatibility, please use the corresponding class to target individual speakers -->\n\t\t\t<div id=\"wcorg-speaker-camilinha-rodrigues\" class=\"wcorg-speaker wcorg-speaker-camilinha-rodrigues wcorg-track-dragao-do-mar\">\n\t\t\t\t<h2>\n\t\t\t\t\t\n\t\t\t\t\t\tCamilinha Rodrigues\n\t\t\t\t\t\t\t\t\t<\/h2>\n\n\t\t\t\t<div class=\"wcorg-speaker-description\">\n\t\t\t\t\t<img alt='' src='https:\/\/secure.gravatar.com\/avatar\/ad9b82f7a0dc3fea0b4ec896636035d890fbd3c498dd2644b68bf38839b216c1?s=100&#038;d=mm&#038;r=g' srcset='https:\/\/secure.gravatar.com\/avatar\/ad9b82f7a0dc3fea0b4ec896636035d890fbd3c498dd2644b68bf38839b216c1?s=200&#038;d=mm&#038;r=g 2x' class='avatar avatar-100 photo' height='100' width='100' \/>\t\t\t\t\t<p>Consultora Digital a mais de 6 anos, graduanda em Marketing (FIC) e Sistemas e M\u00eddias Digitais pela Universidade Federal do Cear\u00e1, apaixonada por Internet e faascinada pelo WordPress, ferramenta que desde 2012 me encanta com suas facilidades e funcionalidades. O WordPress foi respons\u00e1vel por dar um up e diferencial para minha carreira digital e hoje \u00e9 uma honra poder contribuir para a comunidade ajudando na organiza\u00e7\u00e3o dos eventos e palestrando.<\/p>\n\t\t\t\t<\/div>\n\t\t\t<\/div>\n\n\t\t\n\t\t\t<!-- Organizers note: The id attribute is deprecated and only remains for backwards compatibility, please use the corresponding class to target individual speakers -->\n\t\t\t<div id=\"wcorg-speaker-anyssa-ferreira\" class=\"wcorg-speaker wcorg-speaker-anyssa-ferreira wcorg-track-mercado-central wcorg-track-dragao-do-mar wcorg-track-jose-de-alencar\">\n\t\t\t\t<h2>\n\t\t\t\t\t\n\t\t\t\t\t\tAnyssa Ferreira\n\t\t\t\t\t\t\t\t\t<\/h2>\n\n\t\t\t\t<div class=\"wcorg-speaker-description\">\n\t\t\t\t\t<img alt='' src='https:\/\/secure.gravatar.com\/avatar\/0573510d175294341600e89804cfffee22182b56994ec196bdac3aaf76ee4c53?s=100&#038;d=mm&#038;r=g' srcset='https:\/\/secure.gravatar.com\/avatar\/0573510d175294341600e89804cfffee22182b56994ec196bdac3aaf76ee4c53?s=200&#038;d=mm&#038;r=g 2x' class='avatar avatar-100 photo' height='100' width='100' \/>\t\t\t\t\t<p>Designer gr\u00e1fica e desenvolvedora web h\u00e1 10 anos, \u00e9 fundadora do est\u00fadio Haste. Organizadora dos meetups e WordCamps em S\u00e3o Paulo. Em 2015 foi a primeira ganhadora da Kim Parsell Scholarship da Funda\u00e7\u00e3o WordPress, pela contribui\u00e7\u00e3o com a causa da inclus\u00e3o das mulheres na tecnologia.<\/p>\n\t\t\t\t<\/div>\n\t\t\t<\/div>\n\n\t\t\n\t\t\t<!-- Organizers note: The id attribute is deprecated and only remains for backwards compatibility, please use the corresponding class to target individual speakers -->\n\t\t\t<div id=\"wcorg-speaker-paulo-henrique-holanda-do-amaral\" class=\"wcorg-speaker wcorg-speaker-paulo-henrique-holanda-do-amaral wcorg-track-jose-de-alencar\">\n\t\t\t\t<h2>\n\t\t\t\t\t\n\t\t\t\t\t\tPaulo Henrique Holanda do Amaral\n\t\t\t\t\t\t\t\t\t<\/h2>\n\n\t\t\t\t<div class=\"wcorg-speaker-description\">\n\t\t\t\t\t<img alt='' src='https:\/\/secure.gravatar.com\/avatar\/2c7363dfdd1b08950451fd38c748ac0339f3249b4d757fbcf620a248f63f4f12?s=100&#038;d=mm&#038;r=g' srcset='https:\/\/secure.gravatar.com\/avatar\/2c7363dfdd1b08950451fd38c748ac0339f3249b4d757fbcf620a248f63f4f12?s=200&#038;d=mm&#038;r=g 2x' class='avatar avatar-100 photo' height='100' width='100' \/>\t\t\t\t\t<p>ou Analista de Sistemas, trabalho com Java Web desde 2009, j\u00e1 passei \u00a0por projetos com diversos frameworks e tecnologias, sou s\u00f3cio fundador do site QueroWorkar. Atualmente trabalhando com Spring Framework e estou estudando muito arquitetura de software.<\/p>\n\t\t\t\t<\/div>\n\t\t\t<\/div>\n\n\t\t\n\t\t\t<!-- Organizers note: The id attribute is deprecated and only remains for backwards compatibility, please use the corresponding class to target individual speakers -->\n\t\t\t<div id=\"wcorg-speaker-emanuel-costa\" class=\"wcorg-speaker wcorg-speaker-emanuel-costa wcorg-track-dragao-do-mar wcorg-track-jose-de-alencar wcorg-track-mercado-central\">\n\t\t\t\t<h2>\n\t\t\t\t\t\n\t\t\t\t\t\tEmanuel Costa\n\t\t\t\t\t\t\t\t\t<\/h2>\n\n\t\t\t\t<div class=\"wcorg-speaker-description\">\n\t\t\t\t\t<img alt='' src='https:\/\/secure.gravatar.com\/avatar\/fbe9d8b8e3580ba760b7af40d117c0ce53d495ca80c80d0f35a1878971b6eca5?s=100&#038;d=mm&#038;r=g' srcset='https:\/\/secure.gravatar.com\/avatar\/fbe9d8b8e3580ba760b7af40d117c0ce53d495ca80c80d0f35a1878971b6eca5?s=200&#038;d=mm&#038;r=g 2x' class='avatar avatar-100 photo' height='100' width='100' \/>\t\t\t\t\t<p>Eu sou desenvolvedor web desde 1993 quando era estagi\u00e1rio do laborat\u00f3rio de inform\u00e1tica na Universidade Federal do Cear\u00e1. Aceitei proposta para trabalhar nos Estados Unidos e isso j\u00e1 faz 20 anos. Durante esse tempo trabalhei em projetos na internet de todos os tipos e tamanhos. Sou tamb\u00e9m um empreendedor online e desenvolvo sempre\u00a0focando nos objetivos dos clientes para melhorarem gera\u00e7\u00e3o de leads, vendas e aquisi\u00e7\u00f5es, aumentar n\u00famero de visitantes \u00fanicos, tempo no site, reduzir taxas de bounce, al\u00e9m das a\u00e7\u00f5es desejadas por meus clientes e sua rentabilidade.<\/p>\n<p>Em 2010, ap\u00f3s um cliente pedir uma proposta e indicar alguns sites concorrentes, onde todos usavam WordPress, fiz uma nova an\u00e1lise sobre esse CMS e mudei minha opini\u00e3o sobre essa poderosa ferramenta.<\/p>\n<p>Em 2015 percebi que n\u00e3o existia um meetup constante de WordPress em Fortaleza. Ent\u00e3o, com apoio da UFC, da comunidade local e brasileira, iniciamos em Agosto daquele ano o sonho e objetivo de realizar o primeiro WordCamp de Fortaleza.<\/p>\n<p>Hoje vivo em Las Vegas, participo ativamente como palestrante do meetup de WooCommerce local, \u00a0frequentemente participo de WordCamps (10 nos \u00faltimos 2 anos). Desenvolvo, quase que exclusivamente usando WordPress, sites customizados para as necessidades dos meus clientes. Posso facilmente ser encontrado nos f\u00f3runs, grupos do Facebook do WordPress e canais de Slack do WP-Brasil e do Make WordPress.org<\/p>\n\t\t\t\t<\/div>\n\t\t\t<\/div>\n\n\t\t\n\t\t\t<!-- Organizers note: The id attribute is deprecated and only remains for backwards compatibility, please use the corresponding class to target individual speakers -->\n\t\t\t<div id=\"wcorg-speaker-guga-alves\" class=\"wcorg-speaker wcorg-speaker-guga-alves wcorg-track-dragao-do-mar wcorg-track-jose-de-alencar wcorg-track-mercado-central\">\n\t\t\t\t<h2>\n\t\t\t\t\t\n\t\t\t\t\t\tGuga Alves\n\t\t\t\t\t\t\t\t\t<\/h2>\n\n\t\t\t\t<div class=\"wcorg-speaker-description\">\n\t\t\t\t\t<img alt='' src='https:\/\/secure.gravatar.com\/avatar\/ba79a720722a7e7ff59e74e7beaa22b91dd40ca429cfcf0c338d606c5a3fad79?s=100&#038;d=mm&#038;r=g' srcset='https:\/\/secure.gravatar.com\/avatar\/ba79a720722a7e7ff59e74e7beaa22b91dd40ca429cfcf0c338d606c5a3fad79?s=200&#038;d=mm&#038;r=g 2x' class='avatar avatar-100 photo' height='100' width='100' \/>\t\t\t\t\t<p>Desenvolvedor WordPress desde o final de 2007, Guga Alves \u00e9 Analista de Sistemas e P\u00f3s graduado em Gest\u00e3o Estrat\u00e9gica em Marketing Digital e idealizador do site Tudo Para WordPress. Desde novembro de 2015 Guga trabalha na Automattic como Happiness Engineer atendendo usu\u00e1rios do WordPress.com e ajudando a disseminar a cultura WordPress e open source pelo pa\u00eds. Possui s\u00f3lidos conhecimento de SEO, j\u00e1 palestrou em diversos eventos como a Campus Party e WordCamp, edi\u00e7\u00f5es Porto Alegre, S\u00e3o Paulo e Belo Horizonte, e organizou 2 edi\u00e7\u00f5es do WordCamp RJ.<\/p>\n\t\t\t\t<\/div>\n\t\t\t<\/div>\n\n\t\t\n\t<\/div>\n\n\t\n","protected":false},"excerpt":{"rendered":"<p>Os palestrantes ser\u00e3o em breve anunciados nessa p\u00e1gina.\u00a0<\/p>\n","protected":false},"author":10023711,"featured_media":0,"parent":0,"menu_order":0,"comment_status":"closed","ping_status":"closed","template":"","meta":{"_crdt_document":"","jetpack_post_was_ever_published":false,"footnotes":""},"class_list":["post-8","page","type-page","status-publish","hentry"],"jetpack_sharing_enabled":true,"jetpack_shortlink":"https:\/\/wp.me\/P7nbJR-8","jetpack_likes_enabled":true,"_links":{"self":[{"href":"https:\/\/fortaleza.wordcamp.org\/2016\/wp-json\/wp\/v2\/pages\/8","targetHints":{"allow":["GET"]}}],"collection":[{"href":"https:\/\/fortaleza.wordcamp.org\/2016\/wp-json\/wp\/v2\/pages"}],"about":[{"href":"https:\/\/fortaleza.wordcamp.org\/2016\/wp-json\/wp\/v2\/types\/page"}],"author":[{"embeddable":true,"href":"https:\/\/fortaleza.wordcamp.org\/2016\/wp-json\/wp\/v2\/users\/10023711"}],"replies":[{"embeddable":true,"href":"https:\/\/fortaleza.wordcamp.org\/2016\/wp-json\/wp\/v2\/comments?post=8"}],"version-history":[{"count":4,"href":"https:\/\/fortaleza.wordcamp.org\/2016\/wp-json\/wp\/v2\/pages\/8\/revisions"}],"predecessor-version":[{"id":638,"href":"https:\/\/fortaleza.wordcamp.org\/2016\/wp-json\/wp\/v2\/pages\/8\/revisions\/638"}],"wp:attachment":[{"href":"https:\/\/fortaleza.wordcamp.org\/2016\/wp-json\/wp\/v2\/media?parent=8"}],"curies":[{"name":"wp","href":"https:\/\/api.w.org\/{rel}","templated":true}]}}