{"id":9,"date":"2016-03-23T17:57:27","date_gmt":"2016-03-23T17:57:27","guid":{"rendered":"https:\/\/fortaleza.wordcamp.org\/2016\/sessions\/"},"modified":"2016-07-26T21:22:27","modified_gmt":"2016-07-27T00:22:27","slug":"sessions","status":"publish","type":"page","link":"https:\/\/fortaleza.wordcamp.org\/2016\/sessions\/","title":{"rendered":"Sess\u00f5es"},"content":{"rendered":"<h3>Veja aqui todas as palestras e oficinas com seus respectivos locais no FBIdeias e facilitadores.<\/h3>\n\n\t<div class=\"wcorg-sessions\">\n\t\t\n\t\t\t<div id=\"wcorg-session-530\" class=\"wcorg-session\" >\n\t\t\t\t<h2>\n\t\t\t\t\t10up Engineering Best Practices\t\t\t\t<\/h2>\n\n\t\t\t\t<div class=\"wcorg-session-description\">\n\t\t\t\t\t\t\t\t\t\t<p class=\"wcpt-session-meta\">Apresentado por <a href=\"http:\/\/profiles.wordpress.org\/nicholas_io\/\">N\u00edcholas Andr\u00e9 Pinho de Oliveira<\/a> em Jos\u00e9 de Alencar.<\/p>\t\t\t\t\t<img alt='' src='https:\/\/secure.gravatar.com\/avatar\/ba06f3a1d3d97c99abbe9f393acabe4b080e440ed725c39eb1d9f4d8e164a1c1?s=100&#038;d=mm&#038;r=g' class='avatar avatar-100 photo' height='100' width='100' \/>\t\t\t\t\t<p>O objetivo dessa palestra \u00e9 mostrar e discutir os padr\u00f5es de desenvolvimento e organiza\u00e7\u00e3o de c\u00f3digo praticados na 10up. Todos esses padr\u00f5es seguidos diariamente pelos engenherios da 10up est\u00e3o publicados na internet https:\/\/10up.github.io\/Engineering-Best-Practices\/. Muito mais do que mostrar como escrevemos c\u00f3digo na 10up, esta palestra cont\u00e9m v\u00e1rias dicas de como desenvolver grandes projetos com WordPress em larga escala. Entre os t\u00f3picos abordados est\u00e3o: Como estruturar seu c\u00f3digo, a import\u00e2ncia de ter um estilo de c\u00f3digo, m\u00e9todos de versionamento de c\u00f3digo, escrevendo c\u00f3digo PHP otimizado, a import\u00e2ncia de caching e muito mais.<\/p>\n\n\t\t\t\t\t\t\t\t\t<\/div>\n\t\t\t<\/div>\n\n\t\t\n\t\t\t<div id=\"wcorg-session-621\" class=\"wcorg-session\" >\n\t\t\t\t<h2>\n\t\t\t\t\t120 Blogs: desafios e estrat\u00e9gias do O  POVO com WordPress\t\t\t\t<\/h2>\n\n\t\t\t\t<div class=\"wcorg-session-description\">\n\t\t\t\t\t\t\t\t\t\t<p class=\"wcpt-session-meta\">Apresentado por Maria Fernandes, Arenusa Goulart, <a href=\"http:\/\/profiles.wordpress.org\/naterciamelo\/\">Natercia Melo<\/a> em Drag\u00e3o do Mar.<\/p>\t\t\t\t\t<img alt='' src='https:\/\/secure.gravatar.com\/avatar\/5529efe49afcdee3209fa6822f2abfcf24eb4895b90550edcf3bffc8916c7d58?s=100&#038;d=mm&#038;r=g' class='avatar avatar-100 photo' height='100' width='100' \/><img alt='' src='https:\/\/secure.gravatar.com\/avatar\/876affe117863a2b564f91b7247f40d479a097b5842664c66a35fd83ac906aff?s=100&#038;d=mm&#038;r=g' class='avatar avatar-100 photo' height='100' width='100' \/><img alt='' src='https:\/\/secure.gravatar.com\/avatar\/4d522612dfb12a74c801e7dc2c3c508b41c5b8a25fdb39663559b7ed8710034b?s=100&#038;d=mm&#038;r=g' class='avatar avatar-100 photo' height='100' width='100' \/>\t\t\t\t\t<p>Essa palestra\/pain\u00e9l ser\u00e1 ministrada por Nat\u00e9rcia (Coordenadora de Midias Sociais do O POVO), Maria Fernandes ( Gerente de projetos digitais do O POVO) e Arenusa Goulart ( Diretora de Estrat\u00e9gias Digitais do O POVO)<\/p>\n<p>A palestra vai abordar sobre o cen\u00e1rio de blogs nos dias de hoje.<\/p>\n<p>&#8211; Blog morreu?<br \/>\n&#8211; Qual a import\u00e2ncia de ter um blog;<br \/>\n&#8211; Qual a import\u00e2ncia do O POVO ter parcerias com blogs;<br \/>\n&#8211; Como \u00e9 a parceria do blogueiro com o O POVO ;<br \/>\n&#8211; Como \u00e9 feito o processo de parcerias;<br \/>\n&#8211; Blog tem retorno comercial?<\/p>\n\n\t\t\t\t\t\t\t\t\t<\/div>\n\t\t\t<\/div>\n\n\t\t\n\t\t\t<div id=\"wcorg-session-576\" class=\"wcorg-session\" >\n\t\t\t\t<h2>\n\t\t\t\t\tCasos reais de performance usando WordPress\t\t\t\t<\/h2>\n\n\t\t\t\t<div class=\"wcorg-session-description\">\n\t\t\t\t\t\t\t\t\t\t<p class=\"wcpt-session-meta\">Apresentado por <a href=\"http:\/\/profiles.wordpress.org\/marcos234melo\/\">Marcos Vinicius Melo<\/a>, <a href=\"http:\/\/profiles.wordpress.org\/marcellombelem\/\">marcellombelem<\/a> em Drag\u00e3o do Mar.<\/p>\t\t\t\t\t<img alt='' src='https:\/\/secure.gravatar.com\/avatar\/2cfe8ae100e88fd545cb6d7e3a396bc4bcc9544f0e66eeaa778b1387051dbebf?s=100&#038;d=mm&#038;r=g' class='avatar avatar-100 photo' height='100' width='100' \/><img alt='' src='https:\/\/secure.gravatar.com\/avatar\/02159296ee5e7bd7f53df2b27049051a3be255226483c3e60ae1d0225a234821?s=100&#038;d=mm&#038;r=g' class='avatar avatar-100 photo' height='100' width='100' \/>\t\t\t\t\t<p>Vamos\u00a0falar de uma maneira menos t\u00e9cnica e mais do lado de quem opera o neg\u00f3cio. N\u00f3s j\u00e1 desenvolvemos na ag\u00eancia, diversas solu\u00e7\u00f5es usando WordPress e posso destacar duas experi\u00eancias bem bacanas, onde usamos o WP como ferramenta para dar performance na constru\u00e7\u00e3o de landing pages integradas \u00e0 ferramentas de automa\u00e7\u00e3o dentro de estrat\u00e9gias de inbound\/outbound marketing. E o uso de WP na constru\u00e7\u00e3o de um sistema de atendimento imobili\u00e1rio em eventos, que se desdobrou em sites de v\u00e1rias imobili\u00e1rias em um movimento de vendas na cidade de Fortaleza.<\/p>\n\n\t\t\t\t\t\t\t\t\t<\/div>\n\t\t\t<\/div>\n\n\t\t\n\t\t\t<div id=\"wcorg-session-549\" class=\"wcorg-session\" >\n\t\t\t\t<h2>\n\t\t\t\t\tComo pensar Design para Temas 100% originais\t\t\t\t<\/h2>\n\n\t\t\t\t<div class=\"wcorg-session-description\">\n\t\t\t\t\t\t\t\t\t\t<p class=\"wcpt-session-meta\">Apresentado por <a href=\"http:\/\/profiles.wordpress.org\/diegorojas\/\">Diego Rojas<\/a> em Drag\u00e3o do Mar.<\/p>\t\t\t\t\t<img alt='' src='https:\/\/secure.gravatar.com\/avatar\/3e76bcd7a79f7fcb6bd146575116cfbaf68a9c6a7ae55ee03fcc37598a961787?s=100&#038;d=mm&#038;r=g' class='avatar avatar-100 photo' height='100' width='100' \/>\t\t\t\t\t<p>Uma palestra para mostrar como pensamos dentro do Design da Brasa os projetos a partir do zero. Do papel em branco.<\/p>\n<p>Como \u00e9 feita nossa pesquisa de linguagem art\u00edstica e de interface. Apresentando alguns cases dentro de nossa hist\u00f3ria como:<br \/>\n&#8211; http:\/\/artesol.org.br\/<br \/>\n&#8211; http:\/\/quintaessentia.com.br\/<br \/>\n&#8211; http:\/\/artunlimited.com.br\/<br \/>\n&#8211; http:\/\/polis.org.br\/<br \/>\n&#8211; http:\/\/nucleoaquimesmo.com<\/p>\n\n\t\t\t\t\t\t\t\t\t<\/div>\n\t\t\t<\/div>\n\n\t\t\n\t\t\t<div id=\"wcorg-session-416\" class=\"wcorg-session\" >\n\t\t\t\t<h2>\n\t\t\t\t\tComo ser um super her\u00f3i no  universo WordPress\t\t\t\t<\/h2>\n\n\t\t\t\t<div class=\"wcorg-session-description\">\n\t\t\t\t\t\t\t\t\t\t<p class=\"wcpt-session-meta\">Apresentado por <a href=\"http:\/\/profiles.wordpress.org\/gugaalves\/\">Guga Alves<\/a> em Drag\u00e3o do Mar.<\/p>\t\t\t\t\t<img alt='' src='https:\/\/secure.gravatar.com\/avatar\/ba79a720722a7e7ff59e74e7beaa22b91dd40ca429cfcf0c338d606c5a3fad79?s=100&#038;d=mm&#038;r=g' class='avatar avatar-100 photo' height='100' width='100' \/>\t\t\t\t\t<p>Muitas pessoas falam que colaborar com a comunidade WordPress \u00e9 algo que pode lhe ajudar a aprender mais, ter mais visibilidade como profissional e assim ajudar a crescer tanto pessoal como profissionalmente.. mas como posso fazer isso?<br \/>\nGuga Alves, da Automattic, tr\u00e1s em sua palestra algumas experi\u00eancias pessoais e tamb\u00e9m se prop\u00f5e a apresentar como a comunidade open source ajuda a desenvolver o WordPress e as v\u00e1rias formas que voc\u00ea pode se envolver e colaborar.<br \/>\nPalestra baseada no talk de Job Thomas, Gareth Allison e Konstantin Obenland, todos da Automattic, no CMS Africa Summit 2016.<\/p>\n\n\t\t\t\t\t\t\t\t\t<\/div>\n\t\t\t<\/div>\n\n\t\t\n\t\t\t<div id=\"wcorg-session-627\" class=\"wcorg-session\" >\n\t\t\t\t<h2>\n\t\t\t\t\tComo utilizar o WordPress como ferramenta de marketing e divulga\u00e7\u00e3o?\t\t\t\t<\/h2>\n\n\t\t\t\t<div class=\"wcorg-session-description\">\n\t\t\t\t\t\t\t\t\t\t<p class=\"wcpt-session-meta\">Apresentado por <a href=\"http:\/\/profiles.wordpress.org\/mktcamila\/\">Camilinha Rodrigues<\/a> em Drag\u00e3o do Mar.<\/p>\t\t\t\t\t<img alt='' src='https:\/\/secure.gravatar.com\/avatar\/ad9b82f7a0dc3fea0b4ec896636035d890fbd3c498dd2644b68bf38839b216c1?s=100&#038;d=mm&#038;r=g' class='avatar avatar-100 photo' height='100' width='100' \/>\t\t\t\t\t<p>Saiba como utilizar marketing online com WordPress.\u00a0Nessa palestra temos como objetivo mostrar como o WP \u00e9 uma ferramenta poderosa na constru\u00e7\u00e3o e propaga\u00e7\u00e3o de marcas e\/ou produtos, trabalhando a tem\u00e1tica de gest\u00e3o de conte\u00fado, SEO, integra\u00e7\u00e3o com redes sociais, Web Writing, Otimiza\u00e7\u00e3o de Imagens e muito mais.<br \/>\nDicas essenciais de design e constru\u00e7\u00e3o de conte\u00fados para atingir o seu p\u00fablico-alvo.<\/p>\n\n\t\t\t\t\t\t\t\t\t<\/div>\n\t\t\t<\/div>\n\n\t\t\n\t\t\t<div id=\"wcorg-session-473\" class=\"wcorg-session\" >\n\t\t\t\t<h2>\n\t\t\t\t\tConhe\u00e7a o Odin Framework e o Kirki um Toolkit para a Customizer API\t\t\t\t<\/h2>\n\n\t\t\t\t<div class=\"wcorg-session-description\">\n\t\t\t\t\t\t\t\t\t\t<p class=\"wcpt-session-meta\">Apresentado por <a href=\"http:\/\/profiles.wordpress.org\/matheusgimenez\/\">MatheusGimenez<\/a> em Mercado Central.<\/p>\t\t\t\t\t<img alt='' src='https:\/\/secure.gravatar.com\/avatar\/2bffc8ed932cf4037f8eea82e290e781b1a6baa7d76f635cc646e1f0044b1900?s=100&#038;d=mm&#038;r=g' class='avatar avatar-100 photo' height='100' width='100' \/>\t\t\t\t\t<p>Odin \u00e9 um Framework para desenvolvimento de temas feito pela comunidade brasileira de WordPress.<\/p>\n<p>Conhe\u00e7a tam\u00e9m o Kirki um Toolkit para a Customizer API.\u00a0Vou\u00a0mostrar as principais caracter\u00edsticas e features do mesmo.<\/p>\n\n\t\t\t\t\t\t\t\t\t<\/div>\n\t\t\t<\/div>\n\n\t\t\n\t\t\t<div id=\"wcorg-session-666\" class=\"wcorg-session\" >\n\t\t\t\t<h2>\n\t\t\t\t\tCONTRIBUTOR MORNING: Retribua para o WordPress fazendo tradu\u00e7\u00f5es, documenta\u00e7\u00e3o, videos, reportando bugs e at\u00e9 escrevendo c\u00f3digo.\t\t\t\t<\/h2>\n\n\t\t\t\t<div class=\"wcorg-session-description\">\n\t\t\t\t\t\t\t\t\t\t<p class=\"wcpt-session-meta\">Apresentado por <a href=\"http:\/\/profiles.wordpress.org\/allysonsouza\/\">Allyson Souza<\/a>, <a href=\"http:\/\/profiles.wordpress.org\/marioernestoms\/\">Mario Ernesto<\/a>, <a href=\"http:\/\/profiles.wordpress.org\/kossmann\/\">Daniel Kossmann Ferraz<\/a>, <a href=\"http:\/\/profiles.wordpress.org\/rafaelfunchal\/\">Rafael Funchal<\/a>, <a href=\"http:\/\/profiles.wordpress.org\/claudiosanches\/\">Claudio Sanches<\/a>, <a href=\"http:\/\/profiles.wordpress.org\/matheusfd\/\">Matheus Martins<\/a>, <a href=\"http:\/\/profiles.wordpress.org\/viniciuslourenco\/\">Vin\u00ed\u00adcius Louren\u00e7o<\/a>, <a href=\"http:\/\/profiles.wordpress.org\/breno-alves\/\">Breno Alves<\/a>, <a href=\"http:\/\/profiles.wordpress.org\/anyssa\/\">Anyssa Ferreira<\/a>, <a href=\"http:\/\/profiles.wordpress.org\/emanweb\/\">Emanuel Costa<\/a>, <a href=\"http:\/\/profiles.wordpress.org\/gugaalves\/\">Guga Alves<\/a> em Drag\u00e3o do Mar, Jos\u00e9 de Alencar, Mercado Central.<\/p>\t\t\t\t\t<img alt='' src='https:\/\/secure.gravatar.com\/avatar\/37b7772e680003dcc7627d4d44447a8a3613af5107358260e476e1c03dd2ef34?s=100&#038;d=mm&#038;r=g' class='avatar avatar-100 photo' height='100' width='100' \/><img alt='' src='https:\/\/secure.gravatar.com\/avatar\/7104ad9627afb06bb0d6d51c4d7c7756a0ef4da75f3a1793dba685da6dda6c40?s=100&#038;d=mm&#038;r=g' class='avatar avatar-100 photo' height='100' width='100' \/><img alt='' src='https:\/\/secure.gravatar.com\/avatar\/96e61ebe8bebe42643f8f25f224dd35f4cd3adb0e76ce9119384d574184029f5?s=100&#038;d=mm&#038;r=g' class='avatar avatar-100 photo' height='100' width='100' \/><img alt='' src='https:\/\/secure.gravatar.com\/avatar\/f11628da9cf1003b290583f04edc6e9a6c2ae879cedfe30d51375822cccc017c?s=100&#038;d=mm&#038;r=g' class='avatar avatar-100 photo' height='100' width='100' \/><img alt='' src='https:\/\/secure.gravatar.com\/avatar\/6ab7473fe788ee8fb9e2899fd2964a7abafa90f73505ed70dbd0f31c955e8d71?s=100&#038;d=mm&#038;r=g' class='avatar avatar-100 photo' height='100' width='100' \/><img alt='' src='https:\/\/secure.gravatar.com\/avatar\/b95be456be9b9b0b844624f18eb0ebd207955cb39b51f0e4eea3975df72bc57c?s=100&#038;d=mm&#038;r=g' class='avatar avatar-100 photo' height='100' width='100' \/><img alt='' src='https:\/\/secure.gravatar.com\/avatar\/f4e9c9d7c97e99ee9bfc53f96668d5d119d87d9c3a6612fadbf19fd0d604d2f2?s=100&#038;d=mm&#038;r=g' class='avatar avatar-100 photo' height='100' width='100' \/><img alt='' src='https:\/\/secure.gravatar.com\/avatar\/d5db0cf4c28a2301cfaa2c215242906fcae87bc265c27a452207f1703e383197?s=100&#038;d=mm&#038;r=g' class='avatar avatar-100 photo' height='100' width='100' \/><img alt='' src='https:\/\/secure.gravatar.com\/avatar\/0573510d175294341600e89804cfffee22182b56994ec196bdac3aaf76ee4c53?s=100&#038;d=mm&#038;r=g' class='avatar avatar-100 photo' height='100' width='100' \/><img alt='' src='https:\/\/secure.gravatar.com\/avatar\/fbe9d8b8e3580ba760b7af40d117c0ce53d495ca80c80d0f35a1878971b6eca5?s=100&#038;d=mm&#038;r=g' class='avatar avatar-100 photo' height='100' width='100' \/><img alt='' src='https:\/\/secure.gravatar.com\/avatar\/ba79a720722a7e7ff59e74e7beaa22b91dd40ca429cfcf0c338d606c5a3fad79?s=100&#038;d=mm&#038;r=g' class='avatar avatar-100 photo' height='100' width='100' \/>\t\t\t\t\t<p>Nessa manh\u00e3 de Domingo, vamos ajudar pessoas que querem contribuir de uma forma ou outra com WordPress. Aberto para todos que queiram retribuir para comunidade e para o WordPress. N\u00e3o \u00e9 preciso conhecimento t\u00e9cnico algum, basta boa vontade e o seu tempo. Estamos procurando mais mentores para essa sess\u00e3o. Caso queira ajudar os iniciantes <a href=\"https:\/\/fortaleza.wordcamp.org\/2016\/contato\/\">entre em contato<\/a> com a gente. Mostraremos como todos podem contribuir seja traduzindo plugins, fazendo documenta\u00e7\u00e3o, reportando bugs, editando videos, etc.<\/p>\n\n\t\t\t\t\t\t\t\t\t<\/div>\n\t\t\t<\/div>\n\n\t\t\n\t\t\t<div id=\"wcorg-session-396\" class=\"wcorg-session\" >\n\t\t\t\t<h2>\n\t\t\t\t\tCriando o seu &#8220;Produto Minimo Vi\u00e1vel&#8221; \/ Do front-end ao tema WordPress\t\t\t\t<\/h2>\n\n\t\t\t\t<div class=\"wcorg-session-description\">\n\t\t\t\t\t\t\t\t\t\t<p class=\"wcpt-session-meta\">Apresentado por <a href=\"http:\/\/profiles.wordpress.org\/mariovalney\/\">Mario Valney<\/a> em Drag\u00e3o do Mar.<\/p>\t\t\t\t\t<img alt='' src='https:\/\/secure.gravatar.com\/avatar\/396d787166eedddcfd3f4e63d580319e01a960e778e080d197ec1d869bae39a7?s=100&#038;d=mm&#038;r=g' class='avatar avatar-100 photo' height='100' width='100' \/>\t\t\t\t\t<h3>Criando o seu &#8220;Produto Minimo Vi\u00e1vel&#8221;<\/h3>\n<p>Nessa primeira parte da palestra M\u00e1rio Valney vai focar nos aspectos de neg\u00f3cios que s\u00e3o facilitados com a utiliza\u00e7\u00e3o do WordPress.<\/p>\n<p>Por ser uma plataforma simples de usar, para quem est\u00e1 come\u00e7ando, e ao mesmo tempo um incr\u00edvel framework para quem j\u00e1 se aventura criando Temas e Plugins o WordPress parece ser uma \u00f3tima escolha para quem quer criar o MVP (Produto M\u00ednimo Vi\u00e1vel) do seu neg\u00f3cio.<\/p>\n<p>Desde blogs e sites mais simples, passando por lojas virtuais e chegando at\u00e9 em incr\u00edveis plataformas online, o WordPress oferece uma comunidade ativa, seguran\u00e7a e uma gama imensa de plugins e temas prontos para voc\u00ea dar os primeiros passos do seu neg\u00f3cio.<\/p>\n<p>Podemos criar (quase) qualquer coisa com WordPress, mas voc\u00ea sabe como come\u00e7ar?<\/p>\n<hr \/>\n<h3>Do front-end ao tema WordPress<\/h3>\n<p><strong>Na 2a parte da palestra, focada para designers e desenvolvedores Web, M\u00e1rio ira falar como fazer que o seu site possa ser modificado para virar um tema do WordPress.<\/strong><\/p>\n<p>Aprenda a transformar o front-end do seu site em um Tema WordPress.<br \/>\nUsaremos o framework Odin para fazer a m\u00e1gica al\u00e9m de aprender sobre a Hierarquia de Templates do WordPress, algumas fun\u00e7\u00f5es interessantes e principalmente o que s\u00e3o os hooks (actions e filters).<\/p>\n<p>Como extra vai ter um breve coment\u00e1rio sobre criar plugins.<\/p>\n<p>&nbsp;<\/p>\n\n\t\t\t\t\t\t\t\t\t<\/div>\n\t\t\t<\/div>\n\n\t\t\n\t\t\t<div id=\"wcorg-session-535\" class=\"wcorg-session\" >\n\t\t\t\t<h2>\n\t\t\t\t\tCriando P\u00e1ginas com Page Builders\t\t\t\t<\/h2>\n\n\t\t\t\t<div class=\"wcorg-session-description\">\n\t\t\t\t\t\t\t\t\t\t<p class=\"wcpt-session-meta\">Apresentado por <a href=\"http:\/\/profiles.wordpress.org\/quirinoneto\/\">quirinoneto<\/a> em Jos\u00e9 de Alencar.<\/p>\t\t\t\t\t<img alt='' src='https:\/\/secure.gravatar.com\/avatar\/10e316cb9716f3e6a40b70b3d818f96ec9bf3862087183bed06e3bebff2e2b79?s=100&#038;d=mm&#038;r=g' class='avatar avatar-100 photo' height='100' width='100' \/>\t\t\t\t\t<p>O objetivo principal da palestra CRIANDO P\u00c1GINAS COM PAGE BUILDER \u00e9 apresentar as vantagens e desvantagens da cria\u00e7\u00e3o de p\u00e1ginas em WordPress utilizando os chamados Page Builders (contrutores visuais de p\u00e1ginas).<\/p>\n\n\t\t\t\t\t\t\t\t\t<\/div>\n\t\t\t<\/div>\n\n\t\t\n\t\t\t<div id=\"wcorg-session-423\" class=\"wcorg-session\" >\n\t\t\t\t<h2>\n\t\t\t\t\tCriando sua Rede Social com o BuddyPress\t\t\t\t<\/h2>\n\n\t\t\t\t<div class=\"wcorg-session-description\">\n\t\t\t\t\t\t\t\t\t\t<p class=\"wcpt-session-meta\">Apresentado por <a href=\"http:\/\/profiles.wordpress.org\/espellcaste\/\">Renato Alves<\/a> em Mercado Central.<\/p>\t\t\t\t\t<img alt='' src='https:\/\/secure.gravatar.com\/avatar\/329e1a0d659f71234f33926895d63b7a2a55546219cd4f5a67af50ffde174ff1?s=100&#038;d=mm&#038;r=g' class='avatar avatar-100 photo' height='100' width='100' \/>\t\t\t\t\t<p>Palestra para apresentar o BuddyPress. Focado nos usu\u00e1rios que n\u00e3o h\u00e1 conhece e gostaria de ter mais conhecimento de seu funcionamento e o que esse plugin \u00e9 capaz.<\/p>\n\n\t\t\t\t\t\t\t\t\t<\/div>\n\t\t\t<\/div>\n\n\t\t\n\t\t\t<div id=\"wcorg-session-538\" class=\"wcorg-session\" >\n\t\t\t\t<h2>\n\t\t\t\t\tCurtindo os freelas adoidado\t\t\t\t<\/h2>\n\n\t\t\t\t<div class=\"wcorg-session-description\">\n\t\t\t\t\t\t\t\t\t\t<p class=\"wcpt-session-meta\">Apresentado por <a href=\"http:\/\/profiles.wordpress.org\/temonteiro\/\">Thalita Monteiro<\/a>, Paulo Henrique Holanda do Amaral em Jos\u00e9 de Alencar.<\/p>\t\t\t\t\t<img alt='' src='https:\/\/secure.gravatar.com\/avatar\/b3923c36e31ff0c0899d7b14f4ce04056238f1b5993dd77e1505f71c26c5ebf5?s=100&#038;d=mm&#038;r=g' class='avatar avatar-100 photo' height='100' width='100' \/><img alt='' src='https:\/\/secure.gravatar.com\/avatar\/2c7363dfdd1b08950451fd38c748ac0339f3249b4d757fbcf620a248f63f4f12?s=100&#038;d=mm&#038;r=g' class='avatar avatar-100 photo' height='100' width='100' \/>\t\t\t\t\t<p>Voc\u00ea j\u00e1 teve d\u00favida de como come\u00e7ar esse mundo dos freelancers? Voc\u00ea j\u00e1 teve vontade, mas n\u00e3o sabe como proceder pra encontrar os melhores sites e o que \u00e9 necess\u00e1rio pra come\u00e7ar?<br \/>\nNessa palestra te mostramos os pontos mais importantes para voc\u00ea colocar isso em pr\u00e1tica e como ganhar uma grana extra.<\/p>\n\n\t\t\t\t\t\t\t\t\t<\/div>\n\t\t\t<\/div>\n\n\t\t\n\t\t\t<div id=\"wcorg-session-546\" class=\"wcorg-session\" >\n\t\t\t\t<h2>\n\t\t\t\t\tDesafios de construir um conte\u00fado social com WordPress\t\t\t\t<\/h2>\n\n\t\t\t\t<div class=\"wcorg-session-description\">\n\t\t\t\t\t\t\t\t\t\t<p class=\"wcpt-session-meta\">Apresentado por <a href=\"http:\/\/profiles.wordpress.org\/emiliomsn\/\">Em\u00edlio Moreno<\/a> em Drag\u00e3o do Mar.<\/p>\t\t\t\t\t<img alt='' src='https:\/\/secure.gravatar.com\/avatar\/0a8443eca202f2d932c5305560c897962ebedc6e5b1b3fdc220843ce5cb2572f?s=100&#038;d=mm&#038;r=g' class='avatar avatar-100 photo' height='100' width='100' \/>\t\t\t\t\t<p>Os desafios de construir um conte\u00fado social com WordPress. A experi\u00eancia com o WordPress num portal de not\u00edcias, os erros e os acertos na maneira como jornalistas trabalham na rotina di\u00e1ria para a constru\u00e7\u00e3o da not\u00edcia na internet. Esta palestra tem como prop\u00f3sito compartilhar os aprendizados e as alternativas desenvolvidas pelo time de redatores, jornalistas e desenvolvedores na gest\u00e3o e distribui\u00e7\u00e3o de conte\u00fado para internet.<\/p>\n\n\t\t\t\t\t\t\t\t\t<\/div>\n\t\t\t<\/div>\n\n\t\t\n\t\t\t<div id=\"wcorg-session-1010\" class=\"wcorg-session\" >\n\t\t\t\t<h2>\n\t\t\t\t\tDesenvolvendo Plugins para WooCommerce\t\t\t\t<\/h2>\n\n\t\t\t\t<div class=\"wcorg-session-description\">\n\t\t\t\t\t\t\t\t\t\t<p class=\"wcpt-session-meta\">Apresentado por <a href=\"http:\/\/profiles.wordpress.org\/allysonsouza\/\">Allyson Souza<\/a> em Mercado Central.<\/p>\t\t\t\t\t<img alt='' src='https:\/\/secure.gravatar.com\/avatar\/37b7772e680003dcc7627d4d44447a8a3613af5107358260e476e1c03dd2ef34?s=100&#038;d=mm&#038;r=g' class='avatar avatar-100 photo' height='100' width='100' \/>\t\t\t\t\t<p>Saiba como iniciar o desenvolvimento de plugins para WooCommerce. Conhe\u00e7a os objetos, classes e hooks do WooCommerce, e ent\u00e3o saiba como voc\u00ea pode utilizar os recursos j\u00e1 existentes do plugin para um desenvolvimento mais \u00e1gil e padronizado de suas pr\u00f3prias extens\u00f5es. Ser\u00e1 apresentado tamb\u00e9m o case do desenvolvimento do plugin Registrations for WooCommerce (<a href=\"https:\/\/wordpress.org\/plugins\/registrations-for-woocommerce\/\" target=\"_blank\" rel=\"noreferrer\">https:\/\/wordpress.org\/plugins\/registrations-for-woocommerce\/<\/a>).<\/p>\n\n\t\t\t\t\t\t\t\t\t<\/div>\n\t\t\t<\/div>\n\n\t\t\n\t\t\t<div id=\"wcorg-session-624\" class=\"wcorg-session\" >\n\t\t\t\t<h2>\n\t\t\t\t\tDesign de temas para WooCommerce\t\t\t\t<\/h2>\n\n\t\t\t\t<div class=\"wcorg-session-description\">\n\t\t\t\t\t\t\t\t\t\t<p class=\"wcpt-session-meta\">Apresentado por <a href=\"http:\/\/profiles.wordpress.org\/anyssa\/\">Anyssa Ferreira<\/a> em Mercado Central.<\/p>\t\t\t\t\t<img alt='' src='https:\/\/secure.gravatar.com\/avatar\/0573510d175294341600e89804cfffee22182b56994ec196bdac3aaf76ee4c53?s=100&#038;d=mm&#038;r=g' class='avatar avatar-100 photo' height='100' width='100' \/>\t\t\t\t\t<p>Hoje, a maioria dos temas oferece suporte para WooCoommerce. Mas existe uma grande diferen\u00e7a entre suportar e ser feito para vender.<\/p>\n<p>Vamos explorar algumas das maiores quest\u00f5es sobre como desenhar temas para lojas virtuais que utilizam a maior plataforma de venda online do mundo: o WooCommerce.<\/p>\n<p>Como projetar uma boa interface utilizando a estrutura do plugin? O que pode ser alterado? Quais s\u00e3o as melhores op\u00e7\u00f5es de usabilidade? Como potencializar a convers\u00e3o atrav\u00e9s do design do tema?<\/p>\n\n\t\t\t\t\t\t\t\t\t<\/div>\n\t\t\t<\/div>\n\n\t\t\n\t\t\t<div id=\"wcorg-session-503\" class=\"wcorg-session\" >\n\t\t\t\t<h2>\n\t\t\t\t\tDesign para Web: The Greatest Hits\t\t\t\t<\/h2>\n\n\t\t\t\t<div class=\"wcorg-session-description\">\n\t\t\t\t\t\t\t\t\t\t<p class=\"wcpt-session-meta\">Apresentado por <a href=\"http:\/\/profiles.wordpress.org\/danilonobre\/\">Danilo Nobre<\/a> em Jos\u00e9 de Alencar.<\/p>\t\t\t\t\t<img alt='' src='https:\/\/secure.gravatar.com\/avatar\/17cc27439c6b752ee7b18f35df444e71ac33228779ea38a494e0f25149d1c225?s=100&#038;d=mm&#038;r=g' class='avatar avatar-100 photo' height='100' width='100' \/>\t\t\t\t\t<p>O termo &#8216;The Greatest Hits&#8217; vem dos t\u00edtulos dos CD&#8217;s de grandes artistas que continham suas m\u00fasicas de maior sucesso.<\/p>\n<p>A ideia \u00e9 trazer um apanhado de conceitos e aplica\u00e7\u00f5es que o Design traz pra Web. Falar sobre design, identidade visual e t\u00e9cnicas de composi\u00e7\u00e3o visual, sempre &#8216;linkando&#8217; com design de interfaces, pra embasar a plateia at\u00e9 chegarmos experi\u00eancia do usu\u00e1rio, fechando assim um pacote de conceitos e aplica\u00e7\u00f5es que guiam um trabalho de design para web bem fundamentado.<\/p>\n\n\t\t\t\t\t\t\t\t\t<\/div>\n\t\t\t<\/div>\n\n\t\t\n\t\t\t<div id=\"wcorg-session-555\" class=\"wcorg-session\" >\n\t\t\t\t<h2>\n\t\t\t\t\tDetec\u00e7\u00e3o e preven\u00e7\u00e3o de vulnerabilidades no WordPress\t\t\t\t<\/h2>\n\n\t\t\t\t<div class=\"wcorg-session-description\">\n\t\t\t\t\t\t\t\t\t\t<p class=\"wcpt-session-meta\">Apresentado por <a href=\"http:\/\/profiles.wordpress.org\/joaogsneto\/\">joaogsneto<\/a> em Drag\u00e3o do Mar.<\/p>\t\t\t\t\t<img alt='' src='https:\/\/secure.gravatar.com\/avatar\/9f123487d5c65a0442b75df91d69499a91f3608d71052bcf64c0cbea6862ba7f?s=100&#038;d=mm&#038;r=g' class='avatar avatar-100 photo' height='100' width='100' \/>\t\t\t\t\t<p>Como detectar vulnerabilidades no WordPress?<br \/>\nComo ir al\u00e9m do b\u00e1sico para detectar falhas comuns e nem t\u00e3o comuns no WP?<br \/>\nComo deixar seu WordPress mais seguro?<br \/>\nNesse talk vamos discutir juntos as ferramentas mais comuns para detectar e resolver vulnerabilidades de seguran\u00e7a, os plugins e padr\u00f5es de arquitetura no servidor que deixa seu site menos vulner\u00e1vel.<\/p>\n\n\t\t\t\t\t\t\t\t\t<\/div>\n\t\t\t<\/div>\n\n\t\t\n\t\t\t<div id=\"wcorg-session-558\" class=\"wcorg-session\" >\n\t\t\t\t<h2>\n\t\t\t\t\tDigital Analytics: conhecendo o consumo de conte\u00fado e o p\u00fablico do seu site\t\t\t\t<\/h2>\n\n\t\t\t\t<div class=\"wcorg-session-description\">\n\t\t\t\t\t\t\t\t\t\t<p class=\"wcpt-session-meta\">Apresentado por <a href=\"http:\/\/profiles.wordpress.org\/emanuelsantos\/\">Emanuel Lima<\/a> em Mercado Central.<\/p>\t\t\t\t\t<img alt='' src='https:\/\/secure.gravatar.com\/avatar\/22a5275dafc90b544b687db37a96cdf71686235960d41939fc519322eac12dde?s=100&#038;d=mm&#038;r=g' class='avatar avatar-100 photo' height='100' width='100' \/>\t\t\t\t\t<p>Introduzir conceitos de digital analytics que possibilitem o entendimento do comportamento do usu\u00e1rio e consumo de conte\u00fado para gerar insights e a\u00e7\u00f5es para melhor aproveitamento do site e incremento da audi\u00eancia.<\/p>\n\n\t\t\t\t\t\t\t\t\t<\/div>\n\t\t\t<\/div>\n\n\t\t\n\t\t\t<div id=\"wcorg-session-409\" class=\"wcorg-session\" >\n\t\t\t\t<h2>\n\t\t\t\t\tEmpregos com WordPress\t\t\t\t<\/h2>\n\n\t\t\t\t<div class=\"wcorg-session-description\">\n\t\t\t\t\t\t\t\t\t\t<p class=\"wcpt-session-meta\">Apresentado por <a href=\"http:\/\/profiles.wordpress.org\/rafaelfunchal\/\">Rafael Funchal<\/a> em Jos\u00e9 de Alencar.<\/p>\t\t\t\t\t<img alt='' src='https:\/\/secure.gravatar.com\/avatar\/f11628da9cf1003b290583f04edc6e9a6c2ae879cedfe30d51375822cccc017c?s=100&#038;d=mm&#038;r=g' class='avatar avatar-100 photo' height='100' width='100' \/>\t\t\t\t\t<p>Nessa palestra darei algumas dicas de como ser um profissional melhor e indicarei \u00f3timos locais para procurar vagas relacionadas com WordPress.<\/p>\n\n\t\t\t\t\t\t\t\t\t<\/div>\n\t\t\t<\/div>\n\n\t\t\n\t\t\t<div id=\"wcorg-session-694\" class=\"wcorg-session\" >\n\t\t\t\t<h2>\n\t\t\t\t\tEncerramento 1o Dia\t\t\t\t<\/h2>\n\n\t\t\t\t<div class=\"wcorg-session-description\">\n\t\t\t\t\t\t\t\t\t\t<p class=\"wcpt-session-meta\">Apresentado em Drag\u00e3o do Mar, Jos\u00e9 de Alencar, Mercado Central.<\/p>\t\t\t\t\t\t\t\t\t\t\n\t\t\t\t\t\t\t\t\t<\/div>\n\t\t\t<\/div>\n\n\t\t\n\t\t\t<div id=\"wcorg-session-696\" class=\"wcorg-session\" >\n\t\t\t\t<h2>\n\t\t\t\t\tEncerramento 2o Dia\t\t\t\t<\/h2>\n\n\t\t\t\t<div class=\"wcorg-session-description\">\n\t\t\t\t\t\t\t\t\t\t<p class=\"wcpt-session-meta\">Apresentado em Drag\u00e3o do Mar, Jos\u00e9 de Alencar, Mercado Central.<\/p>\t\t\t\t\t\t\t\t\t\t\n\t\t\t\t\t\t\t\t\t<\/div>\n\t\t\t<\/div>\n\n\t\t\n\t\t\t<div id=\"wcorg-session-898\" class=\"wcorg-session\" >\n\t\t\t\t<h2>\n\t\t\t\t\tGerenciando sites em WordPress de forma eficiente: do deploy \u00e0 manuten\u00e7\u00e3o\t\t\t\t<\/h2>\n\n\t\t\t\t<div class=\"wcorg-session-description\">\n\t\t\t\t\t\t\t\t\t\t<p class=\"wcpt-session-meta\">Apresentado por <a href=\"http:\/\/profiles.wordpress.org\/kossmann\/\">Daniel Kossmann Ferraz<\/a> em Jos\u00e9 de Alencar.<\/p>\t\t\t\t\t<img alt='' src='https:\/\/secure.gravatar.com\/avatar\/96e61ebe8bebe42643f8f25f224dd35f4cd3adb0e76ce9119384d574184029f5?s=100&#038;d=mm&#038;r=g' class='avatar avatar-100 photo' height='100' width='100' \/>\t\t\t\t\t<p>A cada ano aumenta a quantidade de profissionais que al\u00e9m de criar e desenvolver o site em WordPress, precisam fazer a configura\u00e7\u00e3o, instala\u00e7\u00e3o e manuten\u00e7\u00e3o, tarefas que podem consumir um tempo significativo da sua semana, e que certamente pioram \u00e0 medida em que o n\u00famero de projetos cresce. Esta palestra apresenta uma alternativa para a gest\u00e3o de m\u00faltiplos sites em WordPress, usando uma \u00fanica instala\u00e7\u00e3o e sem Multisite, plugins ou outros servi\u00e7os (que em muitos casos s\u00e3o pagos). Combinando wp-cli para administra\u00e7\u00e3o e git para deploy autom\u00e1tico, reduz-se o tempo gasto nas tarefas de manuten\u00e7\u00e3o, resultando numa economia significativa de tempo, incluindo atualiza\u00e7\u00e3o do core e plugins.<\/p>\n\n\t\t\t\t\t\t\t\t\t<\/div>\n\t\t\t<\/div>\n\n\t\t\n\t\t\t<div id=\"wcorg-session-446\" class=\"wcorg-session\" >\n\t\t\t\t<h2>\n\t\t\t\t\tO que a comunidade pode fazer por voc\u00ea\t\t\t\t<\/h2>\n\n\t\t\t\t<div class=\"wcorg-session-description\">\n\t\t\t\t\t\t\t\t\t\t<p class=\"wcpt-session-meta\">Apresentado por <a href=\"http:\/\/profiles.wordpress.org\/matheusfd\/\">Matheus Martins<\/a> em Mercado Central.<\/p>\t\t\t\t\t<img alt='' src='https:\/\/secure.gravatar.com\/avatar\/b95be456be9b9b0b844624f18eb0ebd207955cb39b51f0e4eea3975df72bc57c?s=100&#038;d=mm&#038;r=g' class='avatar avatar-100 photo' height='100' width='100' \/>\t\t\t\t\t<p>Uma das quest\u00f5es que sempre escuto \u00e9: &#8220;Como que a comunidade, como que trabalhar de gra\u00e7a ir\u00e1 me ajudar a encontrar um emprego? Eu preciso de dinheiro! N\u00e3o tenho tempo para ficar fazendo as coisas de gra\u00e7a para os outros!&#8221;.<\/p>\n<p>Bom, \u00e9 a\u00ed que as pessoas se enganam. Fazer um trabalho volunt\u00e1rio n\u00e3o significa &#8220;trabalhar gratuitamente&#8221;. O trabalho volunt\u00e1rio numa plataforma open source significa voc\u00ea investindo na pr\u00f3pria carreira e mostrando para todos o seu trabalho e as suas compet\u00eancias.<\/p>\n<p>Portanto, nessa palestra falarei:<\/p>\n<p>&#8211; Como a comunidade pode te ajudar a ser um profissional melhor<br \/>\n&#8211; Como a comunidade pode contribuir com seu desenvolvimento pessoal<br \/>\n&#8211; Como a comunidade pode te ajudar a encontrar o emprego dos sonhos (at\u00e9 home office, ganhando bem, trabalhando onde voc\u00ea quiser&#8230;)<\/p>\n\n\t\t\t\t\t\t\t\t\t<\/div>\n\t\t\t<\/div>\n\n\t\t\n\t\t\t<div id=\"wcorg-session-464\" class=\"wcorg-session\" >\n\t\t\t\t<h2>\n\t\t\t\t\tPapo de blogueiro: como ter um blog de sucesso, e por que usar WordPress \u00e9 um dos passos pra isso.\t\t\t\t<\/h2>\n\n\t\t\t\t<div class=\"wcorg-session-description\">\n\t\t\t\t\t\t\t\t\t\t<p class=\"wcpt-session-meta\">Apresentado por <a href=\"http:\/\/profiles.wordpress.org\/diegocvmoreira\/\">Diego Moreira<\/a> em Drag\u00e3o do Mar.<\/p>\t\t\t\t\t<img alt='' src='https:\/\/secure.gravatar.com\/avatar\/edb6a9da959da5ac3aba59a3ceccadcf7ca4195168ebf4070c0a136ed017e1e3?s=100&#038;d=mm&#038;r=g' class='avatar avatar-100 photo' height='100' width='100' \/>\t\t\t\t\t<p>A palestra aborda estrat\u00e9gias de como ganhar e fidelizar leitores, e interagir com os mesmos. Trata tamb\u00e9m de como ter um bom conte\u00fado, como deixar o leitor interessado, e como o wordpress facilita a realizar todas essas tarefas.<\/p>\n\n\t\t\t\t\t\t\t\t\t<\/div>\n\t\t\t<\/div>\n\n\t\t\n\t\t\t<div id=\"wcorg-session-570\" class=\"wcorg-session\" >\n\t\t\t\t<h2>\n\t\t\t\t\tPor que devo aprender JavaScript?\t\t\t\t<\/h2>\n\n\t\t\t\t<div class=\"wcorg-session-description\">\n\t\t\t\t\t\t\t\t\t\t<p class=\"wcpt-session-meta\">Apresentado por <a href=\"http:\/\/profiles.wordpress.org\/breno-alves\/\">Breno Alves<\/a> em Jos\u00e9 de Alencar.<\/p>\t\t\t\t\t<img alt='' src='https:\/\/secure.gravatar.com\/avatar\/d5db0cf4c28a2301cfaa2c215242906fcae87bc265c27a452207f1703e383197?s=100&#038;d=mm&#038;r=g' class='avatar avatar-100 photo' height='100' width='100' \/>\t\t\t\t\t<p>O mundo e as tecnologias est\u00e3o evoluindo e sem d\u00favidas o JavaScript vem tomando conta de uma boa fatia do mercado atual. E n\u00e3o se engane pois o WordPress n\u00e3o vai ficar de fora dessa!<\/p>\n<p>Nessa palestra vou te mostrar porque voc\u00ea deve aprender JavaScript pra ontem!<\/p>\n<p>Voc\u00ea ver\u00e1 tudo que est\u00e1 sendo feito hoje e o que vem sendo pesquisado para o amanh\u00e3 em rela\u00e7\u00e3o ao WordPress.<\/p>\n\n\t\t\t\t\t\t\t\t\t<\/div>\n\t\t\t<\/div>\n\n\t\t\n\t\t\t<div id=\"wcorg-session-561\" class=\"wcorg-session\" >\n\t\t\t\t<h2>\n\t\t\t\t\tProgramando com PHP enquanto come Rapadura\t\t\t\t<\/h2>\n\n\t\t\t\t<div class=\"wcorg-session-description\">\n\t\t\t\t\t\t\t\t\t\t<p class=\"wcpt-session-meta\">Apresentado por <a href=\"http:\/\/profiles.wordpress.org\/alessandrofeitoza\/\">Alessandro Feitoza<\/a> em Mercado Central.<\/p>\t\t\t\t\t<img alt='' src='https:\/\/secure.gravatar.com\/avatar\/254646443bbe2d53bfa6bf1843a58a0ccd8f7d8f6a0444fd3bd463821db419c2?s=100&#038;d=mm&#038;r=g' class='avatar avatar-100 photo' height='100' width='100' \/>\t\t\t\t\t<p>Oficina introdut\u00f3ria para iniciar o desenvolvimento de aplica\u00e7\u00f5es web utilizando a linguagem de programa\u00e7\u00e3o livre PHP. Veremos sua sintaxe e suas cara cter\u00edsticas principais, o que faz a linguagem ser t\u00e3o popular quanto \u00e9. Estruturas de Controle, Fun\u00e7\u00f5es Nativas, Estruturas de Dados, Intera\u00e7\u00e3o com HTML, essas e muitas outras coisas ser\u00e3o vistas e revistas para um aprendizado interessante e arretado. Ao t\u00e9rmino da oficina os participantes poder\u00e3o facilmente entender c\u00f3digos PHP e criar pequenas aplica\u00e7\u00f5es Web. Durante a Oficina criaremos uma aplica\u00e7\u00e3o usando PHP, Bootstrap, e MySQL.<\/p>\n\n\t\t\t\t\t\t\t\t\t<\/div>\n\t\t\t<\/div>\n\n\t\t\n\t\t\t<div id=\"wcorg-session-541\" class=\"wcorg-session\" >\n\t\t\t\t<h2>\n\t\t\t\t\tSuperando Barreiras com o WordPress\t\t\t\t<\/h2>\n\n\t\t\t\t<div class=\"wcorg-session-description\">\n\t\t\t\t\t\t\t\t\t\t<p class=\"wcpt-session-meta\">Apresentado por <a href=\"http:\/\/profiles.wordpress.org\/taotiago\/\">Tiago Pires<\/a> em Drag\u00e3o do Mar.<\/p>\t\t\t\t\t<img alt='' src='https:\/\/secure.gravatar.com\/avatar\/ed496855e8b27107eb127342a862df2c1198cd83cbcc6c93736a487dd07e7e66?s=100&#038;d=mm&#038;r=g' class='avatar avatar-100 photo' height='100' width='100' \/>\t\t\t\t\t<p>O objetivo dessa palestra para iniciantes \u00e9 demitificar esse poderoso gerenciador de conte\u00fado. Ser\u00e1 abordado t\u00f3picos sobre o que \u00e9 o WordPress, mercado em que o WP est\u00e1 inserido, possibilidades que a plataforma oferece, vantagens no uso do sistema e desmitificado id\u00e9ias err\u00f4neas sobre o WordPress.<\/p>\n\n\t\t\t\t\t\t\t\t\t<\/div>\n\t\t\t<\/div>\n\n\t\t\n\t\t\t<div id=\"wcorg-session-568\" class=\"wcorg-session\" >\n\t\t\t\t<h2>\n\t\t\t\t\tSweet Child O\u2019 Themes\t\t\t\t<\/h2>\n\n\t\t\t\t<div class=\"wcorg-session-description\">\n\t\t\t\t\t\t\t\t\t\t<p class=\"wcpt-session-meta\">Apresentado por <a href=\"http:\/\/profiles.wordpress.org\/breno-alves\/\">Breno Alves<\/a> em Jos\u00e9 de Alencar.<\/p>\t\t\t\t\t<img alt='' src='https:\/\/secure.gravatar.com\/avatar\/d5db0cf4c28a2301cfaa2c215242906fcae87bc265c27a452207f1703e383197?s=100&#038;d=mm&#038;r=g' class='avatar avatar-100 photo' height='100' width='100' \/>\t\t\t\t\t<p>Voc\u00ea sabe o que s\u00e3o Child Themes? Se voc\u00ea est\u00e1 come\u00e7ando, eles podem ser uma \u00f3tima forma de aprender a desenvolver temas. Mas se voc\u00ea for experiente, saber us\u00e1-los pode salvar sua vida e economizar seu tempo!<\/p>\n\n\t\t\t\t\t\t\t\t\t<\/div>\n\t\t\t<\/div>\n\n\t\t\n\t\t\t<div id=\"wcorg-session-521\" class=\"wcorg-session\" >\n\t\t\t\t<h2>\n\t\t\t\t\ttAPIoca com WooCommerce!\t\t\t\t<\/h2>\n\n\t\t\t\t<div class=\"wcorg-session-description\">\n\t\t\t\t\t\t\t\t\t\t<p class=\"wcpt-session-meta\">Apresentado por <a href=\"http:\/\/profiles.wordpress.org\/viniciuslourenco\/\">Vin\u00ed\u00adcius Louren\u00e7o<\/a> em Mercado Central.<\/p>\t\t\t\t\t<img alt='' src='https:\/\/secure.gravatar.com\/avatar\/f4e9c9d7c97e99ee9bfc53f96668d5d119d87d9c3a6612fadbf19fd0d604d2f2?s=100&#038;d=mm&#038;r=g' class='avatar avatar-100 photo' height='100' width='100' \/>\t\t\t\t\t<p>tAPIoca com WooCommerce, o t\u00edtulo brinca com a palavra tapioca referindo-se a API, mas exemplifica bem a proposta da palestra.<br \/>\nNesta lightning talk vou abordar a import\u00e2ncia de ler e entender a API do plugin, o modo WordPress de pensar (ganchos e filtros) trazendo casos de uso e experi\u00eancia de que a estrutura cont\u00e9m diversas fun\u00e7\u00f5es prontas e que d\u00e1 pra fazer tudo ou praticamente tudo quando se sabe procurar e trabalhar com sua documenta\u00e7\u00e3o.<\/p>\n\n\t\t\t\t\t\t\t\t\t<\/div>\n\t\t\t<\/div>\n\n\t\t\n\t\t\t<div id=\"wcorg-session-552\" class=\"wcorg-session\" >\n\t\t\t\t<h2>\n\t\t\t\t\tUpando a gest\u00e3o de conte\u00fado do WP com o Advanced Custom Field\t\t\t\t<\/h2>\n\n\t\t\t\t<div class=\"wcorg-session-description\">\n\t\t\t\t\t\t\t\t\t\t<p class=\"wcpt-session-meta\">Apresentado por <a href=\"http:\/\/profiles.wordpress.org\/danilonobre\/\">Danilo Nobre<\/a> em Drag\u00e3o do Mar.<\/p>\t\t\t\t\t<img alt='' src='https:\/\/secure.gravatar.com\/avatar\/17cc27439c6b752ee7b18f35df444e71ac33228779ea38a494e0f25149d1c225?s=100&#038;d=mm&#038;r=g' class='avatar avatar-100 photo' height='100' width='100' \/>\t\t\t\t\t<p>A ideia \u00e9 mostrar o quanto o plugin Advanced Custom Field eleva a pot\u00eancia da gest\u00e3o de conte\u00fado do WordPress ao extremo, trazendo uma excelente experi\u00eancia do usu\u00e1rio back-end como tamb\u00e9m possibilitando a utiliza\u00e7\u00e3o desses conte\u00fados de forma flex\u00edvel para o usu\u00e1rio front-end.<\/p>\n<p>Quero expor a import\u00e2ncia do ACF no fluxo de desenvolvimento dos projetos WP da Bleez, tanto na perspectiva de neg\u00f3cios, de design e de desenvolvimento.<\/p>\n<p>A palestra come\u00e7aria mostrando como que funciona os custom fields nativos do WP, pra em seguida mostrar as features do ACF junto da aplica\u00e7\u00e3o das principais features nos projetos da Bleez.<\/p>\n\n\t\t\t\t\t\t\t\t\t<\/div>\n\t\t\t<\/div>\n\n\t\t\n\t\t\t<div id=\"wcorg-session-518\" class=\"wcorg-session\" >\n\t\t\t\t<h2>\n\t\t\t\t\tUtilizando o customizer e widgets para criar home pages vivas\t\t\t\t<\/h2>\n\n\t\t\t\t<div class=\"wcorg-session-description\">\n\t\t\t\t\t\t\t\t\t\t<p class=\"wcpt-session-meta\">Apresentado por <a href=\"http:\/\/profiles.wordpress.org\/leobaiano\/\">Leo Baiano<\/a> em Jos\u00e9 de Alencar.<\/p>\t\t\t\t\t<img alt='' src='https:\/\/secure.gravatar.com\/avatar\/7b21aae922d322c886765765d74a4181eb71106e6cb2377cd38c13bded206392?s=100&#038;d=mm&#038;r=g' class='avatar avatar-100 photo' height='100' width='100' \/>\t\t\t\t\t<p>Home viva \u00e9 aquela em que o desenho da interface e a gest\u00e3o do conte\u00fado s\u00e3o integradas e altamente customiz\u00e1veis permitindo \u00e0 equipe de editores ampla liberdade para criar conte\u00fados com diferentes estruturas visuais.<\/p>\n<p>Nesta apresenta\u00e7\u00e3o vamos demonstrar como funciona o processo de cria\u00e7\u00e3o gr\u00e1fica e o desenvolvimento do sistema utilizando o customizer e criando de widgets que permitem \u00e0 equipe de conte\u00fado atualizar a p\u00e1gina inicial em tempo real, e ainda, com a integra\u00e7\u00e3o do google analytics, avaliar quais estruturas visuais d\u00e3o os melhores resultados.<\/p>\n\n\t\t\t\t\t\t\t\t\t<\/div>\n\t\t\t<\/div>\n\n\t\t\n\t\t\t<div id=\"wcorg-session-527\" class=\"wcorg-session\" >\n\t\t\t\t<h2>\n\t\t\t\t\tVoc\u00ea realmente sabe desenvolver seus sites em WordPress?\t\t\t\t<\/h2>\n\n\t\t\t\t<div class=\"wcorg-session-description\">\n\t\t\t\t\t\t\t\t\t\t<p class=\"wcpt-session-meta\">Apresentado por <a href=\"http:\/\/profiles.wordpress.org\/ted_k\/\">Ted k&#8217;<\/a> em Jos\u00e9 de Alencar.<\/p>\t\t\t\t\t<img alt='' src='https:\/\/secure.gravatar.com\/avatar\/b0aeafd05ba967dd6955116150c4d7d95a505e75698248a476be8aa5891d22e2?s=100&#038;d=mm&#038;r=g' class='avatar avatar-100 photo' height='100' width='100' \/>\t\t\t\t\t<p>&#8220;- A sim, eu sei &#8216;programar para WordPress'&#8221;! Parab\u00e9ns, voc\u00ea falou isso certo. SQN! Vou mostrar como iniciei no WordPress, desafios que tive e tudo que h\u00e1 de novo no WordPress. Mas n\u00e3o para por ai. Sai de desenvolvedor para gestor de equipe e hoje tenho uma grande equipe pelo Brasil a fora desenvolvendo os sites em WordPress.<\/p>\n\n\t\t\t\t\t\t\t\t\t<\/div>\n\t\t\t<\/div>\n\n\t\t\n\t\t\t<div id=\"wcorg-session-763\" class=\"wcorg-session\" >\n\t\t\t\t<h2>\n\t\t\t\t\tWordPress + JavaScript = Sucesso\t\t\t\t<\/h2>\n\n\t\t\t\t<div class=\"wcorg-session-description\">\n\t\t\t\t\t\t\t\t\t\t<p class=\"wcpt-session-meta\">Apresentado por <a href=\"http:\/\/profiles.wordpress.org\/loureirao\/\">Matheus Loureiro<\/a> em Jos\u00e9 de Alencar.<\/p>\t\t\t\t\t<img alt='' src='https:\/\/secure.gravatar.com\/avatar\/f0b2294ba798cb88ee39cb1e61b2107c9ec3ac2c4a4d772f9d04f8a85f5e876c?s=100&#038;d=mm&#038;r=g' class='avatar avatar-100 photo' height='100' width='100' \/>\t\t\t\t\t<p>Voc\u00ea sabe quais as possibilidades quando utilizamos WordPress + JavaScript? N\u00e3o? Ent\u00e3o aguardo voc\u00ea nesta palestra. Falarei o que h\u00e1 de mais recente neste nicho e demonstrarei algumas poss\u00edveis possibilidades que voc\u00ea poder\u00e1 implantar no seu pr\u00f3ximo trabalho, al\u00e9m de dicas e espa\u00e7o para tirarmos d\u00favidas\u2026 Garanto que ser\u00e1 bem descontra\u00eddo e bastante produtivo. Aguardo voc\u00ea l\u00e1!<\/p>\n\n\t\t\t\t\t\t\t\t\t<\/div>\n\t\t\t<\/div>\n\n\t\t\n\t\t\t<div id=\"wcorg-session-573\" class=\"wcorg-session\" >\n\t\t\t\t<h2>\n\t\t\t\t\tWordPress e PHP 7\t\t\t\t<\/h2>\n\n\t\t\t\t<div class=\"wcorg-session-description\">\n\t\t\t\t\t\t\t\t\t\t<p class=\"wcpt-session-meta\">Apresentado por <a href=\"http:\/\/profiles.wordpress.org\/dorianneto\/\">Dorian Neto<\/a> em Jos\u00e9 de Alencar.<\/p>\t\t\t\t\t<img alt='' src='https:\/\/secure.gravatar.com\/avatar\/f7b16833e5e5ffdccdfde090972cf7be9efea553d40609a4937eb76b74543006?s=100&#038;d=mm&#038;r=g' class='avatar avatar-100 photo' height='100' width='100' \/>\t\t\t\t\t<p>Esse ano deu o que falar com o lan\u00e7amento do t\u00e3o aguardado PHP 7, e junto com ele vieram v\u00e1rios questionamentos a respeito da migra\u00e7\u00e3o das aplica\u00e7\u00f5es rodando com vers\u00f5es abaixo. Esse questionamento ainda \u00e9 maior quando falamos de um software robusto como o wordpress e que normalmente se utiliza v\u00e1rios plugins que dependem de vers\u00f5es extremamente est\u00e1veis do software e da linguagem.<\/p>\n<p>Veja o que h\u00e1 de novidades nessa nova vers\u00e3o do PHP, o que voc\u00ea pode encontrar de obst\u00e1culos na migra\u00e7\u00e3o da sua aplica\u00e7\u00e3o, quais extens\u00f5es foram removidas, incompatibilidades com vers\u00f5es anteriores etc e ainda vamos falar sobre as RFC&#8217;s do PHP 7.1!<\/p>\n\n\t\t\t\t\t\t\t\t\t<\/div>\n\t\t\t<\/div>\n\n\t\t\n\t\t\t<div id=\"wcorg-session-469\" class=\"wcorg-session\" >\n\t\t\t\t<h2>\n\t\t\t\t\tWordPress na vida do Social Media\t\t\t\t<\/h2>\n\n\t\t\t\t<div class=\"wcorg-session-description\">\n\t\t\t\t\t\t\t\t\t\t<p class=\"wcpt-session-meta\">Apresentado por <a href=\"http:\/\/profiles.wordpress.org\/erikakariris\/\">erikakariris<\/a> em Drag\u00e3o do Mar.<\/p>\t\t\t\t\t<img alt='' src='https:\/\/secure.gravatar.com\/avatar\/8b680259037226f4b2951b6ceb17d4afacd4e027cd3df8e1064e76ebd812b534?s=100&#038;d=mm&#038;r=g' class='avatar avatar-100 photo' height='100' width='100' \/>\t\t\t\t\t<p>A vida do Social Media fica sempre mais quando o dialogo com o desenvolvedor consegue fluir. Vamos falar sobre ferramentas do WP que contribui com a melhor performance do trabalho nas redes sociais como: Yoast SEO, Jetpack e outros.<\/p>\n\n\t\t\t\t\t\t\t\t\t<\/div>\n\t\t\t<\/div>\n\n\t\t\n\t\t\t<div id=\"wcorg-session-413\" class=\"wcorg-session\" >\n\t\t\t\t<h2>\n\t\t\t\t\tWorkShop: Aprenda a criar lojas virtuais com o WooCommerce.\t\t\t\t<\/h2>\n\n\t\t\t\t<div class=\"wcorg-session-description\">\n\t\t\t\t\t\t\t\t\t\t<p class=\"wcpt-session-meta\">Apresentado por <a href=\"http:\/\/profiles.wordpress.org\/claudiosanches\/\">Claudio Sanches<\/a> em Mercado Central.<\/p>\t\t\t\t\t<img alt='' src='https:\/\/secure.gravatar.com\/avatar\/6ab7473fe788ee8fb9e2899fd2964a7abafa90f73505ed70dbd0f31c955e8d71?s=100&#038;d=mm&#038;r=g' class='avatar avatar-100 photo' height='100' width='100' \/>\t\t\t\t\t<p>Aprenda como criar uma loja virtual passo a passo com o WooCommerce, desde a instala\u00e7\u00e3o e configura\u00e7\u00e3o gerais, cria\u00e7\u00e3o de produtos e at\u00e9 desenvolver e editar temas.<\/p>\n\n\t\t\t\t\t\t\t\t\t<\/div>\n\t\t\t<\/div>\n\n\t\t\n\t\t\t<div id=\"wcorg-session-673\" class=\"wcorg-session\" >\n\t\t\t\t<h2>\n\t\t\t\t\tWorkShop: Aprenda a criar lojas virtuais com o WooCommerce.\t\t\t\t<\/h2>\n\n\t\t\t\t<div class=\"wcorg-session-description\">\n\t\t\t\t\t\t\t\t\t\t<p class=\"wcpt-session-meta\">Apresentado por <a href=\"http:\/\/profiles.wordpress.org\/claudiosanches\/\">Claudio Sanches<\/a> em Mercado Central.<\/p>\t\t\t\t\t<img alt='' src='https:\/\/secure.gravatar.com\/avatar\/6ab7473fe788ee8fb9e2899fd2964a7abafa90f73505ed70dbd0f31c955e8d71?s=100&#038;d=mm&#038;r=g' class='avatar avatar-100 photo' height='100' width='100' \/>\t\t\t\t\t\n\t\t\t\t\t\t\t\t\t<\/div>\n\t\t\t<\/div>\n\n\t\t\n\t\t\t<div id=\"wcorg-session-685\" class=\"wcorg-session\" >\n\t\t\t\t<h2>\n\t\t\t\t\tWorkShop: Aprenda a criar lojas virtuais com o WooCommerce.\t\t\t\t<\/h2>\n\n\t\t\t\t<div class=\"wcorg-session-description\">\n\t\t\t\t\t\t\t\t\t\t<p class=\"wcpt-session-meta\">Apresentado por <a href=\"http:\/\/profiles.wordpress.org\/claudiosanches\/\">Claudio Sanches<\/a> em Mercado Central.<\/p>\t\t\t\t\t<img alt='' src='https:\/\/secure.gravatar.com\/avatar\/6ab7473fe788ee8fb9e2899fd2964a7abafa90f73505ed70dbd0f31c955e8d71?s=100&#038;d=mm&#038;r=g' class='avatar avatar-100 photo' height='100' width='100' \/>\t\t\t\t\t\n\t\t\t\t\t\t\t\t\t<\/div>\n\t\t\t<\/div>\n\n\t\t\n\t\t\t<div id=\"wcorg-session-687\" class=\"wcorg-session\" >\n\t\t\t\t<h2>\n\t\t\t\t\tWorkShop: Aprenda a criar lojas virtuais com o WooCommerce.\t\t\t\t<\/h2>\n\n\t\t\t\t<div class=\"wcorg-session-description\">\n\t\t\t\t\t\t\t\t\t\t<p class=\"wcpt-session-meta\">Apresentado por <a href=\"http:\/\/profiles.wordpress.org\/claudiosanches\/\">Claudio Sanches<\/a> em Mercado Central.<\/p>\t\t\t\t\t<img alt='' src='https:\/\/secure.gravatar.com\/avatar\/6ab7473fe788ee8fb9e2899fd2964a7abafa90f73505ed70dbd0f31c955e8d71?s=100&#038;d=mm&#038;r=g' class='avatar avatar-100 photo' height='100' width='100' \/>\t\t\t\t\t\n\t\t\t\t\t\t\t\t\t<\/div>\n\t\t\t<\/div>\n\n\t\t\t<\/div><!-- .wcorg-sessions -->\n\n\t\n","protected":false},"excerpt":{"rendered":"<p>Veja aqui todas as palestras e oficinas com seus respectivos locais no FBIdeias e facilitadores.<\/p>\n","protected":false},"author":10023711,"featured_media":0,"parent":0,"menu_order":0,"comment_status":"closed","ping_status":"closed","template":"","meta":{"_crdt_document":"","jetpack_post_was_ever_published":false,"footnotes":""},"class_list":["post-9","page","type-page","status-publish","hentry"],"jetpack_sharing_enabled":true,"jetpack_shortlink":"https:\/\/wp.me\/P7nbJR-9","jetpack_likes_enabled":true,"_links":{"self":[{"href":"https:\/\/fortaleza.wordcamp.org\/2016\/wp-json\/wp\/v2\/pages\/9","targetHints":{"allow":["GET"]}}],"collection":[{"href":"https:\/\/fortaleza.wordcamp.org\/2016\/wp-json\/wp\/v2\/pages"}],"about":[{"href":"https:\/\/fortaleza.wordcamp.org\/2016\/wp-json\/wp\/v2\/types\/page"}],"author":[{"embeddable":true,"href":"https:\/\/fortaleza.wordcamp.org\/2016\/wp-json\/wp\/v2\/users\/10023711"}],"replies":[{"embeddable":true,"href":"https:\/\/fortaleza.wordcamp.org\/2016\/wp-json\/wp\/v2\/comments?post=9"}],"version-history":[{"count":9,"href":"https:\/\/fortaleza.wordcamp.org\/2016\/wp-json\/wp\/v2\/pages\/9\/revisions"}],"predecessor-version":[{"id":925,"href":"https:\/\/fortaleza.wordcamp.org\/2016\/wp-json\/wp\/v2\/pages\/9\/revisions\/925"}],"wp:attachment":[{"href":"https:\/\/fortaleza.wordcamp.org\/2016\/wp-json\/wp\/v2\/media?parent=9"}],"curies":[{"name":"wp","href":"https:\/\/api.w.org\/{rel}","templated":true}]}}